{"id":19820,"date":"2026-03-10T09:00:53","date_gmt":"2026-03-10T09:00:53","guid":{"rendered":"https:\/\/mitjornmotorent.com\/?page_id=19820"},"modified":"2026-04-17T11:58:43","modified_gmt":"2026-04-17T11:58:43","slug":"biciclette-elettriche","status":"publish","type":"page","link":"https:\/\/mitjornmotorent.com\/it\/biciclette-elettriche\/","title":{"rendered":"Biciclette elettriche"},"content":{"rendered":"\t\t<div data-elementor-type=\"wp-page\" data-elementor-id=\"19820\" class=\"elementor elementor-19820 elementor-19712\" data-elementor-post-type=\"page\">\n\t\t\t\t<div class=\"elementor-element elementor-element-6f12994 e-flex e-con-boxed e-con e-parent\" data-id=\"6f12994\" data-element_type=\"container\" data-e-type=\"container\" data-settings=\"{&quot;background_background&quot;:&quot;classic&quot;}\">\n\t\t\t\t\t<div class=\"e-con-inner\">\n\t\t\t\t<div class=\"elementor-element elementor-element-b76ba4d elementor-widget elementor-widget-tripgo_elementor_header_banner\" data-id=\"b76ba4d\" data-element_type=\"widget\" data-e-type=\"widget\" data-widget_type=\"tripgo_elementor_header_banner.default\">\n\t\t\t\t<div class=\"elementor-widget-container\">\n\t\t\t\t\t\t\t \t<!-- Display when you choose background per Post -->\n\t\t \t<div class=\"wrap_header_banner  center \"  >\n\n\t\t \t\t\t\t\t \t\n\t\t\t\t \t<div class=\"cover_color\"><\/div>\n\n\t\t\t\t\t<div class=\"header_banner_el \">\n\t\t\t\t\t\t\n\t\t\t\t\t\t\t\t\t\t\t\t\t\n\t\t\t\t\t\t\t\n\t\t\t\t\t\t\t\t\t\t\t\t\t\t<h1 class=\" header_title\">\n\t\t\t\t\t\t\t\t\t\t\t\t\t\t\t<\/h1>\n\t\t\t\t\t\t\t\t\n\t\t\t\t\t\t\n\n\t\t\t\t\t\t\n\t\t\t\t\t<\/div>\n\n\t\t\t\t\n\t\t\t<\/div>\n\t\t\t\t\t\t<\/div>\n\t\t\t\t<\/div>\n\t\t\t\t<div class=\"elementor-element elementor-element-2e380e3 elementor-widget elementor-widget-spacer\" data-id=\"2e380e3\" data-element_type=\"widget\" data-e-type=\"widget\" id=\"motor-busqueda\" data-widget_type=\"spacer.default\">\n\t\t\t\t<div class=\"elementor-widget-container\">\n\t\t\t\t\t\t\t<div class=\"elementor-spacer\">\n\t\t\t<div class=\"elementor-spacer-inner\"><\/div>\n\t\t<\/div>\n\t\t\t\t\t\t<\/div>\n\t\t\t\t<\/div>\n\t\t\t\t\t<\/div>\n\t\t\t\t<\/div>\n\t\t<div class=\"elementor-element elementor-element-cdbb52f e-flex e-con-boxed e-con e-parent\" data-id=\"cdbb52f\" data-element_type=\"container\" data-e-type=\"container\">\n\t\t\t\t\t<div class=\"e-con-inner\">\n\t\t\t\t<div class=\"elementor-element elementor-element-f8845c1 elementor-widget elementor-widget-shortcode\" data-id=\"f8845c1\" data-element_type=\"widget\" data-e-type=\"widget\" data-widget_type=\"shortcode.default\">\n\t\t\t\t<div class=\"elementor-widget-container\">\n\t\t\t\t\t\t\t<div class=\"elementor-shortcode\">\n<section class=\"mybooking mybooking-selector widget widget_mybooking_renting_engine_selector reservation-step  \">\n  <form\n    id=\"form-selector\"\n    class=\"mybooking-selector_form\"\n    name=\"widget_search_form\"\n    method=\"get\"\n    enctype=\"application\/x-www-form-urlencoded\">\n\n    \n          <input type=\"hidden\" name=\"family_id\" value=\"34\"\/>\n      <input type=\"hidden\" name=\"engine_fixed_family\" value=\"true\"\/>\n    \n    \n    \n      <\/form>\n<\/section>\n<\/div>\n\t\t\t\t\t\t<\/div>\n\t\t\t\t<\/div>\n\t\t\t\t\t<\/div>\n\t\t\t\t<\/div>\n\t\t<div class=\"elementor-element elementor-element-a01cbc5 e-flex e-con-boxed e-con e-parent\" data-id=\"a01cbc5\" data-element_type=\"container\" data-e-type=\"container\">\n\t\t\t\t\t<div class=\"e-con-inner\">\n\t\t\t\t<div class=\"elementor-element elementor-element-779977f elementor-widget elementor-widget-spacer\" data-id=\"779977f\" data-element_type=\"widget\" data-e-type=\"widget\" data-widget_type=\"spacer.default\">\n\t\t\t\t<div class=\"elementor-widget-container\">\n\t\t\t\t\t\t\t<div class=\"elementor-spacer\">\n\t\t\t<div class=\"elementor-spacer-inner\"><\/div>\n\t\t<\/div>\n\t\t\t\t\t\t<\/div>\n\t\t\t\t<\/div>\n\t\t\t\t\t<\/div>\n\t\t\t\t<\/div>\n\t\t<div class=\"elementor-element elementor-element-4f0c55e alquila-moto e-flex e-con-boxed e-con e-parent\" data-id=\"4f0c55e\" data-element_type=\"container\" data-e-type=\"container\">\n\t\t\t\t\t<div class=\"e-con-inner\">\n\t\t\t\t<div class=\"elementor-element elementor-element-459a9f6 texto-rojo elementor-widget elementor-widget-tripgo_elementor_heading\" data-id=\"459a9f6\" data-element_type=\"widget\" data-e-type=\"widget\" data-widget_type=\"tripgo_elementor_heading.default\">\n\t\t\t\t<div class=\"elementor-widget-container\">\n\t\t\t\t\t\t\t<div class=\"ova-title\">\n\n\t\t\t\n\t\t\t\t\t\t\t\n\t\t\t\t\t<h1 class=\"title\">Noleggio di biciclette elettriche a Formentera<\/h1>\n\t\t\t\t\t\t\t\n\t\t\t\n\t\t<\/div> \n\t\t \t\n\t\t\t\t\t\t<\/div>\n\t\t\t\t<\/div>\n\t\t\t\t<div class=\"elementor-element elementor-element-6d0fb59 titulo-h2 espacio-description elementor-widget elementor-widget-tripgo_elementor_heading\" data-id=\"6d0fb59\" data-element_type=\"widget\" data-e-type=\"widget\" data-widget_type=\"tripgo_elementor_heading.default\">\n\t\t\t\t<div class=\"elementor-widget-container\">\n\t\t\t\t\t\t\t<div class=\"ova-title\">\n\n\t\t\t\n\t\t\t\t\t\t\t\n\t\t\t\t\t<p class=\"title\">BICICLETTE ELETTRICHE, IDEALI PER SCOPRIRE L\u2019ISOLA<\/p>\n\t\t\t\t\t\t\t\n\t\t\t\t\t\t\t<p class=\"description\">Se vuoi scoprire l\u2019isola in modo comodo, silenzioso e pi\u00f9 sostenibile, noleggiare una bicicletta elettrica a Formentera \u00e8 un\u2019ottima scelta. Le biciclette elettriche sono perfette per spostarsi in tutta tranquillit\u00e0, godersi il paesaggio e adattarsi al ritmo naturale di un\u2019isola pensata per tragitti brevi e piacevoli.\n\nSu un\u2019isola dove le distanze sono ridotte, una bicicletta elettrica ti permette di muoverti facilmente tra spiagge, ristoranti, mercati e paesi senza preoccuparti di lunghi percorsi. Da La Savina a Migjorn, Es Pujols o El Pilar, potrai raggiungere qualsiasi punto in totale comodit\u00e0.<\/p>\n\t\t\t\n\t\t<\/div> \n\t\t \t\n\t\t\t\t\t\t<\/div>\n\t\t\t\t<\/div>\n\t\t\t\t<div class=\"elementor-element elementor-element-d9cd60a elementor-align-center leer-mas icono-amarillo texto-rojo elementor-button-info elementor-widget elementor-widget-button\" data-id=\"d9cd60a\" data-element_type=\"widget\" data-e-type=\"widget\" data-widget_type=\"button.default\">\n\t\t\t\t<div class=\"elementor-widget-container\">\n\t\t\t\t\t\t\t\t\t<div class=\"elementor-button-wrapper\">\n\t\t\t\t\t<a class=\"elementor-button elementor-size-sm\" role=\"button\">\n\t\t\t\t\t\t<span class=\"elementor-button-content-wrapper\">\n\t\t\t\t\t\t<span class=\"elementor-button-icon\">\n\t\t\t\t<svg aria-hidden=\"true\" class=\"e-font-icon-svg e-fas-chevron-down\" viewBox=\"0 0 448 512\" xmlns=\"http:\/\/www.w3.org\/2000\/svg\"><path d=\"M207.029 381.476L12.686 187.132c-9.373-9.373-9.373-24.569 0-33.941l22.667-22.667c9.357-9.357 24.522-9.375 33.901-.04L224 284.505l154.745-154.021c9.379-9.335 24.544-9.317 33.901.04l22.667 22.667c9.373 9.373 9.373 24.569 0 33.941L240.971 381.476c-9.373 9.372-24.569 9.372-33.942 0z\"><\/path><\/svg>\t\t\t<\/span>\n\t\t\t\t\t\t\t\t\t<span class=\"elementor-button-text\">Per saperne di pi\u00f9<\/span>\n\t\t\t\t\t<\/span>\n\t\t\t\t\t<\/a>\n\t\t\t\t<\/div>\n\t\t\t\t\t\t\t\t<\/div>\n\t\t\t\t<\/div>\n\t\t\t\t<div class=\"elementor-element elementor-element-784b91d texto-rojo titulo-h2 objeto-oculto elementor-widget elementor-widget-tripgo_elementor_heading\" data-id=\"784b91d\" data-element_type=\"widget\" data-e-type=\"widget\" data-widget_type=\"tripgo_elementor_heading.default\">\n\t\t\t\t<div class=\"elementor-widget-container\">\n\t\t\t\t\t\t\t<div class=\"ova-title\">\n\n\t\t\t\n\t\t\t\t\t\t\t\n\t\t\t\t\t<h2 class=\"title\">Biciclette elettriche a noleggio per scoprire Formentera con il massimo comfort<\/h2>\n\t\t\t\t\t\t\t\n\t\t\t\t\t\t\t<p class=\"description\">Da MOTO RENT MITJORN offriamo biciclette elettriche ideali per chi cerca un modo pratico, moderno ed efficiente di spostarsi. Sono facili da usare, comode da parcheggiare e perfette per godersi Formentera in totale libert\u00e0.\n\nOltre a favorire una mobilit\u00e0 pi\u00f9 responsabile, offrono un\u2019esperienza di guida molto piacevole, soprattutto su strade tranquille o percorsi vicini alle principali calette dell\u2019isola.\n\nCon assistenza stradale e la possibilit\u00e0 di aggiungere un\u2019assicurazione, dovrai solo pensare a goderti il viaggio. Prenota online la tua bicicletta elettrica e approfitta delle nostre migliori offerte con autonomia adattata alle tue esigenze.<\/p>\n\t\t\t\n\t\t<\/div> \n\t\t \t\n\t\t\t\t\t\t<\/div>\n\t\t\t\t<\/div>\n\t\t\t\t<div class=\"elementor-element elementor-element-62ccd93 elementor-align-center texto-rojo leer-menos objeto-oculto elementor-button-info elementor-widget__width-initial elementor-widget-mobile__width-inherit elementor-widget elementor-widget-button\" data-id=\"62ccd93\" data-element_type=\"widget\" data-e-type=\"widget\" data-widget_type=\"button.default\">\n\t\t\t\t<div class=\"elementor-widget-container\">\n\t\t\t\t\t\t\t\t\t<div class=\"elementor-button-wrapper\">\n\t\t\t\t\t<a class=\"elementor-button elementor-size-sm\" role=\"button\">\n\t\t\t\t\t\t<span class=\"elementor-button-content-wrapper\">\n\t\t\t\t\t\t<span class=\"elementor-button-icon\">\n\t\t\t\t<svg aria-hidden=\"true\" class=\"e-font-icon-svg e-fas-chevron-up\" viewBox=\"0 0 448 512\" xmlns=\"http:\/\/www.w3.org\/2000\/svg\"><path d=\"M240.971 130.524l194.343 194.343c9.373 9.373 9.373 24.569 0 33.941l-22.667 22.667c-9.357 9.357-24.522 9.375-33.901.04L224 227.495 69.255 381.516c-9.379 9.335-24.544 9.317-33.901-.04l-22.667-22.667c-9.373-9.373-9.373-24.569 0-33.941L207.03 130.525c9.372-9.373 24.568-9.373 33.941-.001z\"><\/path><\/svg>\t\t\t<\/span>\n\t\t\t\t\t\t\t\t\t<span class=\"elementor-button-text\">leer menos<\/span>\n\t\t\t\t\t<\/span>\n\t\t\t\t\t<\/a>\n\t\t\t\t<\/div>\n\t\t\t\t\t\t\t\t<\/div>\n\t\t\t\t<\/div>\n\t\t\t\t\t<\/div>\n\t\t\t\t<\/div>\n\t\t<div class=\"elementor-element elementor-element-9562042 e-flex e-con-boxed e-con e-parent\" data-id=\"9562042\" data-element_type=\"container\" data-e-type=\"container\">\n\t\t\t\t\t<div class=\"e-con-inner\">\n\t\t\t\t<div class=\"woocommerce elementor-element elementor-element-fcb28e2 elementor-grid-3 elementor-grid-tablet-2 elementor-grid-mobile-1 elementor-widget elementor-widget-loop-grid\" data-id=\"fcb28e2\" data-element_type=\"widget\" data-e-type=\"widget\" data-settings=\"{&quot;_skin&quot;:&quot;product&quot;,&quot;template_id&quot;:17911,&quot;columns&quot;:&quot;3&quot;,&quot;columns_tablet&quot;:&quot;2&quot;,&quot;columns_mobile&quot;:&quot;1&quot;,&quot;edit_handle_selector&quot;:&quot;[data-elementor-type=\\&quot;loop-item\\&quot;]&quot;,&quot;row_gap&quot;:{&quot;unit&quot;:&quot;px&quot;,&quot;size&quot;:&quot;&quot;,&quot;sizes&quot;:[]},&quot;row_gap_tablet&quot;:{&quot;unit&quot;:&quot;px&quot;,&quot;size&quot;:&quot;&quot;,&quot;sizes&quot;:[]},&quot;row_gap_mobile&quot;:{&quot;unit&quot;:&quot;px&quot;,&quot;size&quot;:&quot;&quot;,&quot;sizes&quot;:[]}}\" data-widget_type=\"loop-grid.product\">\n\t\t\t\t<div class=\"elementor-widget-container\">\n\t\t\t\t\t\t\t<div class=\"e-loop-nothing-found-message\">\n\t\t<\/div>\n\t\t\t\t\t\t<\/div>\n\t\t\t\t<\/div>\n\t\t\t\t\t<\/div>\n\t\t\t\t<\/div>\n\t\t<div class=\"elementor-element elementor-element-648e48e listado-productos-vehiculos e-flex e-con-boxed e-con e-parent\" data-id=\"648e48e\" data-element_type=\"container\" data-e-type=\"container\">\n\t\t\t\t\t<div class=\"e-con-inner\">\n\t\t\t\t<div class=\"elementor-element elementor-element-50bae14 elementor-widget elementor-widget-spacer\" data-id=\"50bae14\" data-element_type=\"widget\" data-e-type=\"widget\" data-widget_type=\"spacer.default\">\n\t\t\t\t<div class=\"elementor-widget-container\">\n\t\t\t\t\t\t\t<div class=\"elementor-spacer\">\n\t\t\t<div class=\"elementor-spacer-inner\"><\/div>\n\t\t<\/div>\n\t\t\t\t\t\t<\/div>\n\t\t\t\t<\/div>\n\t\t\t\t\t<\/div>\n\t\t\t\t<\/div>\n\t\t\t\t<section class=\"elementor-section elementor-top-section elementor-element elementor-element-dc840e4 video-home elementor-section-boxed elementor-section-height-default elementor-section-height-default\" data-id=\"dc840e4\" data-element_type=\"section\" data-e-type=\"section\" data-settings=\"{&quot;background_background&quot;:&quot;classic&quot;}\">\n\t\t\t\t\t\t\t<div class=\"elementor-background-overlay\"><\/div>\n\t\t\t\t\t\t\t<div class=\"elementor-container elementor-column-gap-default\">\n\t\t\t\t\t<div class=\"elementor-column elementor-col-100 elementor-top-column elementor-element elementor-element-778c15b\" data-id=\"778c15b\" data-element_type=\"column\" data-e-type=\"column\">\n\t\t\t<div class=\"elementor-widget-wrap elementor-element-populated\">\n\t\t\t\t\t\t<div class=\"elementor-element elementor-element-7a4cfef elementor-widget elementor-widget-tripgo_elementor_heading\" data-id=\"7a4cfef\" data-element_type=\"widget\" data-e-type=\"widget\" data-widget_type=\"tripgo_elementor_heading.default\">\n\t\t\t\t<div class=\"elementor-widget-container\">\n\t\t\t\t\t\t\t<div class=\"ova-title\">\n\n\t\t\t\n\t\t\t\t\t\t\t\n\t\t\t\t\t<h2 class=\"title\">Noleggio di biciclette elettriche\nal porto di Formentera<\/h2>\n\t\t\t\t\t\t\t\n\t\t\t\t\t\t\t<p class=\"description\">Prenota online e ritira la tua bicicletta elettrica appena arrivi al porto di La Savina. Un\u2019opzione comoda, veloce e perfetta per iniziare a scoprire l\u2019isola fin dal primo momento.\n\nSe visiti Formentera per uno o pi\u00f9 giorni, una bicicletta elettrica ti permetter\u00e0 di muoverti con facilit\u00e0, raggiungere pi\u00f9 luoghi, parcheggiare senza difficolt\u00e0 e goderti ogni angolo con una guida silenziosa, confortevole e sostenibile.<\/p>\n\t\t\t\n\t\t<\/div> \n\t\t \t\n\t\t\t\t\t\t<\/div>\n\t\t\t\t<\/div>\n\t\t\t\t\t<\/div>\n\t\t<\/div>\n\t\t\t\t\t<\/div>\n\t\t<\/section>\n\t\t\t\t<section class=\"elementor-section elementor-top-section elementor-element elementor-element-fa736fc elementor-section-boxed elementor-section-height-default elementor-section-height-default\" data-id=\"fa736fc\" data-element_type=\"section\" data-e-type=\"section\" data-settings=\"{&quot;background_background&quot;:&quot;classic&quot;}\">\n\t\t\t\t\t\t<div class=\"elementor-container elementor-column-gap-default\">\n\t\t\t\t\t<div class=\"elementor-column elementor-col-100 elementor-top-column elementor-element elementor-element-578872f\" data-id=\"578872f\" data-element_type=\"column\" data-e-type=\"column\">\n\t\t\t<div class=\"elementor-widget-wrap elementor-element-populated\">\n\t\t\t\t\t\t<div class=\"elementor-element elementor-element-ccca37a elementor-widget__width-initial texto-rojo elementor-widget elementor-widget-tripgo_elementor_heading\" data-id=\"ccca37a\" data-element_type=\"widget\" data-e-type=\"widget\" data-widget_type=\"tripgo_elementor_heading.default\">\n\t\t\t\t<div class=\"elementor-widget-container\">\n\t\t\t\t\t\t\t<div class=\"ova-title\">\n\n\t\t\t\n\t\t\t\t\t\t\t\n\t\t\t\t\t<h3 class=\"title\">Le nostre Uffici<\/h3>\n\t\t\t\t\t\t\t\n\t\t\t\t\t\t\t<p class=\"description\">Mettiamo a tua disposizione la migliore selezione di veicoli direttamente presso il Porto La Savina di Formentera.<\/p>\n\t\t\t\n\t\t<\/div> \n\t\t \t\n\t\t\t\t\t\t<\/div>\n\t\t\t\t<\/div>\n\t\t\t\t<div class=\"elementor-element elementor-element-ce86a95 elementor-align-center elementor-widget__width-initial boton icono-amarillo boton-tel-home elementor-widget elementor-widget-button\" data-id=\"ce86a95\" data-element_type=\"widget\" data-e-type=\"widget\" data-widget_type=\"button.default\">\n\t\t\t\t<div class=\"elementor-widget-container\">\n\t\t\t\t\t\t\t\t\t<div class=\"elementor-button-wrapper\">\n\t\t\t\t\t<a class=\"elementor-button elementor-button-link elementor-size-md\" href=\"tel:+34971322306\">\n\t\t\t\t\t\t<span class=\"elementor-button-content-wrapper\">\n\t\t\t\t\t\t<span class=\"elementor-button-icon\">\n\t\t\t\t<svg xmlns=\"http:\/\/www.w3.org\/2000\/svg\" viewBox=\"0 0 22.08 22.08\"><defs><style>.cls-1{fill:#ffbc00;}<\/style><\/defs><g id=\"Capa_2\" data-name=\"Capa 2\"><g id=\"Capa_1-2\" data-name=\"Capa 1\"><path class=\"cls-1\" d=\"M.21,19.05a.75.75,0,0,1,0-1l3.1-3.1a.73.73,0,0,1,1,0l.52.51L.72,19.57Zm20-8.57-9.71,9.7a6.44,6.44,0,0,1-8.69.4l4.13-4.12a3.13,3.13,0,0,0,4.28-.14l6.12-6.12h0a3.13,3.13,0,0,0,.13-4.28l4.13-4.13A6.44,6.44,0,0,1,20.18,10.48ZM19.05.21l.51.52L15.42,4.88l-.52-.52a.75.75,0,0,1,0-1L18,.21A.75.75,0,0,1,19.05.21Z\"><\/path><\/g><\/g><\/svg>\t\t\t<\/span>\n\t\t\t\t\t\t\t\t\t<span class=\"elementor-button-text\">Tel. 971 32 23 06<\/span>\n\t\t\t\t\t<\/span>\n\t\t\t\t\t<\/a>\n\t\t\t\t<\/div>\n\t\t\t\t\t\t\t\t<\/div>\n\t\t\t\t<\/div>\n\t\t<div class=\"elementor-element elementor-element-1617ac1 e-con-full oficinas texto-rojo e-flex e-con e-parent\" data-id=\"1617ac1\" data-element_type=\"container\" data-e-type=\"container\">\n\t\t<div class=\"elementor-element elementor-element-ec28eca e-con-full e-flex e-con e-child\" data-id=\"ec28eca\" data-element_type=\"container\" data-e-type=\"container\">\n\t\t\t\t<div class=\"elementor-element elementor-element-64b5b4e elementor-widget elementor-widget-image\" data-id=\"64b5b4e\" data-element_type=\"widget\" data-e-type=\"widget\" data-widget_type=\"image.default\">\n\t\t\t\t<div class=\"elementor-widget-container\">\n\t\t\t\t\t\t\t\t\t\t\t\t\t\t\t<img fetchpriority=\"high\" decoding=\"async\" width=\"296\" height=\"181\" src=\"https:\/\/mitjornmotorent.com\/wp-content\/uploads\/2026\/03\/oficina-Mitjorn-Puerto-1.jpg\" class=\"attachment-full size-full wp-image-19845\" alt=\"\" \/>\t\t\t\t\t\t\t\t\t\t\t\t\t\t\t<\/div>\n\t\t\t\t<\/div>\n\t\t\t\t<div class=\"elementor-element elementor-element-02ed0f1 elementor-widget elementor-widget-heading\" data-id=\"02ed0f1\" data-element_type=\"widget\" data-e-type=\"widget\" data-widget_type=\"heading.default\">\n\t\t\t\t<div class=\"elementor-widget-container\">\n\t\t\t\t\t<div class=\"elementor-heading-title elementor-size-default\"><span class=\"title\">Mitjorn Puerto 1<\/span><\/div>\t\t\t\t<\/div>\n\t\t\t\t<\/div>\n\t\t\t\t<div class=\"elementor-element elementor-element-ffc55f4 texto-negro texto-15 elementor-widget elementor-widget-text-editor\" data-id=\"ffc55f4\" data-element_type=\"widget\" data-e-type=\"widget\" data-widget_type=\"text-editor.default\">\n\t\t\t\t<div class=\"elementor-widget-container\">\n\t\t\t\t\t\t\t\t\t<p>Edificio de Aparcamientos \u2013<br \/>Puerto de la Savina<br \/>Calle Vapor Manolito, S\/N &#8211; Local N\u00ba12 07870 La Savina (Formentera)<br \/><a class=\"texto-rojo\" href=\"tel:+34971322306\">Tlf. (+34) 971 322 306<\/a><\/p>\t\t\t\t\t\t\t\t<\/div>\n\t\t\t\t<\/div>\n\t\t\t\t<\/div>\n\t\t<div class=\"elementor-element elementor-element-53b2b15 e-con-full e-flex e-con e-child\" data-id=\"53b2b15\" data-element_type=\"container\" data-e-type=\"container\">\n\t\t\t\t<div class=\"elementor-element elementor-element-db020cf elementor-widget elementor-widget-image\" data-id=\"db020cf\" data-element_type=\"widget\" data-e-type=\"widget\" data-widget_type=\"image.default\">\n\t\t\t\t<div class=\"elementor-widget-container\">\n\t\t\t\t\t\t\t\t\t\t\t\t\t\t\t<img decoding=\"async\" width=\"296\" height=\"181\" src=\"https:\/\/mitjornmotorent.com\/wp-content\/uploads\/2026\/03\/oficina-Mitjorn-Puerto-2.jpg\" class=\"attachment-full size-full wp-image-19850\" alt=\"\" \/>\t\t\t\t\t\t\t\t\t\t\t\t\t\t\t<\/div>\n\t\t\t\t<\/div>\n\t\t\t\t<div class=\"elementor-element elementor-element-fee966f title elementor-widget elementor-widget-heading\" data-id=\"fee966f\" data-element_type=\"widget\" data-e-type=\"widget\" data-widget_type=\"heading.default\">\n\t\t\t\t<div class=\"elementor-widget-container\">\n\t\t\t\t\t<div class=\"elementor-heading-title elementor-size-default\"><span class=\"title\">Mitjorn Puerto 2<\/span><\/div>\t\t\t\t<\/div>\n\t\t\t\t<\/div>\n\t\t\t\t<div class=\"elementor-element elementor-element-56c2b19 texto-negro texto-15 elementor-widget elementor-widget-text-editor\" data-id=\"56c2b19\" data-element_type=\"widget\" data-e-type=\"widget\" data-widget_type=\"text-editor.default\">\n\t\t\t\t<div class=\"elementor-widget-container\">\n\t\t\t\t\t\t\t\t\t<p>Marina La Savina &#8211; Puerto de la Savina Calle Calpe, S\/N &#8211; Local N\u00ba5 07870 La Savina (Formentera)<br \/><a class=\"texto-rojo\" href=\"tel:+34971322306\">Tlf. (+34) 971 322 306<\/a><\/p>\t\t\t\t\t\t\t\t<\/div>\n\t\t\t\t<\/div>\n\t\t\t\t<\/div>\n\t\t<div class=\"elementor-element elementor-element-145c2c8 e-con-full e-flex e-con e-child\" data-id=\"145c2c8\" data-element_type=\"container\" data-e-type=\"container\">\n\t\t\t\t<div class=\"elementor-element elementor-element-f1258a7 elementor-widget elementor-widget-image\" data-id=\"f1258a7\" data-element_type=\"widget\" data-e-type=\"widget\" data-widget_type=\"image.default\">\n\t\t\t\t<div class=\"elementor-widget-container\">\n\t\t\t\t\t\t\t\t\t\t\t\t\t\t\t<img decoding=\"async\" width=\"296\" height=\"181\" src=\"https:\/\/mitjornmotorent.com\/wp-content\/uploads\/2026\/03\/oficina-Mitjorn-Central.jpg\" class=\"attachment-large size-large wp-image-19855\" alt=\"\" \/>\t\t\t\t\t\t\t\t\t\t\t\t\t\t\t<\/div>\n\t\t\t\t<\/div>\n\t\t\t\t<div class=\"elementor-element elementor-element-8164d28 title elementor-widget elementor-widget-heading\" data-id=\"8164d28\" data-element_type=\"widget\" data-e-type=\"widget\" data-widget_type=\"heading.default\">\n\t\t\t\t<div class=\"elementor-widget-container\">\n\t\t\t\t\t<div class=\"elementor-heading-title elementor-size-default\"><span class=\"title\">Mitjorn Central<\/span><\/div>\t\t\t\t<\/div>\n\t\t\t\t<\/div>\n\t\t\t\t<div class=\"elementor-element elementor-element-747549c texto-negro texto-15 elementor-widget elementor-widget-text-editor\" data-id=\"747549c\" data-element_type=\"widget\" data-e-type=\"widget\" data-widget_type=\"text-editor.default\">\n\t\t\t\t<div class=\"elementor-widget-container\">\n\t\t\t\t\t\t\t\t\t<p>Mitjorn Central<br \/>Edificio Sabina Playa<br \/>Avinguda Mediterr\u00e0nia, 2 <br \/>07870 La Savina (Formentera) <br \/><a class=\"texto-rojo\" href=\"tel:+34971322306\">Tlf. (+34) 971 322 306<\/a><\/p>\t\t\t\t\t\t\t\t<\/div>\n\t\t\t\t<\/div>\n\t\t\t\t<\/div>\n\t\t<div class=\"elementor-element elementor-element-06dfc9b e-con-full e-flex e-con e-child\" data-id=\"06dfc9b\" data-element_type=\"container\" data-e-type=\"container\">\n\t\t\t\t<div class=\"elementor-element elementor-element-901c840 elementor-widget elementor-widget-image\" data-id=\"901c840\" data-element_type=\"widget\" data-e-type=\"widget\" data-widget_type=\"image.default\">\n\t\t\t\t<div class=\"elementor-widget-container\">\n\t\t\t\t\t\t\t\t\t\t\t\t\t\t\t<img loading=\"lazy\" decoding=\"async\" width=\"296\" height=\"181\" src=\"https:\/\/mitjornmotorent.com\/wp-content\/uploads\/2026\/03\/oficina-Blue-Autos.jpg\" class=\"attachment-large size-large wp-image-19860\" alt=\"\" \/>\t\t\t\t\t\t\t\t\t\t\t\t\t\t\t<\/div>\n\t\t\t\t<\/div>\n\t\t\t\t<div class=\"elementor-element elementor-element-03553f0 title elementor-widget elementor-widget-heading\" data-id=\"03553f0\" data-element_type=\"widget\" data-e-type=\"widget\" data-widget_type=\"heading.default\">\n\t\t\t\t<div class=\"elementor-widget-container\">\n\t\t\t\t\t<div class=\"elementor-heading-title elementor-size-default\"><span class=\"title\">Blue Autos Puerto<\/span><\/div>\t\t\t\t<\/div>\n\t\t\t\t<\/div>\n\t\t\t\t<div class=\"elementor-element elementor-element-be28ed5 texto-negro texto-15 elementor-widget elementor-widget-text-editor\" data-id=\"be28ed5\" data-element_type=\"widget\" data-e-type=\"widget\" data-widget_type=\"text-editor.default\">\n\t\t\t\t<div class=\"elementor-widget-container\">\n\t\t\t\t\t\t\t\t\t<p>Edificio de Aparacamientos \u2013 <br \/>Puerto de la Savina<br \/>Calle Vapor Manolito, S\/N &#8211; Local N\u00ba13 07870 La Savina (Formentera)<br \/><a class=\"texto-rojo\" href=\"tel:+34971322306\">Tlf. (+34) 971 322 306<\/a><\/p>\t\t\t\t\t\t\t\t<\/div>\n\t\t\t\t<\/div>\n\t\t\t\t<\/div>\n\t\t\t\t<\/div>\n\t\t\t\t\t<\/div>\n\t\t<\/div>\n\t\t\t\t\t<\/div>\n\t\t<\/section>\n\t\t\t\t<\/div>\n\t\t","protected":false},"excerpt":{"rendered":"<p>Noleggio di biciclette elettriche a Formentera BICICLETTE ELETTRICHE, IDEALI PER SCOPRIRE L\u2019ISOLA Se vuoi scoprire l\u2019isola in modo comodo, silenzioso e pi\u00f9 sostenibile, noleggiare una bicicletta elettrica a Formentera \u00e8 un\u2019ottima scelta. Le biciclette elettriche sono perfette per spostarsi in tutta tranquillit\u00e0, godersi il paesaggio e adattarsi al ritmo naturale di un\u2019isola pensata per tragitti [&hellip;]<\/p>\n","protected":false},"author":2,"featured_media":0,"parent":0,"menu_order":0,"comment_status":"closed","ping_status":"closed","template":"elementor_header_footer","meta":{"_acf_changed":false,"footnotes":""},"class_list":["post-19820","page","type-page","status-publish","hentry"],"acf":[],"yoast_head":"<!-- This site is optimized with the Yoast SEO plugin v27.0 - https:\/\/yoast.com\/product\/yoast-seo-wordpress\/ -->\n<title>Biciclette elettriche - ALQUILER MOTOS, BICICLETAS Y COCHES FORMENTERA<\/title>\n<meta name=\"robots\" content=\"index, follow, max-snippet:-1, max-image-preview:large, max-video-preview:-1\" \/>\n<link rel=\"canonical\" href=\"https:\/\/mitjornmotorent.com\/it\/biciclette-elettriche\/\" \/>\n<meta property=\"og:locale\" content=\"it_IT\" \/>\n<meta property=\"og:type\" content=\"article\" \/>\n<meta property=\"og:title\" content=\"Biciclette elettriche - ALQUILER MOTOS, BICICLETAS Y COCHES FORMENTERA\" \/>\n<meta property=\"og:description\" content=\"Noleggio di biciclette elettriche a Formentera BICICLETTE ELETTRICHE, IDEALI PER SCOPRIRE L\u2019ISOLA Se vuoi scoprire l\u2019isola in modo comodo, silenzioso e pi\u00f9 sostenibile, noleggiare una bicicletta elettrica a Formentera \u00e8 un\u2019ottima scelta. Le biciclette elettriche sono perfette per spostarsi in tutta tranquillit\u00e0, godersi il paesaggio e adattarsi al ritmo naturale di un\u2019isola pensata per tragitti [&hellip;]\" \/>\n<meta property=\"og:url\" content=\"https:\/\/mitjornmotorent.com\/it\/biciclette-elettriche\/\" \/>\n<meta property=\"og:site_name\" content=\"ALQUILER MOTOS, BICICLETAS Y COCHES FORMENTERA\" \/>\n<meta property=\"article:modified_time\" content=\"2026-04-17T11:58:43+00:00\" \/>\n<meta property=\"og:image\" content=\"https:\/\/mitjornmotorent.com\/wp-content\/uploads\/2026\/03\/oficina-Mitjorn-Puerto-1.jpg\" \/>\n\t<meta property=\"og:image:width\" content=\"296\" \/>\n\t<meta property=\"og:image:height\" content=\"181\" \/>\n\t<meta property=\"og:image:type\" content=\"image\/jpeg\" \/>\n<meta name=\"twitter:card\" content=\"summary_large_image\" \/>\n<meta name=\"twitter:label1\" content=\"Tempo di lettura stimato\" \/>\n\t<meta name=\"twitter:data1\" content=\"3 minuti\" \/>\n<script type=\"application\/ld+json\" class=\"yoast-schema-graph\">{\"@context\":\"https:\/\/schema.org\",\"@graph\":[{\"@type\":\"WebPage\",\"@id\":\"https:\/\/mitjornmotorent.com\/it\/biciclette-elettriche\/\",\"url\":\"https:\/\/mitjornmotorent.com\/it\/biciclette-elettriche\/\",\"name\":\"Biciclette elettriche - ALQUILER MOTOS, BICICLETAS Y COCHES FORMENTERA\",\"isPartOf\":{\"@id\":\"https:\/\/mitjornmotorent.com\/it\/#website\"},\"primaryImageOfPage\":{\"@id\":\"https:\/\/mitjornmotorent.com\/it\/biciclette-elettriche\/#primaryimage\"},\"image\":{\"@id\":\"https:\/\/mitjornmotorent.com\/it\/biciclette-elettriche\/#primaryimage\"},\"thumbnailUrl\":\"https:\/\/mitjornmotorent.com\/wp-content\/uploads\/2026\/03\/oficina-Mitjorn-Puerto-1.jpg\",\"datePublished\":\"2026-03-10T09:00:53+00:00\",\"dateModified\":\"2026-04-17T11:58:43+00:00\",\"breadcrumb\":{\"@id\":\"https:\/\/mitjornmotorent.com\/it\/biciclette-elettriche\/#breadcrumb\"},\"inLanguage\":\"it-IT\",\"potentialAction\":[{\"@type\":\"ReadAction\",\"target\":[\"https:\/\/mitjornmotorent.com\/it\/biciclette-elettriche\/\"]}]},{\"@type\":\"ImageObject\",\"inLanguage\":\"it-IT\",\"@id\":\"https:\/\/mitjornmotorent.com\/it\/biciclette-elettriche\/#primaryimage\",\"url\":\"https:\/\/mitjornmotorent.com\/wp-content\/uploads\/2026\/03\/oficina-Mitjorn-Puerto-1.jpg\",\"contentUrl\":\"https:\/\/mitjornmotorent.com\/wp-content\/uploads\/2026\/03\/oficina-Mitjorn-Puerto-1.jpg\"},{\"@type\":\"BreadcrumbList\",\"@id\":\"https:\/\/mitjornmotorent.com\/it\/biciclette-elettriche\/#breadcrumb\",\"itemListElement\":[{\"@type\":\"ListItem\",\"position\":1,\"name\":\"Portada\",\"item\":\"https:\/\/mitjornmotorent.com\/it\/\"},{\"@type\":\"ListItem\",\"position\":2,\"name\":\"Biciclette elettriche\"}]},{\"@type\":\"WebSite\",\"@id\":\"https:\/\/mitjornmotorent.com\/it\/#website\",\"url\":\"https:\/\/mitjornmotorent.com\/it\/\",\"name\":\"ALQUILER MOTOS, BICICLETAS Y COCHES FORMENTERA\",\"description\":\"N\u00ba1 MITJORN MotoRent\",\"potentialAction\":[{\"@type\":\"SearchAction\",\"target\":{\"@type\":\"EntryPoint\",\"urlTemplate\":\"https:\/\/mitjornmotorent.com\/it\/?s={search_term_string}\"},\"query-input\":{\"@type\":\"PropertyValueSpecification\",\"valueRequired\":true,\"valueName\":\"search_term_string\"}}],\"inLanguage\":\"it-IT\"}]}<\/script>\n<!-- \/ Yoast SEO plugin. -->","yoast_head_json":{"title":"Biciclette elettriche - ALQUILER MOTOS, BICICLETAS Y COCHES FORMENTERA","robots":{"index":"index","follow":"follow","max-snippet":"max-snippet:-1","max-image-preview":"max-image-preview:large","max-video-preview":"max-video-preview:-1"},"canonical":"https:\/\/mitjornmotorent.com\/it\/biciclette-elettriche\/","og_locale":"it_IT","og_type":"article","og_title":"Biciclette elettriche - ALQUILER MOTOS, BICICLETAS Y COCHES FORMENTERA","og_description":"Noleggio di biciclette elettriche a Formentera BICICLETTE ELETTRICHE, IDEALI PER SCOPRIRE L\u2019ISOLA Se vuoi scoprire l\u2019isola in modo comodo, silenzioso e pi\u00f9 sostenibile, noleggiare una bicicletta elettrica a Formentera \u00e8 un\u2019ottima scelta. Le biciclette elettriche sono perfette per spostarsi in tutta tranquillit\u00e0, godersi il paesaggio e adattarsi al ritmo naturale di un\u2019isola pensata per tragitti [&hellip;]","og_url":"https:\/\/mitjornmotorent.com\/it\/biciclette-elettriche\/","og_site_name":"ALQUILER MOTOS, BICICLETAS Y COCHES FORMENTERA","article_modified_time":"2026-04-17T11:58:43+00:00","og_image":[{"width":296,"height":181,"url":"https:\/\/mitjornmotorent.com\/wp-content\/uploads\/2026\/03\/oficina-Mitjorn-Puerto-1.jpg","type":"image\/jpeg"}],"twitter_card":"summary_large_image","twitter_misc":{"Tempo di lettura stimato":"3 minuti"},"schema":{"@context":"https:\/\/schema.org","@graph":[{"@type":"WebPage","@id":"https:\/\/mitjornmotorent.com\/it\/biciclette-elettriche\/","url":"https:\/\/mitjornmotorent.com\/it\/biciclette-elettriche\/","name":"Biciclette elettriche - ALQUILER MOTOS, BICICLETAS Y COCHES FORMENTERA","isPartOf":{"@id":"https:\/\/mitjornmotorent.com\/it\/#website"},"primaryImageOfPage":{"@id":"https:\/\/mitjornmotorent.com\/it\/biciclette-elettriche\/#primaryimage"},"image":{"@id":"https:\/\/mitjornmotorent.com\/it\/biciclette-elettriche\/#primaryimage"},"thumbnailUrl":"https:\/\/mitjornmotorent.com\/wp-content\/uploads\/2026\/03\/oficina-Mitjorn-Puerto-1.jpg","datePublished":"2026-03-10T09:00:53+00:00","dateModified":"2026-04-17T11:58:43+00:00","breadcrumb":{"@id":"https:\/\/mitjornmotorent.com\/it\/biciclette-elettriche\/#breadcrumb"},"inLanguage":"it-IT","potentialAction":[{"@type":"ReadAction","target":["https:\/\/mitjornmotorent.com\/it\/biciclette-elettriche\/"]}]},{"@type":"ImageObject","inLanguage":"it-IT","@id":"https:\/\/mitjornmotorent.com\/it\/biciclette-elettriche\/#primaryimage","url":"https:\/\/mitjornmotorent.com\/wp-content\/uploads\/2026\/03\/oficina-Mitjorn-Puerto-1.jpg","contentUrl":"https:\/\/mitjornmotorent.com\/wp-content\/uploads\/2026\/03\/oficina-Mitjorn-Puerto-1.jpg"},{"@type":"BreadcrumbList","@id":"https:\/\/mitjornmotorent.com\/it\/biciclette-elettriche\/#breadcrumb","itemListElement":[{"@type":"ListItem","position":1,"name":"Portada","item":"https:\/\/mitjornmotorent.com\/it\/"},{"@type":"ListItem","position":2,"name":"Biciclette elettriche"}]},{"@type":"WebSite","@id":"https:\/\/mitjornmotorent.com\/it\/#website","url":"https:\/\/mitjornmotorent.com\/it\/","name":"ALQUILER MOTOS, BICICLETAS Y COCHES FORMENTERA","description":"N\u00ba1 MITJORN MotoRent","potentialAction":[{"@type":"SearchAction","target":{"@type":"EntryPoint","urlTemplate":"https:\/\/mitjornmotorent.com\/it\/?s={search_term_string}"},"query-input":{"@type":"PropertyValueSpecification","valueRequired":true,"valueName":"search_term_string"}}],"inLanguage":"it-IT"}]}},"_links":{"self":[{"href":"https:\/\/mitjornmotorent.com\/it\/wp-json\/wp\/v2\/pages\/19820","targetHints":{"allow":["GET"]}}],"collection":[{"href":"https:\/\/mitjornmotorent.com\/it\/wp-json\/wp\/v2\/pages"}],"about":[{"href":"https:\/\/mitjornmotorent.com\/it\/wp-json\/wp\/v2\/types\/page"}],"author":[{"embeddable":true,"href":"https:\/\/mitjornmotorent.com\/it\/wp-json\/wp\/v2\/users\/2"}],"replies":[{"embeddable":true,"href":"https:\/\/mitjornmotorent.com\/it\/wp-json\/wp\/v2\/comments?post=19820"}],"version-history":[{"count":11,"href":"https:\/\/mitjornmotorent.com\/it\/wp-json\/wp\/v2\/pages\/19820\/revisions"}],"predecessor-version":[{"id":19906,"href":"https:\/\/mitjornmotorent.com\/it\/wp-json\/wp\/v2\/pages\/19820\/revisions\/19906"}],"wp:attachment":[{"href":"https:\/\/mitjornmotorent.com\/it\/wp-json\/wp\/v2\/media?parent=19820"}],"curies":[{"name":"wp","href":"https:\/\/api.w.org\/{rel}","templated":true}]}}