{"id":19818,"date":"2026-03-10T09:00:53","date_gmt":"2026-03-10T09:00:53","guid":{"rendered":"https:\/\/mitjornmotorent.com\/?page_id=19818"},"modified":"2026-04-17T11:55:04","modified_gmt":"2026-04-17T11:55:04","slug":"velos-electriques","status":"publish","type":"page","link":"https:\/\/mitjornmotorent.com\/fr\/velos-electriques\/","title":{"rendered":"V\u00e9los \u00e9lectriques"},"content":{"rendered":"\t\t<div data-elementor-type=\"wp-page\" data-elementor-id=\"19818\" class=\"elementor elementor-19818 elementor-19712\" data-elementor-post-type=\"page\">\n\t\t\t\t<div class=\"elementor-element elementor-element-6f12994 e-flex e-con-boxed e-con e-parent\" data-id=\"6f12994\" data-element_type=\"container\" data-e-type=\"container\" data-settings=\"{&quot;background_background&quot;:&quot;classic&quot;}\">\n\t\t\t\t\t<div class=\"e-con-inner\">\n\t\t\t\t<div class=\"elementor-element elementor-element-b76ba4d elementor-widget elementor-widget-tripgo_elementor_header_banner\" data-id=\"b76ba4d\" data-element_type=\"widget\" data-e-type=\"widget\" data-widget_type=\"tripgo_elementor_header_banner.default\">\n\t\t\t\t<div class=\"elementor-widget-container\">\n\t\t\t\t\t\t\t \t<!-- Display when you choose background per Post -->\n\t\t \t<div class=\"wrap_header_banner  center \"  >\n\n\t\t \t\t\t\t\t \t\n\t\t\t\t \t<div class=\"cover_color\"><\/div>\n\n\t\t\t\t\t<div class=\"header_banner_el \">\n\t\t\t\t\t\t\n\t\t\t\t\t\t\t\t\t\t\t\t\t\n\t\t\t\t\t\t\t\n\t\t\t\t\t\t\t\t\t\t\t\t\t\t<h1 class=\" header_title\">\n\t\t\t\t\t\t\t\t\t\t\t\t\t\t\t<\/h1>\n\t\t\t\t\t\t\t\t\n\t\t\t\t\t\t\n\n\t\t\t\t\t\t\n\t\t\t\t\t<\/div>\n\n\t\t\t\t\n\t\t\t<\/div>\n\t\t\t\t\t\t<\/div>\n\t\t\t\t<\/div>\n\t\t\t\t<div class=\"elementor-element elementor-element-2e380e3 elementor-widget elementor-widget-spacer\" data-id=\"2e380e3\" data-element_type=\"widget\" data-e-type=\"widget\" id=\"motor-busqueda\" data-widget_type=\"spacer.default\">\n\t\t\t\t<div class=\"elementor-widget-container\">\n\t\t\t\t\t\t\t<div class=\"elementor-spacer\">\n\t\t\t<div class=\"elementor-spacer-inner\"><\/div>\n\t\t<\/div>\n\t\t\t\t\t\t<\/div>\n\t\t\t\t<\/div>\n\t\t\t\t\t<\/div>\n\t\t\t\t<\/div>\n\t\t<div class=\"elementor-element elementor-element-cdbb52f e-flex e-con-boxed e-con e-parent\" data-id=\"cdbb52f\" data-element_type=\"container\" data-e-type=\"container\">\n\t\t\t\t\t<div class=\"e-con-inner\">\n\t\t\t\t<div class=\"elementor-element elementor-element-f8845c1 elementor-widget elementor-widget-shortcode\" data-id=\"f8845c1\" data-element_type=\"widget\" data-e-type=\"widget\" data-widget_type=\"shortcode.default\">\n\t\t\t\t<div class=\"elementor-widget-container\">\n\t\t\t\t\t\t\t<div class=\"elementor-shortcode\">\n<section class=\"mybooking mybooking-selector widget widget_mybooking_renting_engine_selector reservation-step  \">\n  <form\n    id=\"form-selector\"\n    class=\"mybooking-selector_form\"\n    name=\"widget_search_form\"\n    method=\"get\"\n    enctype=\"application\/x-www-form-urlencoded\">\n\n    \n          <input type=\"hidden\" name=\"family_id\" value=\"34\"\/>\n      <input type=\"hidden\" name=\"engine_fixed_family\" value=\"true\"\/>\n    \n    \n    \n      <\/form>\n<\/section>\n<\/div>\n\t\t\t\t\t\t<\/div>\n\t\t\t\t<\/div>\n\t\t\t\t\t<\/div>\n\t\t\t\t<\/div>\n\t\t<div class=\"elementor-element elementor-element-a01cbc5 e-flex e-con-boxed e-con e-parent\" data-id=\"a01cbc5\" data-element_type=\"container\" data-e-type=\"container\">\n\t\t\t\t\t<div class=\"e-con-inner\">\n\t\t\t\t<div class=\"elementor-element elementor-element-779977f elementor-widget elementor-widget-spacer\" data-id=\"779977f\" data-element_type=\"widget\" data-e-type=\"widget\" data-widget_type=\"spacer.default\">\n\t\t\t\t<div class=\"elementor-widget-container\">\n\t\t\t\t\t\t\t<div class=\"elementor-spacer\">\n\t\t\t<div class=\"elementor-spacer-inner\"><\/div>\n\t\t<\/div>\n\t\t\t\t\t\t<\/div>\n\t\t\t\t<\/div>\n\t\t\t\t\t<\/div>\n\t\t\t\t<\/div>\n\t\t<div class=\"elementor-element elementor-element-4f0c55e alquila-moto e-flex e-con-boxed e-con e-parent\" data-id=\"4f0c55e\" data-element_type=\"container\" data-e-type=\"container\">\n\t\t\t\t\t<div class=\"e-con-inner\">\n\t\t\t\t<div class=\"elementor-element elementor-element-459a9f6 texto-rojo elementor-widget elementor-widget-tripgo_elementor_heading\" data-id=\"459a9f6\" data-element_type=\"widget\" data-e-type=\"widget\" data-widget_type=\"tripgo_elementor_heading.default\">\n\t\t\t\t<div class=\"elementor-widget-container\">\n\t\t\t\t\t\t\t<div class=\"ova-title\">\n\n\t\t\t\n\t\t\t\t\t\t\t\n\t\t\t\t\t<h1 class=\"title\">Location de v\u00e9los \u00e9lectriques \u00e0 Formentera<\/h1>\n\t\t\t\t\t\t\t\n\t\t\t\n\t\t<\/div> \n\t\t \t\n\t\t\t\t\t\t<\/div>\n\t\t\t\t<\/div>\n\t\t\t\t<div class=\"elementor-element elementor-element-6d0fb59 titulo-h2 espacio-description elementor-widget elementor-widget-tripgo_elementor_heading\" data-id=\"6d0fb59\" data-element_type=\"widget\" data-e-type=\"widget\" data-widget_type=\"tripgo_elementor_heading.default\">\n\t\t\t\t<div class=\"elementor-widget-container\">\n\t\t\t\t\t\t\t<div class=\"ova-title\">\n\n\t\t\t\n\t\t\t\t\t\t\t\n\t\t\t\t\t<p class=\"title\">V\u00c9LOS \u00c9LECTRIQUES, ID\u00c9AUX POUR D\u00c9COUVRIR L\u2019\u00ceLE<\/p>\n\t\t\t\t\t\t\t\n\t\t\t\t\t\t\t<p class=\"description\">Si vous souhaitez d\u00e9couvrir l\u2019\u00eele de mani\u00e8re confortable, silencieuse et plus durable, louer un v\u00e9lo \u00e9lectrique \u00e0 Formentera est une excellente option. Les v\u00e9los \u00e9lectriques sont parfaits pour se d\u00e9placer en toute tranquillit\u00e9, profiter du paysage et s\u2019adapter au rythme naturel d\u2019une \u00eele pens\u00e9e pour des trajets courts et agr\u00e9ables.\n\nSur une \u00eele o\u00f9 les distances sont r\u00e9duites, un v\u00e9lo \u00e9lectrique vous permet de vous d\u00e9placer facilement entre plages, restaurants, march\u00e9s et villages sans vous soucier de longs trajets. De La Savina \u00e0 Migjorn, Es Pujols ou El Pilar, vous pourrez rejoindre n\u2019importe quel endroit confortablement.<\/p>\n\t\t\t\n\t\t<\/div> \n\t\t \t\n\t\t\t\t\t\t<\/div>\n\t\t\t\t<\/div>\n\t\t\t\t<div class=\"elementor-element elementor-element-d9cd60a elementor-align-center leer-mas icono-amarillo texto-rojo elementor-button-info elementor-widget elementor-widget-button\" data-id=\"d9cd60a\" data-element_type=\"widget\" data-e-type=\"widget\" data-widget_type=\"button.default\">\n\t\t\t\t<div class=\"elementor-widget-container\">\n\t\t\t\t\t\t\t\t\t<div class=\"elementor-button-wrapper\">\n\t\t\t\t\t<a class=\"elementor-button elementor-size-sm\" role=\"button\">\n\t\t\t\t\t\t<span class=\"elementor-button-content-wrapper\">\n\t\t\t\t\t\t<span class=\"elementor-button-icon\">\n\t\t\t\t<svg aria-hidden=\"true\" class=\"e-font-icon-svg e-fas-chevron-down\" viewBox=\"0 0 448 512\" xmlns=\"http:\/\/www.w3.org\/2000\/svg\"><path d=\"M207.029 381.476L12.686 187.132c-9.373-9.373-9.373-24.569 0-33.941l22.667-22.667c9.357-9.357 24.522-9.375 33.901-.04L224 284.505l154.745-154.021c9.379-9.335 24.544-9.317 33.901.04l22.667 22.667c9.373 9.373 9.373 24.569 0 33.941L240.971 381.476c-9.373 9.372-24.569 9.372-33.942 0z\"><\/path><\/svg>\t\t\t<\/span>\n\t\t\t\t\t\t\t\t\t<span class=\"elementor-button-text\">En savoir plus<\/span>\n\t\t\t\t\t<\/span>\n\t\t\t\t\t<\/a>\n\t\t\t\t<\/div>\n\t\t\t\t\t\t\t\t<\/div>\n\t\t\t\t<\/div>\n\t\t\t\t<div class=\"elementor-element elementor-element-784b91d texto-rojo titulo-h2 objeto-oculto elementor-widget elementor-widget-tripgo_elementor_heading\" data-id=\"784b91d\" data-element_type=\"widget\" data-e-type=\"widget\" data-widget_type=\"tripgo_elementor_heading.default\">\n\t\t\t\t<div class=\"elementor-widget-container\">\n\t\t\t\t\t\t\t<div class=\"ova-title\">\n\n\t\t\t\n\t\t\t\t\t\t\t\n\t\t\t\t\t<h2 class=\"title\">V\u00e9los \u00e9lectriques de location pour d\u00e9couvrir Formentera en tout confort<\/h2>\n\t\t\t\t\t\t\t\n\t\t\t\t\t\t\t<p class=\"description\">Chez MOTO RENT MITJORN, nous proposons des v\u00e9los \u00e9lectriques id\u00e9aux pour ceux qui recherchent une solution pratique, moderne et efficace. Ils sont faciles \u00e0 utiliser, simples \u00e0 stationner et parfaits pour profiter de Formentera en toute libert\u00e9.\n\nEn plus de favoriser une mobilit\u00e9 plus responsable, ils offrent une exp\u00e9rience de conduite tr\u00e8s agr\u00e9able, notamment sur les routes calmes ou les chemins proches des principales criques de l\u2019\u00eele.\n\nAvec assistance en cas de besoin et possibilit\u00e9 de souscrire une assurance, vous n\u2019aurez plus qu\u2019\u00e0 profiter de votre voyage. R\u00e9servez votre v\u00e9lo \u00e9lectrique en ligne et profitez de nos meilleures offres avec une autonomie adapt\u00e9e \u00e0 vos besoins.<\/p>\n\t\t\t\n\t\t<\/div> \n\t\t \t\n\t\t\t\t\t\t<\/div>\n\t\t\t\t<\/div>\n\t\t\t\t<div class=\"elementor-element elementor-element-62ccd93 elementor-align-center texto-rojo leer-menos objeto-oculto elementor-button-info elementor-widget__width-initial elementor-widget-mobile__width-inherit elementor-widget elementor-widget-button\" data-id=\"62ccd93\" data-element_type=\"widget\" data-e-type=\"widget\" data-widget_type=\"button.default\">\n\t\t\t\t<div class=\"elementor-widget-container\">\n\t\t\t\t\t\t\t\t\t<div class=\"elementor-button-wrapper\">\n\t\t\t\t\t<a class=\"elementor-button elementor-size-sm\" role=\"button\">\n\t\t\t\t\t\t<span class=\"elementor-button-content-wrapper\">\n\t\t\t\t\t\t<span class=\"elementor-button-icon\">\n\t\t\t\t<svg aria-hidden=\"true\" class=\"e-font-icon-svg e-fas-chevron-up\" viewBox=\"0 0 448 512\" xmlns=\"http:\/\/www.w3.org\/2000\/svg\"><path d=\"M240.971 130.524l194.343 194.343c9.373 9.373 9.373 24.569 0 33.941l-22.667 22.667c-9.357 9.357-24.522 9.375-33.901.04L224 227.495 69.255 381.516c-9.379 9.335-24.544 9.317-33.901-.04l-22.667-22.667c-9.373-9.373-9.373-24.569 0-33.941L207.03 130.525c9.372-9.373 24.568-9.373 33.941-.001z\"><\/path><\/svg>\t\t\t<\/span>\n\t\t\t\t\t\t\t\t\t<span class=\"elementor-button-text\">lire moins<\/span>\n\t\t\t\t\t<\/span>\n\t\t\t\t\t<\/a>\n\t\t\t\t<\/div>\n\t\t\t\t\t\t\t\t<\/div>\n\t\t\t\t<\/div>\n\t\t\t\t\t<\/div>\n\t\t\t\t<\/div>\n\t\t<div class=\"elementor-element elementor-element-9562042 e-flex e-con-boxed e-con e-parent\" data-id=\"9562042\" data-element_type=\"container\" data-e-type=\"container\">\n\t\t\t\t\t<div class=\"e-con-inner\">\n\t\t\t\t<div class=\"woocommerce elementor-element elementor-element-fcb28e2 elementor-grid-3 elementor-grid-tablet-2 elementor-grid-mobile-1 elementor-widget elementor-widget-loop-grid\" data-id=\"fcb28e2\" data-element_type=\"widget\" data-e-type=\"widget\" data-settings=\"{&quot;_skin&quot;:&quot;product&quot;,&quot;template_id&quot;:17911,&quot;columns&quot;:&quot;3&quot;,&quot;columns_tablet&quot;:&quot;2&quot;,&quot;columns_mobile&quot;:&quot;1&quot;,&quot;edit_handle_selector&quot;:&quot;[data-elementor-type=\\&quot;loop-item\\&quot;]&quot;,&quot;row_gap&quot;:{&quot;unit&quot;:&quot;px&quot;,&quot;size&quot;:&quot;&quot;,&quot;sizes&quot;:[]},&quot;row_gap_tablet&quot;:{&quot;unit&quot;:&quot;px&quot;,&quot;size&quot;:&quot;&quot;,&quot;sizes&quot;:[]},&quot;row_gap_mobile&quot;:{&quot;unit&quot;:&quot;px&quot;,&quot;size&quot;:&quot;&quot;,&quot;sizes&quot;:[]}}\" data-widget_type=\"loop-grid.product\">\n\t\t\t\t<div class=\"elementor-widget-container\">\n\t\t\t\t\t\t\t<div class=\"e-loop-nothing-found-message\">\n\t\t<\/div>\n\t\t\t\t\t\t<\/div>\n\t\t\t\t<\/div>\n\t\t\t\t\t<\/div>\n\t\t\t\t<\/div>\n\t\t<div class=\"elementor-element elementor-element-648e48e listado-productos-vehiculos e-flex e-con-boxed e-con e-parent\" data-id=\"648e48e\" data-element_type=\"container\" data-e-type=\"container\">\n\t\t\t\t\t<div class=\"e-con-inner\">\n\t\t\t\t<div class=\"elementor-element elementor-element-50bae14 elementor-widget elementor-widget-spacer\" data-id=\"50bae14\" data-element_type=\"widget\" data-e-type=\"widget\" data-widget_type=\"spacer.default\">\n\t\t\t\t<div class=\"elementor-widget-container\">\n\t\t\t\t\t\t\t<div class=\"elementor-spacer\">\n\t\t\t<div class=\"elementor-spacer-inner\"><\/div>\n\t\t<\/div>\n\t\t\t\t\t\t<\/div>\n\t\t\t\t<\/div>\n\t\t\t\t\t<\/div>\n\t\t\t\t<\/div>\n\t\t\t\t<section class=\"elementor-section elementor-top-section elementor-element elementor-element-dc840e4 video-home elementor-section-boxed elementor-section-height-default elementor-section-height-default\" data-id=\"dc840e4\" data-element_type=\"section\" data-e-type=\"section\" data-settings=\"{&quot;background_background&quot;:&quot;classic&quot;}\">\n\t\t\t\t\t\t\t<div class=\"elementor-background-overlay\"><\/div>\n\t\t\t\t\t\t\t<div class=\"elementor-container elementor-column-gap-default\">\n\t\t\t\t\t<div class=\"elementor-column elementor-col-100 elementor-top-column elementor-element elementor-element-778c15b\" data-id=\"778c15b\" data-element_type=\"column\" data-e-type=\"column\">\n\t\t\t<div class=\"elementor-widget-wrap elementor-element-populated\">\n\t\t\t\t\t\t<div class=\"elementor-element elementor-element-7a4cfef elementor-widget elementor-widget-tripgo_elementor_heading\" data-id=\"7a4cfef\" data-element_type=\"widget\" data-e-type=\"widget\" data-widget_type=\"tripgo_elementor_heading.default\">\n\t\t\t\t<div class=\"elementor-widget-container\">\n\t\t\t\t\t\t\t<div class=\"ova-title\">\n\n\t\t\t\n\t\t\t\t\t\t\t\n\t\t\t\t\t<h2 class=\"title\">Location de v\u00e9los \u00e9lectriques\nau port de Formentera<\/h2>\n\t\t\t\t\t\t\t\n\t\t\t\t\t\t\t<p class=\"description\">R\u00e9servez en ligne et r\u00e9cup\u00e9rez votre v\u00e9lo \u00e9lectrique d\u00e8s votre arriv\u00e9e au port de La Savina. Une option pratique, rapide et id\u00e9ale pour commencer \u00e0 d\u00e9couvrir l\u2019\u00eele d\u00e8s le premier instant.\n\nSi vous visitez Formentera pour un ou plusieurs jours, un v\u00e9lo \u00e9lectrique vous permettra de vous d\u00e9placer facilement, d\u2019acc\u00e9der \u00e0 davantage d\u2019endroits, de stationner sans difficult\u00e9 et de profiter de chaque recoin avec une conduite silencieuse, confortable et durable.<\/p>\n\t\t\t\n\t\t<\/div> \n\t\t \t\n\t\t\t\t\t\t<\/div>\n\t\t\t\t<\/div>\n\t\t\t\t\t<\/div>\n\t\t<\/div>\n\t\t\t\t\t<\/div>\n\t\t<\/section>\n\t\t\t\t<section class=\"elementor-section elementor-top-section elementor-element elementor-element-35b16ba elementor-section-boxed elementor-section-height-default elementor-section-height-default\" data-id=\"35b16ba\" data-element_type=\"section\" data-e-type=\"section\" data-settings=\"{&quot;background_background&quot;:&quot;classic&quot;}\">\n\t\t\t\t\t\t<div class=\"elementor-container elementor-column-gap-default\">\n\t\t\t\t\t<div class=\"elementor-column elementor-col-100 elementor-top-column elementor-element elementor-element-7ad12b8\" data-id=\"7ad12b8\" data-element_type=\"column\" data-e-type=\"column\">\n\t\t\t<div class=\"elementor-widget-wrap elementor-element-populated\">\n\t\t\t\t\t\t<div class=\"elementor-element elementor-element-db2b80b elementor-widget__width-initial texto-rojo elementor-widget elementor-widget-tripgo_elementor_heading\" data-id=\"db2b80b\" data-element_type=\"widget\" data-e-type=\"widget\" data-widget_type=\"tripgo_elementor_heading.default\">\n\t\t\t\t<div class=\"elementor-widget-container\">\n\t\t\t\t\t\t\t<div class=\"ova-title\">\n\n\t\t\t\n\t\t\t\t\t\t\t\n\t\t\t\t\t<h3 class=\"title\">Nos Bureaux<\/h3>\n\t\t\t\t\t\t\t\n\t\t\t\t\t\t\t<p class=\"description\">Nous mettons \u00e0 votre disposition la meilleure s\u00e9lection de v\u00e9hicules directement au Port de La Savina de Formentera.<\/p>\n\t\t\t\n\t\t<\/div> \n\t\t \t\n\t\t\t\t\t\t<\/div>\n\t\t\t\t<\/div>\n\t\t\t\t<div class=\"elementor-element elementor-element-0cc3d36 elementor-align-center elementor-widget__width-initial boton icono-amarillo boton-tel-home elementor-widget elementor-widget-button\" data-id=\"0cc3d36\" data-element_type=\"widget\" data-e-type=\"widget\" data-widget_type=\"button.default\">\n\t\t\t\t<div class=\"elementor-widget-container\">\n\t\t\t\t\t\t\t\t\t<div class=\"elementor-button-wrapper\">\n\t\t\t\t\t<a class=\"elementor-button elementor-button-link elementor-size-md\" href=\"tel:+34971322306\">\n\t\t\t\t\t\t<span class=\"elementor-button-content-wrapper\">\n\t\t\t\t\t\t<span class=\"elementor-button-icon\">\n\t\t\t\t<svg xmlns=\"http:\/\/www.w3.org\/2000\/svg\" viewBox=\"0 0 22.08 22.08\"><defs><style>.cls-1{fill:#ffbc00;}<\/style><\/defs><g id=\"Capa_2\" data-name=\"Capa 2\"><g id=\"Capa_1-2\" data-name=\"Capa 1\"><path class=\"cls-1\" d=\"M.21,19.05a.75.75,0,0,1,0-1l3.1-3.1a.73.73,0,0,1,1,0l.52.51L.72,19.57Zm20-8.57-9.71,9.7a6.44,6.44,0,0,1-8.69.4l4.13-4.12a3.13,3.13,0,0,0,4.28-.14l6.12-6.12h0a3.13,3.13,0,0,0,.13-4.28l4.13-4.13A6.44,6.44,0,0,1,20.18,10.48ZM19.05.21l.51.52L15.42,4.88l-.52-.52a.75.75,0,0,1,0-1L18,.21A.75.75,0,0,1,19.05.21Z\"><\/path><\/g><\/g><\/svg>\t\t\t<\/span>\n\t\t\t\t\t\t\t\t\t<span class=\"elementor-button-text\">Tel. 971 32 23 06<\/span>\n\t\t\t\t\t<\/span>\n\t\t\t\t\t<\/a>\n\t\t\t\t<\/div>\n\t\t\t\t\t\t\t\t<\/div>\n\t\t\t\t<\/div>\n\t\t<div class=\"elementor-element elementor-element-e246e66 e-con-full oficinas texto-rojo e-flex e-con e-parent\" data-id=\"e246e66\" data-element_type=\"container\" data-e-type=\"container\">\n\t\t<div class=\"elementor-element elementor-element-aa04742 e-con-full e-flex e-con e-child\" data-id=\"aa04742\" data-element_type=\"container\" data-e-type=\"container\">\n\t\t\t\t<div class=\"elementor-element elementor-element-583d5a9 elementor-widget elementor-widget-image\" data-id=\"583d5a9\" data-element_type=\"widget\" data-e-type=\"widget\" data-widget_type=\"image.default\">\n\t\t\t\t<div class=\"elementor-widget-container\">\n\t\t\t\t\t\t\t\t\t\t\t\t\t\t\t<img fetchpriority=\"high\" decoding=\"async\" width=\"296\" height=\"181\" src=\"https:\/\/mitjornmotorent.com\/wp-content\/uploads\/2024\/05\/oficina-Mitjorn-Puerto-1.jpg\" class=\"attachment-full size-full wp-image-15086\" alt=\"\" \/>\t\t\t\t\t\t\t\t\t\t\t\t\t\t\t<\/div>\n\t\t\t\t<\/div>\n\t\t\t\t<div class=\"elementor-element elementor-element-b097281 elementor-widget elementor-widget-heading\" data-id=\"b097281\" data-element_type=\"widget\" data-e-type=\"widget\" data-widget_type=\"heading.default\">\n\t\t\t\t<div class=\"elementor-widget-container\">\n\t\t\t\t\t<div class=\"elementor-heading-title elementor-size-default\"><span class=\"title\">Mitjorn Puerto 1<\/span><\/div>\t\t\t\t<\/div>\n\t\t\t\t<\/div>\n\t\t\t\t<div class=\"elementor-element elementor-element-bac85e3 texto-negro texto-15 elementor-widget elementor-widget-text-editor\" data-id=\"bac85e3\" data-element_type=\"widget\" data-e-type=\"widget\" data-widget_type=\"text-editor.default\">\n\t\t\t\t<div class=\"elementor-widget-container\">\n\t\t\t\t\t\t\t\t\t<p>Edificio de Aparcamientos \u2013<br \/>Puerto de la Savina<br \/>Calle Vapor Manolito, S\/N &#8211; Local N\u00ba12 07870 La Savina (Formentera)<br \/><a class=\"texto-rojo\" href=\"tel:+34971322306\">Tlf. (+34) 971 322 306<\/a><\/p>\t\t\t\t\t\t\t\t<\/div>\n\t\t\t\t<\/div>\n\t\t\t\t<\/div>\n\t\t<div class=\"elementor-element elementor-element-b3e840b e-con-full e-flex e-con e-child\" data-id=\"b3e840b\" data-element_type=\"container\" data-e-type=\"container\">\n\t\t\t\t<div class=\"elementor-element elementor-element-7bf3b80 elementor-widget elementor-widget-image\" data-id=\"7bf3b80\" data-element_type=\"widget\" data-e-type=\"widget\" data-widget_type=\"image.default\">\n\t\t\t\t<div class=\"elementor-widget-container\">\n\t\t\t\t\t\t\t\t\t\t\t\t\t\t\t<img decoding=\"async\" width=\"296\" height=\"181\" src=\"https:\/\/mitjornmotorent.com\/wp-content\/uploads\/2024\/05\/oficina-Mitjorn-Puerto-2.jpg\" class=\"attachment-full size-full wp-image-15090\" alt=\"\" \/>\t\t\t\t\t\t\t\t\t\t\t\t\t\t\t<\/div>\n\t\t\t\t<\/div>\n\t\t\t\t<div class=\"elementor-element elementor-element-2c18732 title elementor-widget elementor-widget-heading\" data-id=\"2c18732\" data-element_type=\"widget\" data-e-type=\"widget\" data-widget_type=\"heading.default\">\n\t\t\t\t<div class=\"elementor-widget-container\">\n\t\t\t\t\t<div class=\"elementor-heading-title elementor-size-default\"><span class=\"title\">Mitjorn Puerto 2<\/span><\/div>\t\t\t\t<\/div>\n\t\t\t\t<\/div>\n\t\t\t\t<div class=\"elementor-element elementor-element-83cb518 texto-negro texto-15 elementor-widget elementor-widget-text-editor\" data-id=\"83cb518\" data-element_type=\"widget\" data-e-type=\"widget\" data-widget_type=\"text-editor.default\">\n\t\t\t\t<div class=\"elementor-widget-container\">\n\t\t\t\t\t\t\t\t\t<p>Marina La Savina &#8211; Puerto de la Savina Calle Calpe, S\/N &#8211; Local N\u00ba5 07870 La Savina (Formentera)<br \/><a class=\"texto-rojo\" href=\"tel:+34971322306\">Tlf. (+34) 971 322 306<\/a><\/p>\t\t\t\t\t\t\t\t<\/div>\n\t\t\t\t<\/div>\n\t\t\t\t<\/div>\n\t\t<div class=\"elementor-element elementor-element-066cdaa e-con-full e-flex e-con e-child\" data-id=\"066cdaa\" data-element_type=\"container\" data-e-type=\"container\">\n\t\t\t\t<div class=\"elementor-element elementor-element-541a4e6 elementor-widget elementor-widget-image\" data-id=\"541a4e6\" data-element_type=\"widget\" data-e-type=\"widget\" data-widget_type=\"image.default\">\n\t\t\t\t<div class=\"elementor-widget-container\">\n\t\t\t\t\t\t\t\t\t\t\t\t\t\t\t<img decoding=\"async\" width=\"296\" height=\"181\" src=\"https:\/\/mitjornmotorent.com\/wp-content\/uploads\/2024\/05\/oficina-Mitjorn-Central.jpg\" class=\"attachment-large size-large wp-image-15094\" alt=\"\" \/>\t\t\t\t\t\t\t\t\t\t\t\t\t\t\t<\/div>\n\t\t\t\t<\/div>\n\t\t\t\t<div class=\"elementor-element elementor-element-5a57a01 title elementor-widget elementor-widget-heading\" data-id=\"5a57a01\" data-element_type=\"widget\" data-e-type=\"widget\" data-widget_type=\"heading.default\">\n\t\t\t\t<div class=\"elementor-widget-container\">\n\t\t\t\t\t<div class=\"elementor-heading-title elementor-size-default\"><span class=\"title\">Mitjorn Central<\/span><\/div>\t\t\t\t<\/div>\n\t\t\t\t<\/div>\n\t\t\t\t<div class=\"elementor-element elementor-element-26734a3 texto-negro texto-15 elementor-widget elementor-widget-text-editor\" data-id=\"26734a3\" data-element_type=\"widget\" data-e-type=\"widget\" data-widget_type=\"text-editor.default\">\n\t\t\t\t<div class=\"elementor-widget-container\">\n\t\t\t\t\t\t\t\t\t<p>Mitjorn Central<br \/>Edificio Sabina Playa<br \/>Avinguda Mediterr\u00e0nia, 2 <br \/>07870 La Savina (Formentera) <br \/><a class=\"texto-rojo\" href=\"tel:+34971322306\">Tlf. (+34) 971 322 306<\/a><\/p>\t\t\t\t\t\t\t\t<\/div>\n\t\t\t\t<\/div>\n\t\t\t\t<\/div>\n\t\t<div class=\"elementor-element elementor-element-ef0cac4 e-con-full e-flex e-con e-child\" data-id=\"ef0cac4\" data-element_type=\"container\" data-e-type=\"container\">\n\t\t\t\t<div class=\"elementor-element elementor-element-29c736c elementor-widget elementor-widget-image\" data-id=\"29c736c\" data-element_type=\"widget\" data-e-type=\"widget\" data-widget_type=\"image.default\">\n\t\t\t\t<div class=\"elementor-widget-container\">\n\t\t\t\t\t\t\t\t\t\t\t\t\t\t\t<img loading=\"lazy\" decoding=\"async\" width=\"296\" height=\"181\" src=\"https:\/\/mitjornmotorent.com\/wp-content\/uploads\/2024\/05\/oficina-Blue-Autos.jpg\" class=\"attachment-large size-large wp-image-15098\" alt=\"\" \/>\t\t\t\t\t\t\t\t\t\t\t\t\t\t\t<\/div>\n\t\t\t\t<\/div>\n\t\t\t\t<div class=\"elementor-element elementor-element-7c66657 title elementor-widget elementor-widget-heading\" data-id=\"7c66657\" data-element_type=\"widget\" data-e-type=\"widget\" data-widget_type=\"heading.default\">\n\t\t\t\t<div class=\"elementor-widget-container\">\n\t\t\t\t\t<div class=\"elementor-heading-title elementor-size-default\"><span class=\"title\">Blue Autos Puerto<\/span><\/div>\t\t\t\t<\/div>\n\t\t\t\t<\/div>\n\t\t\t\t<div class=\"elementor-element elementor-element-a6078b9 texto-negro texto-15 elementor-widget elementor-widget-text-editor\" data-id=\"a6078b9\" data-element_type=\"widget\" data-e-type=\"widget\" data-widget_type=\"text-editor.default\">\n\t\t\t\t<div class=\"elementor-widget-container\">\n\t\t\t\t\t\t\t\t\t<p>Edificio de Aparacamientos \u2013 <br \/>Puerto de la Savina<br \/>Calle Vapor Manolito, S\/N &#8211; Local N\u00ba13 07870 La Savina (Formentera)<br \/><a class=\"texto-rojo\" href=\"tel:+34971322306\">Tlf. (+34) 971 322 306<\/a><\/p>\t\t\t\t\t\t\t\t<\/div>\n\t\t\t\t<\/div>\n\t\t\t\t<\/div>\n\t\t\t\t<\/div>\n\t\t\t\t\t<\/div>\n\t\t<\/div>\n\t\t\t\t\t<\/div>\n\t\t<\/section>\n\t\t\t\t<\/div>\n\t\t","protected":false},"excerpt":{"rendered":"<p>Location de v\u00e9los \u00e9lectriques \u00e0 Formentera V\u00c9LOS \u00c9LECTRIQUES, ID\u00c9AUX POUR D\u00c9COUVRIR L\u2019\u00ceLE Si vous souhaitez d\u00e9couvrir l\u2019\u00eele de mani\u00e8re confortable, silencieuse et plus durable, louer un v\u00e9lo \u00e9lectrique \u00e0 Formentera est une excellente option. Les v\u00e9los \u00e9lectriques sont parfaits pour se d\u00e9placer en toute tranquillit\u00e9, profiter du paysage et s\u2019adapter au rythme naturel d\u2019une \u00eele [&hellip;]<\/p>\n","protected":false},"author":2,"featured_media":0,"parent":0,"menu_order":0,"comment_status":"closed","ping_status":"closed","template":"elementor_header_footer","meta":{"_acf_changed":false,"footnotes":""},"class_list":["post-19818","page","type-page","status-publish","hentry"],"acf":[],"yoast_head":"<!-- This site is optimized with the Yoast SEO plugin v27.0 - https:\/\/yoast.com\/product\/yoast-seo-wordpress\/ -->\n<title>V\u00e9los \u00e9lectriques - ALQUILER MOTOS, BICICLETAS Y COCHES FORMENTERA<\/title>\n<meta name=\"robots\" content=\"index, follow, max-snippet:-1, max-image-preview:large, max-video-preview:-1\" \/>\n<link rel=\"canonical\" href=\"https:\/\/mitjornmotorent.com\/fr\/velos-electriques\/\" \/>\n<meta property=\"og:locale\" content=\"fr_FR\" \/>\n<meta property=\"og:type\" content=\"article\" \/>\n<meta property=\"og:title\" content=\"V\u00e9los \u00e9lectriques - ALQUILER MOTOS, BICICLETAS Y COCHES FORMENTERA\" \/>\n<meta property=\"og:description\" content=\"Location de v\u00e9los \u00e9lectriques \u00e0 Formentera V\u00c9LOS \u00c9LECTRIQUES, ID\u00c9AUX POUR D\u00c9COUVRIR L\u2019\u00ceLE Si vous souhaitez d\u00e9couvrir l\u2019\u00eele de mani\u00e8re confortable, silencieuse et plus durable, louer un v\u00e9lo \u00e9lectrique \u00e0 Formentera est une excellente option. Les v\u00e9los \u00e9lectriques sont parfaits pour se d\u00e9placer en toute tranquillit\u00e9, profiter du paysage et s\u2019adapter au rythme naturel d\u2019une \u00eele [&hellip;]\" \/>\n<meta property=\"og:url\" content=\"https:\/\/mitjornmotorent.com\/fr\/velos-electriques\/\" \/>\n<meta property=\"og:site_name\" content=\"ALQUILER MOTOS, BICICLETAS Y COCHES FORMENTERA\" \/>\n<meta property=\"article:modified_time\" content=\"2026-04-17T11:55:04+00:00\" \/>\n<meta property=\"og:image\" content=\"https:\/\/mitjornmotorent.com\/wp-content\/uploads\/2024\/05\/oficina-Mitjorn-Puerto-1.jpg\" \/>\n\t<meta property=\"og:image:width\" content=\"296\" \/>\n\t<meta property=\"og:image:height\" content=\"181\" \/>\n\t<meta property=\"og:image:type\" content=\"image\/jpeg\" \/>\n<meta name=\"twitter:card\" content=\"summary_large_image\" \/>\n<meta name=\"twitter:label1\" content=\"Dur\u00e9e de lecture estim\u00e9e\" \/>\n\t<meta name=\"twitter:data1\" content=\"3 minutes\" \/>\n<script type=\"application\/ld+json\" class=\"yoast-schema-graph\">{\"@context\":\"https:\/\/schema.org\",\"@graph\":[{\"@type\":\"WebPage\",\"@id\":\"https:\/\/mitjornmotorent.com\/fr\/velos-electriques\/\",\"url\":\"https:\/\/mitjornmotorent.com\/fr\/velos-electriques\/\",\"name\":\"V\u00e9los \u00e9lectriques - ALQUILER MOTOS, BICICLETAS Y COCHES FORMENTERA\",\"isPartOf\":{\"@id\":\"https:\/\/mitjornmotorent.com\/fr\/#website\"},\"primaryImageOfPage\":{\"@id\":\"https:\/\/mitjornmotorent.com\/fr\/velos-electriques\/#primaryimage\"},\"image\":{\"@id\":\"https:\/\/mitjornmotorent.com\/fr\/velos-electriques\/#primaryimage\"},\"thumbnailUrl\":\"https:\/\/mitjornmotorent.com\/wp-content\/uploads\/2024\/05\/oficina-Mitjorn-Puerto-1.jpg\",\"datePublished\":\"2026-03-10T09:00:53+00:00\",\"dateModified\":\"2026-04-17T11:55:04+00:00\",\"breadcrumb\":{\"@id\":\"https:\/\/mitjornmotorent.com\/fr\/velos-electriques\/#breadcrumb\"},\"inLanguage\":\"fr-FR\",\"potentialAction\":[{\"@type\":\"ReadAction\",\"target\":[\"https:\/\/mitjornmotorent.com\/fr\/velos-electriques\/\"]}]},{\"@type\":\"ImageObject\",\"inLanguage\":\"fr-FR\",\"@id\":\"https:\/\/mitjornmotorent.com\/fr\/velos-electriques\/#primaryimage\",\"url\":\"https:\/\/mitjornmotorent.com\/wp-content\/uploads\/2024\/05\/oficina-Mitjorn-Puerto-1.jpg\",\"contentUrl\":\"https:\/\/mitjornmotorent.com\/wp-content\/uploads\/2024\/05\/oficina-Mitjorn-Puerto-1.jpg\"},{\"@type\":\"BreadcrumbList\",\"@id\":\"https:\/\/mitjornmotorent.com\/fr\/velos-electriques\/#breadcrumb\",\"itemListElement\":[{\"@type\":\"ListItem\",\"position\":1,\"name\":\"Portada\",\"item\":\"https:\/\/mitjornmotorent.com\/fr\/\"},{\"@type\":\"ListItem\",\"position\":2,\"name\":\"V\u00e9los \u00e9lectriques\"}]},{\"@type\":\"WebSite\",\"@id\":\"https:\/\/mitjornmotorent.com\/fr\/#website\",\"url\":\"https:\/\/mitjornmotorent.com\/fr\/\",\"name\":\"ALQUILER MOTOS, BICICLETAS Y COCHES FORMENTERA\",\"description\":\"N\u00ba1 MITJORN MotoRent\",\"potentialAction\":[{\"@type\":\"SearchAction\",\"target\":{\"@type\":\"EntryPoint\",\"urlTemplate\":\"https:\/\/mitjornmotorent.com\/fr\/?s={search_term_string}\"},\"query-input\":{\"@type\":\"PropertyValueSpecification\",\"valueRequired\":true,\"valueName\":\"search_term_string\"}}],\"inLanguage\":\"fr-FR\"}]}<\/script>\n<!-- \/ Yoast SEO plugin. -->","yoast_head_json":{"title":"V\u00e9los \u00e9lectriques - ALQUILER MOTOS, BICICLETAS Y COCHES FORMENTERA","robots":{"index":"index","follow":"follow","max-snippet":"max-snippet:-1","max-image-preview":"max-image-preview:large","max-video-preview":"max-video-preview:-1"},"canonical":"https:\/\/mitjornmotorent.com\/fr\/velos-electriques\/","og_locale":"fr_FR","og_type":"article","og_title":"V\u00e9los \u00e9lectriques - ALQUILER MOTOS, BICICLETAS Y COCHES FORMENTERA","og_description":"Location de v\u00e9los \u00e9lectriques \u00e0 Formentera V\u00c9LOS \u00c9LECTRIQUES, ID\u00c9AUX POUR D\u00c9COUVRIR L\u2019\u00ceLE Si vous souhaitez d\u00e9couvrir l\u2019\u00eele de mani\u00e8re confortable, silencieuse et plus durable, louer un v\u00e9lo \u00e9lectrique \u00e0 Formentera est une excellente option. Les v\u00e9los \u00e9lectriques sont parfaits pour se d\u00e9placer en toute tranquillit\u00e9, profiter du paysage et s\u2019adapter au rythme naturel d\u2019une \u00eele [&hellip;]","og_url":"https:\/\/mitjornmotorent.com\/fr\/velos-electriques\/","og_site_name":"ALQUILER MOTOS, BICICLETAS Y COCHES FORMENTERA","article_modified_time":"2026-04-17T11:55:04+00:00","og_image":[{"width":296,"height":181,"url":"https:\/\/mitjornmotorent.com\/wp-content\/uploads\/2024\/05\/oficina-Mitjorn-Puerto-1.jpg","type":"image\/jpeg"}],"twitter_card":"summary_large_image","twitter_misc":{"Dur\u00e9e de lecture estim\u00e9e":"3 minutes"},"schema":{"@context":"https:\/\/schema.org","@graph":[{"@type":"WebPage","@id":"https:\/\/mitjornmotorent.com\/fr\/velos-electriques\/","url":"https:\/\/mitjornmotorent.com\/fr\/velos-electriques\/","name":"V\u00e9los \u00e9lectriques - ALQUILER MOTOS, BICICLETAS Y COCHES FORMENTERA","isPartOf":{"@id":"https:\/\/mitjornmotorent.com\/fr\/#website"},"primaryImageOfPage":{"@id":"https:\/\/mitjornmotorent.com\/fr\/velos-electriques\/#primaryimage"},"image":{"@id":"https:\/\/mitjornmotorent.com\/fr\/velos-electriques\/#primaryimage"},"thumbnailUrl":"https:\/\/mitjornmotorent.com\/wp-content\/uploads\/2024\/05\/oficina-Mitjorn-Puerto-1.jpg","datePublished":"2026-03-10T09:00:53+00:00","dateModified":"2026-04-17T11:55:04+00:00","breadcrumb":{"@id":"https:\/\/mitjornmotorent.com\/fr\/velos-electriques\/#breadcrumb"},"inLanguage":"fr-FR","potentialAction":[{"@type":"ReadAction","target":["https:\/\/mitjornmotorent.com\/fr\/velos-electriques\/"]}]},{"@type":"ImageObject","inLanguage":"fr-FR","@id":"https:\/\/mitjornmotorent.com\/fr\/velos-electriques\/#primaryimage","url":"https:\/\/mitjornmotorent.com\/wp-content\/uploads\/2024\/05\/oficina-Mitjorn-Puerto-1.jpg","contentUrl":"https:\/\/mitjornmotorent.com\/wp-content\/uploads\/2024\/05\/oficina-Mitjorn-Puerto-1.jpg"},{"@type":"BreadcrumbList","@id":"https:\/\/mitjornmotorent.com\/fr\/velos-electriques\/#breadcrumb","itemListElement":[{"@type":"ListItem","position":1,"name":"Portada","item":"https:\/\/mitjornmotorent.com\/fr\/"},{"@type":"ListItem","position":2,"name":"V\u00e9los \u00e9lectriques"}]},{"@type":"WebSite","@id":"https:\/\/mitjornmotorent.com\/fr\/#website","url":"https:\/\/mitjornmotorent.com\/fr\/","name":"ALQUILER MOTOS, BICICLETAS Y COCHES FORMENTERA","description":"N\u00ba1 MITJORN MotoRent","potentialAction":[{"@type":"SearchAction","target":{"@type":"EntryPoint","urlTemplate":"https:\/\/mitjornmotorent.com\/fr\/?s={search_term_string}"},"query-input":{"@type":"PropertyValueSpecification","valueRequired":true,"valueName":"search_term_string"}}],"inLanguage":"fr-FR"}]}},"_links":{"self":[{"href":"https:\/\/mitjornmotorent.com\/fr\/wp-json\/wp\/v2\/pages\/19818","targetHints":{"allow":["GET"]}}],"collection":[{"href":"https:\/\/mitjornmotorent.com\/fr\/wp-json\/wp\/v2\/pages"}],"about":[{"href":"https:\/\/mitjornmotorent.com\/fr\/wp-json\/wp\/v2\/types\/page"}],"author":[{"embeddable":true,"href":"https:\/\/mitjornmotorent.com\/fr\/wp-json\/wp\/v2\/users\/2"}],"replies":[{"embeddable":true,"href":"https:\/\/mitjornmotorent.com\/fr\/wp-json\/wp\/v2\/comments?post=19818"}],"version-history":[{"count":14,"href":"https:\/\/mitjornmotorent.com\/fr\/wp-json\/wp\/v2\/pages\/19818\/revisions"}],"predecessor-version":[{"id":19894,"href":"https:\/\/mitjornmotorent.com\/fr\/wp-json\/wp\/v2\/pages\/19818\/revisions\/19894"}],"wp:attachment":[{"href":"https:\/\/mitjornmotorent.com\/fr\/wp-json\/wp\/v2\/media?parent=19818"}],"curies":[{"name":"wp","href":"https:\/\/api.w.org\/{rel}","templated":true}]}}