{"id":15643,"date":"2024-02-12T10:25:12","date_gmt":"2024-02-12T10:25:12","guid":{"rendered":"https:\/\/mitjorn.walaxia.cat\/?page_id=15643"},"modified":"2025-02-11T08:42:34","modified_gmt":"2025-02-11T08:42:34","slug":"faqs","status":"publish","type":"page","link":"https:\/\/mitjornmotorent.com\/fr\/faqs\/","title":{"rendered":"FAQs"},"content":{"rendered":"\t\t<div data-elementor-type=\"wp-page\" data-elementor-id=\"15643\" class=\"elementor elementor-15643 elementor-9408\" data-elementor-post-type=\"page\">\n\t\t\t\t\t\t<section class=\"elementor-section elementor-top-section elementor-element elementor-element-484851b elementor-section-boxed elementor-section-height-default elementor-section-height-default\" data-id=\"484851b\" data-element_type=\"section\" data-e-type=\"section\" data-settings=\"{&quot;background_background&quot;:&quot;classic&quot;}\">\n\t\t\t\t\t\t<div class=\"elementor-container elementor-column-gap-no\">\n\t\t\t\t\t<div class=\"elementor-column elementor-col-100 elementor-top-column elementor-element elementor-element-94577bd\" data-id=\"94577bd\" data-element_type=\"column\" data-e-type=\"column\">\n\t\t\t<div class=\"elementor-widget-wrap elementor-element-populated\">\n\t\t\t\t\t\t<div class=\"elementor-element elementor-element-4964ed2 elementor-widget elementor-widget-tripgo_elementor_header_banner\" data-id=\"4964ed2\" data-element_type=\"widget\" data-e-type=\"widget\" data-widget_type=\"tripgo_elementor_header_banner.default\">\n\t\t\t\t<div class=\"elementor-widget-container\">\n\t\t\t\t\t\t\t \t<!-- Display when you choose background per Post -->\n\t\t \t<div class=\"wrap_header_banner  left \"  >\n\n\t\t \t\t\t\t\t \t\n\t\t\t\t \t<div class=\"cover_color\"><\/div>\n\n\t\t\t\t\t<div class=\"header_banner_el \">\n\t\t\t\t\t\t\n\t\t\t\t\t\t\n\n\t\t\t\t\t\t\t\t\t\t\t\t\t<div class=\"header_breadcrumbs\">\n\t\t\t\t\t\t\t\t<div id=\"breadcrumbs\"><ul class=\"breadcrumb\"><li><a href=\"https:\/\/mitjornmotorent.com\/fr\/\" title=\"Home\">Home<\/a><\/li> <li class=\"li_separator\"><span class=\"separator\"><i class=\"ovaicon-next\"><\/i><\/span><\/li><li>Page<\/li><\/ul><\/div>\t\t\t\t\t\t\t<\/div>\n\t\t\t\t\t\t\n\t\t\t\t\t<\/div>\n\n\t\t\t\t\n\t\t\t<\/div>\n\t\t\t\t\t\t<\/div>\n\t\t\t\t<\/div>\n\t\t\t\t\t<\/div>\n\t\t<\/div>\n\t\t\t\t\t<\/div>\n\t\t<\/section>\n\t\t<div class=\"elementor-element elementor-element-919a150 e-flex e-con-boxed e-con e-parent\" data-id=\"919a150\" data-element_type=\"container\" data-e-type=\"container\">\n\t\t\t\t\t<div class=\"e-con-inner\">\n\t\t\t\t<div class=\"elementor-element elementor-element-b958d71 elementor-widget elementor-widget-spacer\" data-id=\"b958d71\" data-element_type=\"widget\" data-e-type=\"widget\" id=\"motor-busqueda\" data-widget_type=\"spacer.default\">\n\t\t\t\t<div class=\"elementor-widget-container\">\n\t\t\t\t\t\t\t<div class=\"elementor-spacer\">\n\t\t\t<div class=\"elementor-spacer-inner\"><\/div>\n\t\t<\/div>\n\t\t\t\t\t\t<\/div>\n\t\t\t\t<\/div>\n\t\t\t\t\t<\/div>\n\t\t\t\t<\/div>\n\t\t<div class=\"elementor-element elementor-element-4f23d14 e-flex e-con-boxed e-con e-parent\" data-id=\"4f23d14\" data-element_type=\"container\" data-e-type=\"container\">\n\t\t\t\t\t<div class=\"e-con-inner\">\n\t\t\t\t<div class=\"elementor-element elementor-element-0486dd8 elementor-widget elementor-widget-shortcode\" data-id=\"0486dd8\" data-element_type=\"widget\" data-e-type=\"widget\" data-widget_type=\"shortcode.default\">\n\t\t\t\t<div class=\"elementor-widget-container\">\n\t\t\t\t\t\t\t<div class=\"elementor-shortcode\">\n<section class=\"mybooking mybooking-selector widget widget_mybooking_renting_engine_selector reservation-step  \">\n  <form\n    id=\"form-selector\"\n    class=\"mybooking-selector_form\"\n    name=\"widget_search_form\"\n    method=\"get\"\n    enctype=\"application\/x-www-form-urlencoded\">\n\n    \n    \n    \n    \n      <\/form>\n<\/section>\n<\/div>\n\t\t\t\t\t\t<\/div>\n\t\t\t\t<\/div>\n\t\t\t\t\t<\/div>\n\t\t\t\t<\/div>\n\t\t<div class=\"elementor-element elementor-element-c4a8741 elementor-hidden-desktop elementor-hidden-tablet elementor-hidden-mobile e-flex e-con-boxed e-con e-parent\" data-id=\"c4a8741\" data-element_type=\"container\" data-e-type=\"container\" data-settings=\"{&quot;background_background&quot;:&quot;classic&quot;}\">\n\t\t\t\t\t<div class=\"e-con-inner\">\n\t\t\t\t<div class=\"elementor-element elementor-element-ba29687 elementor-widget__width-inherit elementor-widget elementor-widget-shortcode\" data-id=\"ba29687\" data-element_type=\"widget\" data-e-type=\"widget\" data-widget_type=\"shortcode.default\">\n\t\t\t\t<div class=\"elementor-widget-container\">\n\t\t\t\t\t\t\t<div class=\"elementor-shortcode\">\n<section class=\"mybooking mybooking-selector widget widget_mybooking_renting_engine_selector reservation-step  \">\n  <form\n    id=\"form-selector\"\n    class=\"mybooking-selector_form\"\n    name=\"widget_search_form\"\n    method=\"get\"\n    enctype=\"application\/x-www-form-urlencoded\">\n\n    \n    \n    \n    \n      <\/form>\n<\/section>\n<\/div>\n\t\t\t\t\t\t<\/div>\n\t\t\t\t<\/div>\n\t\t\t\t\t<\/div>\n\t\t\t\t<\/div>\n\t\t<div class=\"elementor-element elementor-element-29f93e0 e-flex e-con-boxed e-con e-parent\" data-id=\"29f93e0\" data-element_type=\"container\" data-e-type=\"container\">\n\t\t\t\t\t<div class=\"e-con-inner\">\n\t\t\t\t<div class=\"elementor-element elementor-element-7e927b8 elementor-view-stacked icono-rojo elementor-shape-circle elementor-widget elementor-widget-icon\" data-id=\"7e927b8\" data-element_type=\"widget\" data-e-type=\"widget\" data-widget_type=\"icon.default\">\n\t\t\t\t<div class=\"elementor-widget-container\">\n\t\t\t\t\t\t\t<div class=\"elementor-icon-wrapper\">\n\t\t\t<div class=\"elementor-icon\">\n\t\t\t<svg xmlns=\"http:\/\/www.w3.org\/2000\/svg\" viewBox=\"0 0 109.85 98.2\"><defs><style>.cls-1{fill:#dd1136;}<\/style><\/defs><g id=\"Capa_2\" data-name=\"Capa 2\"><g id=\"Capa_1-2\" data-name=\"Capa 1\"><path class=\"cls-1\" d=\"M7.05,91.93Q0,85.66,0,74.68T7,58.09q7-5.72,18.53-5.72L26,43.83H39.61l.56,18.86h-5q-9.76,0-15,2.55t-5.1,9.55a10.21,10.21,0,0,0,2.83,7.65,10.55,10.55,0,0,0,7.71,2.78q5.1,0,7.94-2.78a10.24,10.24,0,0,0,2.82-7.65H51a23.53,23.53,0,0,1-2.88,12.09,20.66,20.66,0,0,1-8.82,8.32,29.61,29.61,0,0,1-13.71,3Q14.1,98.2,7.05,91.93Zm32.73-72a8.64,8.64,0,0,1,2.72,6.49,8.64,8.64,0,0,1-2.72,6.49,9.61,9.61,0,0,1-6.94,2.61,9.25,9.25,0,0,1-6.76-2.61,8.7,8.7,0,0,1-2.67-6.49,8.7,8.7,0,0,1,2.67-6.49,9.25,9.25,0,0,1,6.76-2.61A9.61,9.61,0,0,1,39.78,19.92Z\"><\/path><path class=\"cls-1\" d=\"M102.8,6.27q7,6.27,7,17.25t-7,16.59q-7,5.72-18.53,5.72l-.44,8.54H70.24l-.56-18.86h5q9.64,0,14.86-2.56t5.22-9.32a10.58,10.58,0,0,0-2.83-7.76A10.29,10.29,0,0,0,84.22,13c-3.41,0-6,.93-7.94,2.78a10.25,10.25,0,0,0-2.83,7.65H58.81a23.43,23.43,0,0,1,2.88-12.09A20.66,20.66,0,0,1,70.51,3,29.58,29.58,0,0,1,84.22,0Q95.76,0,102.8,6.27Zm-32.73,72a9.1,9.1,0,0,1,0-13A9.6,9.6,0,0,1,77,62.69a9.25,9.25,0,0,1,6.76,2.61,9.22,9.22,0,0,1,0,13A9.25,9.25,0,0,1,77,80.89,9.6,9.6,0,0,1,70.07,78.28Z\"><\/path><\/g><\/g><\/svg>\t\t\t<\/div>\n\t\t<\/div>\n\t\t\t\t\t\t<\/div>\n\t\t\t\t<\/div>\n\t\t\t\t<div class=\"elementor-element elementor-element-c6be345 texto-rojo  elementor-widget elementor-widget-tripgo_elementor_heading\" data-id=\"c6be345\" data-element_type=\"widget\" data-e-type=\"widget\" data-widget_type=\"tripgo_elementor_heading.default\">\n\t\t\t\t<div class=\"elementor-widget-container\">\n\t\t\t\t\t\t\t<div class=\"ova-title\">\n\n\t\t\t\n\t\t\t\t\t\t\t\n\t\t\t\t\t<h2 class=\"title\">Vous avez des doutes ? nous les r\u00e9solvons pour vous<\/h2>\n\t\t\t\t\t\t\t\n\t\t\t\n\t\t<\/div> \n\t\t \t\n\t\t\t\t\t\t<\/div>\n\t\t\t\t<\/div>\n\t\t\t\t\t<\/div>\n\t\t\t\t<\/div>\n\t\t<div class=\"elementor-element elementor-element-ed51c16 e-flex e-con-boxed e-con e-parent\" data-id=\"ed51c16\" data-element_type=\"container\" data-e-type=\"container\">\n\t\t\t\t\t<div class=\"e-con-inner\">\n\t\t\t\t<div class=\"elementor-element elementor-element-aae20eb faq elementor-widget elementor-widget-accordion\" data-id=\"aae20eb\" data-element_type=\"widget\" data-e-type=\"widget\" data-widget_type=\"accordion.default\">\n\t\t\t\t<div class=\"elementor-widget-container\">\n\t\t\t\t\t\t\t<div class=\"elementor-accordion\">\n\t\t\t\t\t\t\t<div class=\"elementor-accordion-item\">\n\t\t\t\t\t<div id=\"elementor-tab-title-1791\" class=\"elementor-tab-title\" data-tab=\"1\" role=\"button\" aria-controls=\"elementor-tab-content-1791\" aria-expanded=\"false\">\n\t\t\t\t\t\t\t\t\t\t\t\t<a class=\"elementor-accordion-title\" tabindex=\"0\">1 - O\u00f9 se trouvent les bureaux de Mitjorn?<\/a>\n\t\t\t\t\t<\/div>\n\t\t\t\t\t<div id=\"elementor-tab-content-1791\" class=\"elementor-tab-content elementor-clearfix\" data-tab=\"1\" role=\"region\" aria-labelledby=\"elementor-tab-title-1791\"><p><span data-contrast=\"auto\">Afin d&rsquo;\u00eatre pr\u00e9sent dans le plus grand nombre d&rsquo;endroits possible et d&rsquo;offrir le meilleur service, Mitjorn dispose de diff\u00e9rents sites de livraison.<\/span><span data-ccp-props=\"{}\">\u00a0<\/span><\/p><p><span data-contrast=\"auto\">Nous disposons de bureaux situ\u00e9s dans le principal lieu touristique de l&rsquo;\u00eele, le port de La Savina, et nous proposons en option un service gratuit de livraison\/r\u00e9cup\u00e9ration du v\u00e9hicule \u00e0 votre lieu d&rsquo;h\u00e9bergement au cas o\u00f9 nous n&rsquo;aurions pas de bureau \u00e0 proximit\u00e9.<\/span><span data-ccp-props=\"{}\">\u00a0<\/span><\/p><p><span data-contrast=\"auto\">Dans toutes les agences de location Mitjorn, nous offrons le m\u00eame excellent service, ainsi qu&rsquo;une flotte large et vari\u00e9e de v\u00e9hicules neufs, d&rsquo;extras et de services pour le confort du client.<\/span><span data-ccp-props=\"{}\">\u00a0<\/span><\/p><p><span data-contrast=\"auto\">Pour effectuer une r\u00e9servation en ligne, vous pouvez payer avec une carte de cr\u00e9dit ou de d\u00e9bit VISA ou MASTERCARD ou par virement bancaire. Une fois au bureau, vous pouvez payer en esp\u00e8ces ou avec une carte de cr\u00e9dit ou de d\u00e9bit VISA ou MASTERCARD.<\/span><span data-ccp-props=\"{}\">\u00a0<\/span><\/p><p><span data-contrast=\"auto\">Consultez nos OFFRES pour les locations de plus de 8 jours et de plus de 14 jours. Veuillez vous renseigner sur les extras et suppl\u00e9ments tels que les si\u00e8ges b\u00e9b\u00e9 et enfant, ou les livraisons et retours en dehors des heures de bureau.<\/span><span data-ccp-props=\"{}\">\u00a0<\/span><\/p><\/div>\n\t\t\t\t<\/div>\n\t\t\t\t\t\t\t<div class=\"elementor-accordion-item\">\n\t\t\t\t\t<div id=\"elementor-tab-title-1792\" class=\"elementor-tab-title\" data-tab=\"2\" role=\"button\" aria-controls=\"elementor-tab-content-1792\" aria-expanded=\"false\">\n\t\t\t\t\t\t\t\t\t\t\t\t<a class=\"elementor-accordion-title\" tabindex=\"0\">2 - Que comprend la location de voiture avec Mitjorn?<\/a>\n\t\t\t\t\t<\/div>\n\t\t\t\t\t<div id=\"elementor-tab-content-1792\" class=\"elementor-tab-content elementor-clearfix\" data-tab=\"2\" role=\"region\" aria-labelledby=\"elementor-tab-title-1792\"><p><span class=\"TextRun SCXW133676611 BCX0\" lang=\"ES-ES\" xml:lang=\"ES-ES\" data-contrast=\"auto\"><span class=\"NormalTextRun SpellingErrorV2Themed SCXW133676611 BCX0\">Notre<\/span> <span class=\"NormalTextRun SpellingErrorV2Themed SCXW133676611 BCX0\">service<\/span><span class=\"NormalTextRun SCXW133676611 BCX0\"> de <\/span><span class=\"NormalTextRun SpellingErrorV2Themed SCXW133676611 BCX0\">location<\/span><span class=\"NormalTextRun SCXW133676611 BCX0\"> de <\/span><span class=\"NormalTextRun SpellingErrorV2Themed SCXW133676611 BCX0\">v\u00e9hicule<\/span> <span class=\"NormalTextRun SpellingErrorV2Themed SCXW133676611 BCX0\">comprend<\/span> <span class=\"NormalTextRun SpellingErrorV2Themed SCXW133676611 BCX0\">deux<\/span><span class=\"NormalTextRun SCXW133676611 BCX0\"> casques, une <\/span><span class=\"NormalTextRun SpellingErrorV2Themed SCXW133676611 BCX0\">assurance<\/span> <span class=\"NormalTextRun SpellingErrorV2Themed SCXW133676611 BCX0\">tous<\/span><span class=\"NormalTextRun SCXW133676611 BCX0\"> risques <\/span><span class=\"NormalTextRun SpellingErrorV2Themed SCXW133676611 BCX0\">avec<\/span> <span class=\"NormalTextRun SpellingErrorV2Themed SCXW133676611 BCX0\">franchise<\/span><span class=\"NormalTextRun SCXW133676611 BCX0\">, un <\/span><span class=\"NormalTextRun SpellingErrorV2Themed SCXW133676611 BCX0\">kilom\u00e9trage<\/span> <span class=\"NormalTextRun SpellingErrorV2Themed SCXW133676611 BCX0\">illimit\u00e9<\/span><span class=\"NormalTextRun SCXW133676611 BCX0\"> et les <\/span><span class=\"NormalTextRun SpellingErrorV2Themed SCXW133676611 BCX0\">taxes<\/span><span class=\"NormalTextRun SCXW133676611 BCX0\"> incluses.<\/span><\/span><span class=\"EOP SCXW133676611 BCX0\" data-ccp-props=\"{}\">\u00a0<\/span><\/p><\/div>\n\t\t\t\t<\/div>\n\t\t\t\t\t\t\t<div class=\"elementor-accordion-item\">\n\t\t\t\t\t<div id=\"elementor-tab-title-1793\" class=\"elementor-tab-title\" data-tab=\"3\" role=\"button\" aria-controls=\"elementor-tab-content-1793\" aria-expanded=\"false\">\n\t\t\t\t\t\t\t\t\t\t\t\t<a class=\"elementor-accordion-title\" tabindex=\"0\">3 - Quelles conditions dois-je remplir pour louer un v\u00e9hicule ? Est-il n\u00e9cessaire d'avoir une carte sp\u00e9ciale?<\/a>\n\t\t\t\t\t<\/div>\n\t\t\t\t\t<div id=\"elementor-tab-content-1793\" class=\"elementor-tab-content elementor-clearfix\" data-tab=\"3\" role=\"region\" aria-labelledby=\"elementor-tab-title-1793\"><p><span data-contrast=\"auto\">Motos : Vous devez avoir 18 ans ou plus, pr\u00e9senter votre passeport ou votre carte d&rsquo;identit\u00e9 et avoir une carte de cr\u00e9dit ou de l&rsquo;argent liquide pour la caution. De plus, votre permis de conduire doit \u00eatre valable en Espagne.<\/span><span data-ccp-props=\"{}\">\u00a0<\/span><\/p><p><span data-contrast=\"auto\">V\u00e9los : Pour louer un v\u00e9lo, vous aurez uniquement besoin de votre passeport ou carte d&rsquo;identit\u00e9, et d&rsquo;une carte de cr\u00e9dit ou d&rsquo;esp\u00e8ces pour la caution.<\/span><span data-ccp-props=\"{}\">\u00a0<\/span><\/p><p><span data-contrast=\"auto\">Voitures : Pour louer une voiture, vous devez avoir au moins 21 ans et avoir un minimum de 2 ans d&rsquo;exp\u00e9rience avec votre permis de conduire. De plus, vous aurez besoin de votre passeport ou de votre carte d&rsquo;identit\u00e9, ainsi que d&rsquo;une carte de cr\u00e9dit ou d&rsquo;argent liquide pour la caution. Il est essentiel que votre permis de conduire soit valable en Espagne. Un conducteur est consid\u00e9r\u00e9 comme un nouveau conducteur s\u2019il a entre 21 et 25 ans. Si le conducteur appartient \u00e0 la cat\u00e9gorie conducteur novice, la location d&rsquo;une voiture sera factur\u00e9e 6 \u20ac par jour.<\/span><span data-ccp-props=\"{}\">\u00a0<\/span><\/p><\/div>\n\t\t\t\t<\/div>\n\t\t\t\t\t\t\t<div class=\"elementor-accordion-item\">\n\t\t\t\t\t<div id=\"elementor-tab-title-1794\" class=\"elementor-tab-title\" data-tab=\"4\" role=\"button\" aria-controls=\"elementor-tab-content-1794\" aria-expanded=\"false\">\n\t\t\t\t\t\t\t\t\t\t\t\t<a class=\"elementor-accordion-title\" tabindex=\"0\">4 - De quel type de permis ai-je besoin pour conduire les motos que vous proposez?<\/a>\n\t\t\t\t\t<\/div>\n\t\t\t\t\t<div id=\"elementor-tab-content-1794\" class=\"elementor-tab-content elementor-clearfix\" data-tab=\"4\" role=\"region\" aria-labelledby=\"elementor-tab-title-1794\"><p><span data-contrast=\"auto\">Les exigences minimales pour nos emplacements de location sont \u00e9num\u00e9r\u00e9es ci-dessous. Les cat\u00e9gories mentionn\u00e9es correspondent aux cat\u00e9gories officielles du permis de conduire europ\u00e9en.<\/span><span data-ccp-props=\"{}\">\u00a0<\/span><\/p><p><span data-contrast=\"auto\">MOTO 50CC : Minimum 18 ans, B\/AM, permis B (+ d&rsquo;1 an).<\/span><span data-ccp-props=\"{}\">\u00a0<\/span><\/p><p><span data-contrast=\"auto\">MOTO 125CC : Min. 18 ans, A1\/A ou Min. 21 ans et +3 ans d&rsquo;exp\u00e9rience avec B.<\/span><span data-ccp-props=\"{}\">\u00a0<\/span><\/p><p><span data-contrast=\"auto\">MOTO 300CC : Minimum 21 ans et permis A ou A2.<\/span><span data-ccp-props=\"{}\">\u00a0<\/span><\/p><p><span data-contrast=\"auto\">*Remarque : Si le permis de conduire n&rsquo;est pas issu d&rsquo;un pays de l&rsquo;Union \u00e9conomique europ\u00e9enne ou s&rsquo;il n&rsquo;y a pas d&rsquo;accord avec l&rsquo;Espagne, vous devez pr\u00e9senter un permis international. De m\u00eame, les permis valides sont r\u00e9gis par la loi du pays o\u00f9 le conducteur conduit, et non par celle du pays d\u2019origine.<\/span><span data-ccp-props=\"{}\">\u00a0<\/span><\/p><\/div>\n\t\t\t\t<\/div>\n\t\t\t\t\t\t\t<div class=\"elementor-accordion-item\">\n\t\t\t\t\t<div id=\"elementor-tab-title-1795\" class=\"elementor-tab-title\" data-tab=\"5\" role=\"button\" aria-controls=\"elementor-tab-content-1795\" aria-expanded=\"false\">\n\t\t\t\t\t\t\t\t\t\t\t\t<a class=\"elementor-accordion-title\" tabindex=\"0\">5 - Un d\u00e9p\u00f4t est-il requis pour louer le v\u00e9hicule?<\/a>\n\t\t\t\t\t<\/div>\n\t\t\t\t\t<div id=\"elementor-tab-content-1795\" class=\"elementor-tab-content elementor-clearfix\" data-tab=\"5\" role=\"region\" aria-labelledby=\"elementor-tab-title-1795\"><p><span class=\"TextRun SCXW29156777 BCX0\" lang=\"ES-ES\" xml:lang=\"ES-ES\" data-contrast=\"auto\"><span class=\"NormalTextRun SpellingErrorV2Themed SCXW29156777 BCX0\">Oui<\/span><span class=\"NormalTextRun SCXW29156777 BCX0\">, un <\/span><span class=\"NormalTextRun SpellingErrorV2Themed SCXW29156777 BCX0\">d\u00e9p\u00f4t<\/span><span class=\"NormalTextRun SCXW29156777 BCX0\"> de <\/span><span class=\"NormalTextRun SpellingErrorV2Themed SCXW29156777 BCX0\">garantie<\/span> <span class=\"NormalTextRun SpellingErrorV2Themed SCXW29156777 BCX0\">est<\/span> <span class=\"NormalTextRun SpellingErrorV2Themed SCXW29156777 BCX0\">requis<\/span> <span class=\"NormalTextRun SpellingErrorV2Themed SCXW29156777 BCX0\">pour<\/span> <span class=\"NormalTextRun SpellingErrorV2Themed SCXW29156777 BCX0\">louer<\/span><span class=\"NormalTextRun SCXW29156777 BCX0\"> la moto. La <\/span><span class=\"NormalTextRun SpellingErrorV2Themed SCXW29156777 BCX0\">caution<\/span> <span class=\"NormalTextRun SpellingErrorV2Themed SCXW29156777 BCX0\">peut<\/span> <span class=\"NormalTextRun SpellingErrorV2Themed SCXW29156777 BCX0\">\u00eatre<\/span> <span class=\"NormalTextRun SpellingErrorV2Themed SCXW29156777 BCX0\">pay\u00e9e<\/span><span class=\"NormalTextRun SCXW29156777 BCX0\"> par <\/span><span class=\"NormalTextRun SpellingErrorV2Themed SCXW29156777 BCX0\">carte<\/span><span class=\"NormalTextRun SCXW29156777 BCX0\"> de <\/span><span class=\"NormalTextRun SpellingErrorV2Themed SCXW29156777 BCX0\">cr\u00e9dit<\/span> <span class=\"NormalTextRun SpellingErrorV2Themed SCXW29156777 BCX0\">ou<\/span><span class=\"NormalTextRun SCXW29156777 BCX0\"> en <\/span><span class=\"NormalTextRun SpellingErrorV2Themed SCXW29156777 BCX0\">esp\u00e8ces<\/span><span class=\"NormalTextRun SCXW29156777 BCX0\">. <\/span><span class=\"NormalTextRun SpellingErrorV2Themed SCXW29156777 BCX0\">Aucun<\/span> <span class=\"NormalTextRun SpellingErrorV2Themed SCXW29156777 BCX0\">frais<\/span> <span class=\"NormalTextRun SpellingErrorV2Themed SCXW29156777 BCX0\">ne<\/span> <span class=\"NormalTextRun SpellingErrorV2Themed SCXW29156777 BCX0\">sera<\/span><span class=\"NormalTextRun SCXW29156777 BCX0\"> factur\u00e9 \u00e0 <\/span><span class=\"NormalTextRun SpellingErrorV2Themed SCXW29156777 BCX0\">moins<\/span> <span class=\"NormalTextRun SpellingErrorV2Themed SCXW29156777 BCX0\">qu&rsquo;un<\/span> <span class=\"NormalTextRun SpellingErrorV2Themed SCXW29156777 BCX0\">incident<\/span> <span class=\"NormalTextRun SpellingErrorV2Themed SCXW29156777 BCX0\">ne<\/span><span class=\"NormalTextRun SCXW29156777 BCX0\"> le <\/span><span class=\"NormalTextRun SpellingErrorV2Themed SCXW29156777 BCX0\">justifie<\/span><span class=\"NormalTextRun SCXW29156777 BCX0\">.<\/span><\/span><span class=\"EOP SCXW29156777 BCX0\" data-ccp-props=\"{}\">\u00a0<\/span><\/p><\/div>\n\t\t\t\t<\/div>\n\t\t\t\t\t\t\t<div class=\"elementor-accordion-item\">\n\t\t\t\t\t<div id=\"elementor-tab-title-1796\" class=\"elementor-tab-title\" data-tab=\"6\" role=\"button\" aria-controls=\"elementor-tab-content-1796\" aria-expanded=\"false\">\n\t\t\t\t\t\t\t\t\t\t\t\t<a class=\"elementor-accordion-title\" tabindex=\"0\">6 - Est-ce que deux personnes peuvent monter sur la moto?<\/a>\n\t\t\t\t\t<\/div>\n\t\t\t\t\t<div id=\"elementor-tab-content-1796\" class=\"elementor-tab-content elementor-clearfix\" data-tab=\"6\" role=\"region\" aria-labelledby=\"elementor-tab-title-1796\"><p><span class=\"TextRun SCXW159397340 BCX0\" lang=\"ES-ES\" xml:lang=\"ES-ES\" data-contrast=\"auto\"><span class=\"NormalTextRun SpellingErrorV2Themed SCXW159397340 BCX0\">Oui<\/span><span class=\"NormalTextRun SCXW159397340 BCX0\">, <\/span><span class=\"NormalTextRun SpellingErrorV2Themed SCXW159397340 BCX0\">vous<\/span> <span class=\"NormalTextRun SpellingErrorV2Themed SCXW159397340 BCX0\">pouvez<\/span> <span class=\"NormalTextRun SpellingErrorV2Themed SCXW159397340 BCX0\">conduire<\/span> <span class=\"NormalTextRun SpellingErrorV2Themed SCXW159397340 BCX0\">toutes<\/span><span class=\"NormalTextRun SCXW159397340 BCX0\"> nos motos <\/span><span class=\"NormalTextRun SpellingErrorV2Themed SCXW159397340 BCX0\">avec<\/span><span class=\"NormalTextRun SCXW159397340 BCX0\"> un <\/span><span class=\"NormalTextRun SpellingErrorV2Themed SCXW159397340 BCX0\">passager<\/span><span class=\"NormalTextRun SCXW159397340 BCX0\">.<\/span><\/span><span class=\"EOP SCXW159397340 BCX0\" data-ccp-props=\"{}\">\u00a0<\/span><\/p><\/div>\n\t\t\t\t<\/div>\n\t\t\t\t\t\t\t<div class=\"elementor-accordion-item\">\n\t\t\t\t\t<div id=\"elementor-tab-title-1797\" class=\"elementor-tab-title\" data-tab=\"7\" role=\"button\" aria-controls=\"elementor-tab-content-1797\" aria-expanded=\"false\">\n\t\t\t\t\t\t\t\t\t\t\t\t<a class=\"elementor-accordion-title\" tabindex=\"0\">7 - Puis-je conduire sans casque?<\/a>\n\t\t\t\t\t<\/div>\n\t\t\t\t\t<div id=\"elementor-tab-content-1797\" class=\"elementor-tab-content elementor-clearfix\" data-tab=\"7\" role=\"region\" aria-labelledby=\"elementor-tab-title-1797\"><p><span class=\"TextRun SCXW225211646 BCX0\" lang=\"EN-US\" xml:lang=\"EN-US\" data-contrast=\"auto\"><span class=\"NormalTextRun SCXW225211646 BCX0\">Non, il <\/span><span class=\"NormalTextRun SpellingErrorV2Themed SCXW225211646 BCX0\">est<\/span> <span class=\"NormalTextRun SpellingErrorV2Themed SCXW225211646 BCX0\">strictement<\/span> <span class=\"NormalTextRun SpellingErrorV2Themed SCXW225211646 BCX0\">interdit<\/span><span class=\"NormalTextRun SCXW225211646 BCX0\"> de <\/span><span class=\"NormalTextRun SpellingErrorV2Themed SCXW225211646 BCX0\">conduire<\/span> <span class=\"NormalTextRun SpellingErrorV2Themed SCXW225211646 BCX0\">une<\/span><span class=\"NormalTextRun SCXW225211646 BCX0\"> moto sans casque. Le <\/span><span class=\"NormalTextRun SpellingErrorV2Themed SCXW225211646 BCX0\">conducteur<\/span><span class=\"NormalTextRun SCXW225211646 BCX0\"> et le <\/span><span class=\"NormalTextRun SpellingErrorV2Themed SCXW225211646 BCX0\">passager<\/span> <span class=\"NormalTextRun SpellingErrorV2Themed SCXW225211646 BCX0\">doivent<\/span><span class=\"NormalTextRun SCXW225211646 BCX0\"> porter <\/span><span class=\"NormalTextRun SpellingErrorV2Themed SCXW225211646 BCX0\">leur<\/span><span class=\"NormalTextRun SCXW225211646 BCX0\"> casque <\/span><span class=\"NormalTextRun SpellingErrorV2Themed SCXW225211646 BCX0\">correctement<\/span><span class=\"NormalTextRun SCXW225211646 BCX0\"> et <\/span><span class=\"NormalTextRun SpellingErrorV2Themed SCXW225211646 BCX0\">l&rsquo;attacher<\/span><span class=\"NormalTextRun SCXW225211646 BCX0\">, sur tout type de moto.<\/span><\/span><span class=\"EOP SCXW225211646 BCX0\" data-ccp-props=\"{}\">\u00a0<\/span><\/p><\/div>\n\t\t\t\t<\/div>\n\t\t\t\t\t\t\t<div class=\"elementor-accordion-item\">\n\t\t\t\t\t<div id=\"elementor-tab-title-1798\" class=\"elementor-tab-title\" data-tab=\"8\" role=\"button\" aria-controls=\"elementor-tab-content-1798\" aria-expanded=\"false\">\n\t\t\t\t\t\t\t\t\t\t\t\t<a class=\"elementor-accordion-title\" tabindex=\"0\">8 - Que se passe-t-il si j'ai un accident ou si ma moto est vol\u00e9e?<\/a>\n\t\t\t\t\t<\/div>\n\t\t\t\t\t<div id=\"elementor-tab-content-1798\" class=\"elementor-tab-content elementor-clearfix\" data-tab=\"8\" role=\"region\" aria-labelledby=\"elementor-tab-title-1798\"><p><span data-contrast=\"auto\">Vous \u00eates couvert par une assurance tous risques avec franchise. Pour tout dommage qui pourrait \u00eatre caus\u00e9 \u00e0 la moto, ou son vol, vous devrez payer le montant indiqu\u00e9 dans le contrat de franchise. <\/span><span data-contrast=\"auto\">Si vous avez souscrit une couverture \u00e9tendue, vous \u00eates couvert en cas de dommage, mais pas en cas de vol.<\/span><span data-ccp-props=\"{}\">\u00a0<\/span><\/p><p><span data-contrast=\"auto\">Les extras et les batteries\/chargeurs (dans le cas de v\u00e9hicules \u00e9lectriques) ne sont PAS inclus dans la couverture.<\/span><span data-ccp-props=\"{}\">\u00a0<\/span><\/p><\/div>\n\t\t\t\t<\/div>\n\t\t\t\t\t\t\t<div class=\"elementor-accordion-item\">\n\t\t\t\t\t<div id=\"elementor-tab-title-1799\" class=\"elementor-tab-title\" data-tab=\"9\" role=\"button\" aria-controls=\"elementor-tab-content-1799\" aria-expanded=\"false\">\n\t\t\t\t\t\t\t\t\t\t\t\t<a class=\"elementor-accordion-title\" tabindex=\"0\">9 - Que comprend l\u2019assurance de base?<\/a>\n\t\t\t\t\t<\/div>\n\t\t\t\t\t<div id=\"elementor-tab-content-1799\" class=\"elementor-tab-content elementor-clearfix\" data-tab=\"9\" role=\"region\" aria-labelledby=\"elementor-tab-title-1799\"><p><span data-contrast=\"auto\">L&rsquo;assurance de base est incluse dans le prix de location et couvre uniquement les dommages caus\u00e9s aux tiers. Cette assurance s&rsquo;applique \u00e0 tous les mod\u00e8les sous contrat.<\/span><span data-ccp-props=\"{}\">\u00a0<\/span><\/p><p><span data-contrast=\"auto\">Conditions de base de l&rsquo;assurance :<\/span><span data-ccp-props=\"{}\">\u00a0<\/span><\/p><ol><li><span data-contrast=\"auto\"> Franchise en cas de dommage ou de vol du v\u00e9hicule : En cas de dommage ou de vol, une franchise s&rsquo;appliquera selon le mod\u00e8le.<\/span><\/li><li><span data-contrast=\"auto\"> Caution : Au d\u00e9but du contrat, le client doit d\u00e9poser une caution qui lui sera rembours\u00e9e \u00e0 la fin du contrat, sauf si des dommages sont constat\u00e9s dans le v\u00e9hicule.<\/span><\/li><li><span data-contrast=\"auto\"> Assistance routi\u00e8re (pendant les heures de bureau) : Incluse dans l&rsquo;assurance de base. <\/span><span data-contrast=\"auto\">Si la cause de la panne ou de l\u2019incident est due \u00e0 une n\u00e9gligence de la part du client, l\u2019assistance routi\u00e8re peut entra\u00eener un co\u00fbt suppl\u00e9mentaire.<\/span><\/li><li><span data-contrast=\"auto\"> Accessoires et extras : Les accessoires (cl\u00e9s, casques, batteries, chargeurs, etc.) et extras (coffre) qui, le cas \u00e9ch\u00e9ant, sont contract\u00e9s par le Client, ne sont pas couverts par l&rsquo;assurance indiqu\u00e9e, en cas de perte ou de dommages. , le client devra payer le co\u00fbt correspondant, selon les prix pr\u00e9cis\u00e9s dans les termes et conditions du contrat sign\u00e9.<\/span><\/li><\/ol><\/div>\n\t\t\t\t<\/div>\n\t\t\t\t\t\t\t<div class=\"elementor-accordion-item\">\n\t\t\t\t\t<div id=\"elementor-tab-title-17910\" class=\"elementor-tab-title\" data-tab=\"10\" role=\"button\" aria-controls=\"elementor-tab-content-17910\" aria-expanded=\"false\">\n\t\t\t\t\t\t\t\t\t\t\t\t<a class=\"elementor-accordion-title\" tabindex=\"0\">10 - Est-il possible de souscrire une couverture compl\u00e8te suppl\u00e9mentaire?<\/a>\n\t\t\t\t\t<\/div>\n\t\t\t\t\t<div id=\"elementor-tab-content-17910\" class=\"elementor-tab-content elementor-clearfix\" data-tab=\"10\" role=\"region\" aria-labelledby=\"elementor-tab-title-17910\"><p><span data-contrast=\"auto\">Ouais! Vous pouvez ajouter une couverture suppl\u00e9mentaire pour vous prot\u00e9ger contre les dommages au v\u00e9hicule, selon le mod\u00e8le achet\u00e9.<\/span><span data-ccp-props=\"{}\">\u00a0<\/span><\/p><p><span data-contrast=\"auto\">Couverture \u00e9tendue. Cette couverture comprend :<\/span><span data-ccp-props=\"{}\">\u00a0<\/span><\/p><ol><li><span data-contrast=\"auto\"> Franchise*: 0\u20ac<\/span><\/li><li><span data-contrast=\"auto\"> D\u00e9p\u00f4t de garantie : R\u00e9duction du d\u00e9p\u00f4t de garantie de 50% (selon le mod\u00e8le).<\/span><\/li><li><span data-contrast=\"auto\"> Assistance routi\u00e8re (pendant les heures de bureau) : Ceci est inclus dans la couverture \u00e9tendue. <\/span><span data-contrast=\"auto\">Si la cause de la panne ou de l\u2019incident est due \u00e0 une n\u00e9gligence de la part du client, l\u2019assistance routi\u00e8re peut entra\u00eener un co\u00fbt suppl\u00e9mentaire.<\/span><\/li><li><span data-contrast=\"auto\"> Accessoires et extras : Les accessoires (cl\u00e9s, casques, batteries, chargeurs, etc.) et extras (coffre) qui, le cas \u00e9ch\u00e9ant, sont contract\u00e9s par le Client, ne sont pas couverts par l&rsquo;assurance indiqu\u00e9e, en cas de perte ou de dommages. , le client devra payer le co\u00fbt correspondant, selon les prix pr\u00e9cis\u00e9s dans les termes et conditions du contrat sign\u00e9.<\/span><\/li><\/ol><p><span data-contrast=\"auto\">*Remarque : Cette couverture ne comprend pas le vol du v\u00e9hicule, des accessoires suppl\u00e9mentaires ou des batteries\/chargeurs (dans le cas de v\u00e9hicules \u00e9lectriques). En cas de vol, la franchise de base sera appliqu\u00e9e (voir question 9).<\/span><span data-ccp-props=\"{}\">\u00a0<\/span><\/p><\/div>\n\t\t\t\t<\/div>\n\t\t\t\t\t\t\t<div class=\"elementor-accordion-item\">\n\t\t\t\t\t<div id=\"elementor-tab-title-17911\" class=\"elementor-tab-title\" data-tab=\"11\" role=\"button\" aria-controls=\"elementor-tab-content-17911\" aria-expanded=\"false\">\n\t\t\t\t\t\t\t\t\t\t\t\t<a class=\"elementor-accordion-title\" tabindex=\"0\">11 - Puis-je quitter l'\u00eele de Formentera avec le v\u00e9hicule?<\/a>\n\t\t\t\t\t<\/div>\n\t\t\t\t\t<div id=\"elementor-tab-content-17911\" class=\"elementor-tab-content elementor-clearfix\" data-tab=\"11\" role=\"region\" aria-labelledby=\"elementor-tab-title-17911\"><p><span class=\"TextRun SCXW76558921 BCX0\" lang=\"ES-ES\" xml:lang=\"ES-ES\" data-contrast=\"auto\"><span class=\"NormalTextRun SpellingErrorV2Themed SCXW76558921 BCX0\">Il<\/span> <span class=\"NormalTextRun SpellingErrorV2Themed SCXW76558921 BCX0\">n&rsquo;est<\/span> <span class=\"NormalTextRun SpellingErrorV2Themed SCXW76558921 BCX0\">pas<\/span> <span class=\"NormalTextRun SpellingErrorV2Themed SCXW76558921 BCX0\">permis<\/span><span class=\"NormalTextRun SCXW76558921 BCX0\"> de <\/span><span class=\"NormalTextRun SpellingErrorV2Themed SCXW76558921 BCX0\">quitter<\/span> <span class=\"NormalTextRun SpellingErrorV2Themed SCXW76558921 BCX0\">l&rsquo;\u00eele<\/span><span class=\"NormalTextRun SCXW76558921 BCX0\">. De <\/span><span class=\"NormalTextRun SpellingErrorV2Themed SCXW76558921 BCX0\">telles<\/span> <span class=\"NormalTextRun SpellingErrorV2Themed SCXW76558921 BCX0\">circonstances<\/span> <span class=\"NormalTextRun SpellingErrorV2Themed SCXW76558921 BCX0\">annuleront<\/span> <span class=\"NormalTextRun SpellingErrorV2Themed SCXW76558921 BCX0\">automatiquement<\/span> <span class=\"NormalTextRun SpellingErrorV2Themed SCXW76558921 BCX0\">l\u2019assurance<\/span><span class=\"NormalTextRun SCXW76558921 BCX0\"> et <\/span><span class=\"NormalTextRun SpellingErrorV2Themed SCXW76558921 BCX0\">entra\u00eeneront<\/span><span class=\"NormalTextRun SCXW76558921 BCX0\"> la <\/span><span class=\"NormalTextRun SpellingErrorV2Themed SCXW76558921 BCX0\">perte<\/span><span class=\"NormalTextRun SCXW76558921 BCX0\"> de <\/span><span class=\"NormalTextRun SpellingErrorV2Themed SCXW76558921 BCX0\">tout<\/span> <span class=\"NormalTextRun SpellingErrorV2Themed SCXW76558921 BCX0\">l\u2019argent<\/span><span class=\"NormalTextRun SCXW76558921 BCX0\"> vers\u00e9 sur le <\/span><span class=\"NormalTextRun SpellingErrorV2Themed SCXW76558921 BCX0\">compte<\/span><span class=\"NormalTextRun SCXW76558921 BCX0\"> et <\/span><span class=\"NormalTextRun SpellingErrorV2Themed SCXW76558921 BCX0\">l\u2019annulation<\/span><span class=\"NormalTextRun SCXW76558921 BCX0\"> de <\/span><span class=\"NormalTextRun SpellingErrorV2Themed SCXW76558921 BCX0\">votre<\/span> <span class=\"NormalTextRun SpellingErrorV2Themed SCXW76558921 BCX0\">contrat<\/span><span class=\"NormalTextRun SCXW76558921 BCX0\">.<\/span><\/span><span class=\"EOP SCXW76558921 BCX0\" data-ccp-props=\"{}\">\u00a0<\/span><\/p><\/div>\n\t\t\t\t<\/div>\n\t\t\t\t\t\t\t<div class=\"elementor-accordion-item\">\n\t\t\t\t\t<div id=\"elementor-tab-title-17912\" class=\"elementor-tab-title\" data-tab=\"12\" role=\"button\" aria-controls=\"elementor-tab-content-17912\" aria-expanded=\"false\">\n\t\t\t\t\t\t\t\t\t\t\t\t<a class=\"elementor-accordion-title\" tabindex=\"0\">12 - Avez-vous un service de livraison ou de collecte? <\/a>\n\t\t\t\t\t<\/div>\n\t\t\t\t\t<div id=\"elementor-tab-content-17912\" class=\"elementor-tab-content elementor-clearfix\" data-tab=\"12\" role=\"region\" aria-labelledby=\"elementor-tab-title-17912\"><p><span data-contrast=\"auto\">Oui, nous l&rsquo;avons. \u00c0 l\u2019\u00e9tape 3 de votre r\u00e9servation en ligne, vous pouvez ajouter le suppl\u00e9ment \u00ab Livraison\/R\u00e9cup\u00e9ration de la moto \u00bb. Choisissez-le et nous am\u00e8nerons les motos et les extras s\u00e9lectionn\u00e9s \u00e0 l&rsquo;endroit que vous aurez choisi (h\u00f4tel, appartement&#8230;).<\/span><span data-ccp-props=\"{}\">\u00a0<\/span><\/p><p><span data-contrast=\"auto\">Veuillez noter que le personnel n&rsquo;attendra votre arriv\u00e9e que pendant environ 30 minutes \u00e0 compter de l&rsquo;heure s\u00e9lectionn\u00e9e lors de votre r\u00e9servation.<\/span><span data-ccp-props=\"{}\">\u00a0<\/span><\/p><\/div>\n\t\t\t\t<\/div>\n\t\t\t\t\t\t\t<div class=\"elementor-accordion-item\">\n\t\t\t\t\t<div id=\"elementor-tab-title-17913\" class=\"elementor-tab-title\" data-tab=\"13\" role=\"button\" aria-controls=\"elementor-tab-content-17913\" aria-expanded=\"false\">\n\t\t\t\t\t\t\t\t\t\t\t\t<a class=\"elementor-accordion-title\" tabindex=\"0\">13 - Puis-je modifier ma r\u00e9servation?<\/a>\n\t\t\t\t\t<\/div>\n\t\t\t\t\t<div id=\"elementor-tab-content-17913\" class=\"elementor-tab-content elementor-clearfix\" data-tab=\"13\" role=\"region\" aria-labelledby=\"elementor-tab-title-17913\"><p><span data-contrast=\"auto\">Notre politique de modification est la suivante :<\/span><span data-ccp-props=\"{}\">\u00a0<\/span><\/p><ul><li><span data-contrast=\"auto\">Pour pouvoir modifier votre r\u00e9servation, vous devez contracter le Tarif Flexible.<\/span><\/li><li>Si vous souhaitez modifier votre r\u00e9servation, envoyez un email \u00e0 info@mitjornmotorent.com 24 heures \u00e0 l&rsquo;avance.<\/li><li>Les modifications avec un pr\u00e9avis de moins de 24 heures ne sont pas autoris\u00e9es.<span data-ccp-props=\"{}\">\u00a0<\/span><\/li><\/ul><\/div>\n\t\t\t\t<\/div>\n\t\t\t\t\t\t\t<div class=\"elementor-accordion-item\">\n\t\t\t\t\t<div id=\"elementor-tab-title-17914\" class=\"elementor-tab-title\" data-tab=\"14\" role=\"button\" aria-controls=\"elementor-tab-content-17914\" aria-expanded=\"false\">\n\t\t\t\t\t\t\t\t\t\t\t\t<a class=\"elementor-accordion-title\" tabindex=\"0\">14 - Que se passe-t-il si j'annule ma r\u00e9servation?<\/a>\n\t\t\t\t\t<\/div>\n\t\t\t\t\t<div id=\"elementor-tab-content-17914\" class=\"elementor-tab-content elementor-clearfix\" data-tab=\"14\" role=\"region\" aria-labelledby=\"elementor-tab-title-17914\"><p><span data-contrast=\"auto\">Notre politique d&rsquo;annulation est la suivante :<\/span><span data-ccp-props=\"{}\">\u00a0<\/span><\/p><ul><li><span data-contrast=\"auto\"> Pour annuler votre r\u00e9servation, vous devez souscrire au Tarif Flexible.<\/span><\/li><li><span data-contrast=\"auto\"> Si vous souhaitez annuler votre r\u00e9servation, veuillez envoyer un e-mail \u00e0 info@mitjornmotorent.com 24 heures \u00e0 l&rsquo;avance.<\/span><\/li><li><span data-contrast=\"auto\"> Si l&rsquo;annulation est effectu\u00e9e plus de 24 heures avant la date de d\u00e9but de la r\u00e9servation, 100 % du montant pay\u00e9 pour la r\u00e9servation \u00e0 annuler sera rembours\u00e9.<\/span><\/li><li><span data-contrast=\"auto\"> Les annulations avec moins de 24 heures de pr\u00e9avis ne sont pas accept\u00e9es. Si la r\u00e9servation est annul\u00e9e sans pr\u00e9avis, le propri\u00e9taire ne proc\u00e9dera \u00e0 aucun remboursement.<\/span><\/li><\/ul><\/div>\n\t\t\t\t<\/div>\n\t\t\t\t\t\t\t<div class=\"elementor-accordion-item\">\n\t\t\t\t\t<div id=\"elementor-tab-title-17915\" class=\"elementor-tab-title\" data-tab=\"15\" role=\"button\" aria-controls=\"elementor-tab-content-17915\" aria-expanded=\"false\">\n\t\t\t\t\t\t\t\t\t\t\t\t<a class=\"elementor-accordion-title\" tabindex=\"0\">15 - Que se passe-t-il si j'arrive plus tard que pr\u00e9vu dans mon contrat?<\/a>\n\t\t\t\t\t<\/div>\n\t\t\t\t\t<div id=\"elementor-tab-content-17915\" class=\"elementor-tab-content elementor-clearfix\" data-tab=\"15\" role=\"region\" aria-labelledby=\"elementor-tab-title-17915\"><p><span data-contrast=\"auto\">Le responsable de la location doit informer au pr\u00e9alable de toute modification du contrat. Vous devez le faire directement par t\u00e9l\u00e9phone au bureau o\u00f9 vous avez effectu\u00e9 la location. Comme indiqu\u00e9 dans les termes et conditions du contrat de location, Mitjorn facturera 50 \u20ac de p\u00e9nalit\u00e9 plus le co\u00fbt du temps suppl\u00e9mentaire si la moto est restitu\u00e9e en retard sans pr\u00e9avis. Il est ill\u00e9gal de conduire une moto lou\u00e9e une fois le contrat expir\u00e9.<\/span><span data-ccp-props=\"{}\">\u00a0<\/span><\/p><p><span data-contrast=\"auto\">Si vous souhaitez prolonger votre contrat, vous devez en informer le bureau afin qu&rsquo;un nouveau contrat soit \u00e9tabli.<\/span><span data-ccp-props=\"{}\">\u00a0<\/span><\/p><p><span data-contrast=\"auto\">Les jours de location sont de 24 heures \u00e0 partir du moment o\u00f9 le v\u00e9hicule est r\u00e9cup\u00e9r\u00e9. Un maximum de 30 minutes de courtoisie est autoris\u00e9, apr\u00e8s quoi un jour suppl\u00e9mentaire est compt\u00e9.<\/span><span data-ccp-props=\"{}\">\u00a0<\/span><\/p><\/div>\n\t\t\t\t<\/div>\n\t\t\t\t\t\t\t<div class=\"elementor-accordion-item\">\n\t\t\t\t\t<div id=\"elementor-tab-title-17916\" class=\"elementor-tab-title\" data-tab=\"16\" role=\"button\" aria-controls=\"elementor-tab-content-17916\" aria-expanded=\"false\">\n\t\t\t\t\t\t\t\t\t\t\t\t<a class=\"elementor-accordion-title\" tabindex=\"0\">16 - Est-ce que je r\u00e9cup\u00e8re de l\u2019argent si je rends le v\u00e9hicule plus t\u00f4t que pr\u00e9vu?<\/a>\n\t\t\t\t\t<\/div>\n\t\t\t\t\t<div id=\"elementor-tab-content-17916\" class=\"elementor-tab-content elementor-clearfix\" data-tab=\"16\" role=\"region\" aria-labelledby=\"elementor-tab-title-17916\"><p><span class=\"TextRun SCXW59446028 BCX0\" lang=\"ES-ES\" xml:lang=\"ES-ES\" data-contrast=\"auto\"><span class=\"NormalTextRun SCXW59446028 BCX0\">Si <\/span><span class=\"NormalTextRun SpellingErrorV2Themed SCXW59446028 BCX0\">vous<\/span> <span class=\"NormalTextRun SpellingErrorV2Themed SCXW59446028 BCX0\">restituez<\/span> <span class=\"NormalTextRun SpellingErrorV2Themed SCXW59446028 BCX0\">votre<\/span> <span class=\"NormalTextRun SpellingErrorV2Themed SCXW59446028 BCX0\">v\u00e9hicule<\/span> <span class=\"NormalTextRun SpellingErrorV2Themed SCXW59446028 BCX0\">avant<\/span><span class=\"NormalTextRun SCXW59446028 BCX0\"> la date de fin <\/span><span class=\"NormalTextRun SpellingErrorV2Themed SCXW59446028 BCX0\">indiqu\u00e9e<\/span> <span class=\"NormalTextRun SpellingErrorV2Themed SCXW59446028 BCX0\">dans<\/span> <span class=\"NormalTextRun SpellingErrorV2Themed SCXW59446028 BCX0\">votre<\/span> <span class=\"NormalTextRun SpellingErrorV2Themed SCXW59446028 BCX0\">contrat<\/span><span class=\"NormalTextRun SCXW59446028 BCX0\"> de <\/span><span class=\"NormalTextRun SpellingErrorV2Themed SCXW59446028 BCX0\">location<\/span><span class=\"NormalTextRun SCXW59446028 BCX0\">, <\/span><span class=\"NormalTextRun SpellingErrorV2Themed SCXW59446028 BCX0\">oui<\/span><span class=\"NormalTextRun SCXW59446028 BCX0\">, <\/span><span class=\"NormalTextRun SpellingErrorV2Themed SCXW59446028 BCX0\">vous<\/span> <span class=\"NormalTextRun SpellingErrorV2Themed SCXW59446028 BCX0\">serez<\/span> <span class=\"NormalTextRun SpellingErrorV2Themed SCXW59446028 BCX0\">rembours\u00e9<\/span><span class=\"NormalTextRun SCXW59446028 BCX0\"> des <\/span><span class=\"NormalTextRun SpellingErrorV2Themed SCXW59446028 BCX0\">jours<\/span><span class=\"NormalTextRun SCXW59446028 BCX0\"> non <\/span><span class=\"NormalTextRun SpellingErrorV2Themed SCXW59446028 BCX0\">utilis\u00e9s<\/span> <span class=\"NormalTextRun SpellingErrorV2Themed SCXW59446028 BCX0\">ajust\u00e9s<\/span> <span class=\"NormalTextRun SpellingErrorV2Themed SCXW59446028 BCX0\">aux<\/span> <span class=\"NormalTextRun SpellingErrorV2Themed SCXW59446028 BCX0\">jours<\/span> <span class=\"NormalTextRun SpellingErrorV2Themed SCXW59446028 BCX0\">d&rsquo;utilisation<\/span><span class=\"NormalTextRun SCXW59446028 BCX0\"> de la <\/span><span class=\"NormalTextRun SpellingErrorV2Themed SCXW59446028 BCX0\">location<\/span><span class=\"NormalTextRun SCXW59446028 BCX0\">.<\/span><\/span><span class=\"EOP SCXW59446028 BCX0\" data-ccp-props=\"{}\">\u00a0<\/span><\/p><\/div>\n\t\t\t\t<\/div>\n\t\t\t\t\t\t\t<div class=\"elementor-accordion-item\">\n\t\t\t\t\t<div id=\"elementor-tab-title-17917\" class=\"elementor-tab-title\" data-tab=\"17\" role=\"button\" aria-controls=\"elementor-tab-content-17917\" aria-expanded=\"false\">\n\t\t\t\t\t\t\t\t\t\t\t\t<a class=\"elementor-accordion-title\" tabindex=\"0\">17 - Dois-je remplir le r\u00e9servoir d'essence?<\/a>\n\t\t\t\t\t<\/div>\n\t\t\t\t\t<div id=\"elementor-tab-content-17917\" class=\"elementor-tab-content elementor-clearfix\" data-tab=\"17\" role=\"region\" aria-labelledby=\"elementor-tab-title-17917\"><p><span class=\"TextRun SCXW45971384 BCX0\" lang=\"ES-ES\" xml:lang=\"ES-ES\" data-contrast=\"auto\"><span class=\"NormalTextRun SpellingErrorV2Themed SCXW45971384 BCX0\">Oui<\/span><span class=\"NormalTextRun SCXW45971384 BCX0\">, <\/span><span class=\"NormalTextRun SpellingErrorV2Themed SCXW45971384 BCX0\">vous<\/span> <span class=\"NormalTextRun SpellingErrorV2Themed SCXW45971384 BCX0\">devez<\/span> <span class=\"NormalTextRun SpellingErrorV2Themed SCXW45971384 BCX0\">remplir<\/span><span class=\"NormalTextRun SCXW45971384 BCX0\"> le <\/span><span class=\"NormalTextRun SpellingErrorV2Themed SCXW45971384 BCX0\">r\u00e9servoir<\/span> <span class=\"NormalTextRun SpellingErrorV2Themed SCXW45971384 BCX0\">au<\/span> <span class=\"NormalTextRun SpellingErrorV2Themed SCXW45971384 BCX0\">m\u00eame<\/span> <span class=\"NormalTextRun SpellingErrorV2Themed SCXW45971384 BCX0\">niveau<\/span> <span class=\"NormalTextRun SpellingErrorV2Themed SCXW45971384 BCX0\">qu\u2019il<\/span> <span class=\"NormalTextRun SpellingErrorV2Themed SCXW45971384 BCX0\">\u00e9tait<\/span> <span class=\"NormalTextRun SpellingErrorV2Themed SCXW45971384 BCX0\">lorsque<\/span> <span class=\"NormalTextRun SpellingErrorV2Themed SCXW45971384 BCX0\">vous<\/span> <span class=\"NormalTextRun SpellingErrorV2Themed SCXW45971384 BCX0\">avez<\/span> <span class=\"NormalTextRun SpellingErrorV2Themed SCXW45971384 BCX0\">r\u00e9cup\u00e9r\u00e9<\/span><span class=\"NormalTextRun SCXW45971384 BCX0\"> le <\/span><span class=\"NormalTextRun SpellingErrorV2Themed SCXW45971384 BCX0\">v\u00e9hicule<\/span><span class=\"NormalTextRun SCXW45971384 BCX0\">. <\/span><span class=\"NormalTextRun SpellingErrorV2Themed SCXW45971384 BCX0\">Toute<\/span> <span class=\"NormalTextRun SpellingErrorV2Themed SCXW45971384 BCX0\">diff\u00e9rence<\/span> <span class=\"NormalTextRun SpellingErrorV2Themed SCXW45971384 BCX0\">dans<\/span><span class=\"NormalTextRun SCXW45971384 BCX0\"> le <\/span><span class=\"NormalTextRun SpellingErrorV2Themed SCXW45971384 BCX0\">niveau<\/span> <span class=\"NormalTextRun SpellingErrorV2Themed SCXW45971384 BCX0\">d&rsquo;essence<\/span> <span class=\"NormalTextRun SpellingErrorV2Themed SCXW45971384 BCX0\">vous<\/span> <span class=\"NormalTextRun SpellingErrorV2Themed SCXW45971384 BCX0\">sera<\/span> <span class=\"NormalTextRun SpellingErrorV2Themed SCXW45971384 BCX0\">factur\u00e9e<\/span> <span class=\"NormalTextRun SpellingErrorV2Themed SCXW45971384 BCX0\">selon<\/span><span class=\"NormalTextRun SCXW45971384 BCX0\"> les <\/span><span class=\"NormalTextRun SpellingErrorV2Themed SCXW45971384 BCX0\">conditions<\/span> <span class=\"NormalTextRun SpellingErrorV2Themed SCXW45971384 BCX0\">g\u00e9n\u00e9rales<\/span><span class=\"NormalTextRun SCXW45971384 BCX0\"> de la <\/span><span class=\"NormalTextRun SpellingErrorV2Themed SCXW45971384 BCX0\">location<\/span><span class=\"NormalTextRun SCXW45971384 BCX0\">. <\/span><span class=\"NormalTextRun SpellingErrorV2Themed SCXW45971384 BCX0\">Aucun<\/span> <span class=\"NormalTextRun SpellingErrorV2Themed SCXW45971384 BCX0\">remboursement<\/span> <span class=\"NormalTextRun SpellingErrorV2Themed SCXW45971384 BCX0\">ne<\/span> <span class=\"NormalTextRun SpellingErrorV2Themed SCXW45971384 BCX0\">sera<\/span> <span class=\"NormalTextRun SpellingErrorV2Themed SCXW45971384 BCX0\">effectu\u00e9<\/span><span class=\"NormalTextRun SCXW45971384 BCX0\"> si le <\/span><span class=\"NormalTextRun SpellingErrorV2Themed SCXW45971384 BCX0\">v\u00e9hicule<\/span> <span class=\"NormalTextRun SpellingErrorV2Themed SCXW45971384 BCX0\">est<\/span> <span class=\"NormalTextRun SpellingErrorV2Themed SCXW45971384 BCX0\">restitu\u00e9<\/span> <span class=\"NormalTextRun SpellingErrorV2Themed SCXW45971384 BCX0\">avec<\/span><span class=\"NormalTextRun SCXW45971384 BCX0\"> du <\/span><span class=\"NormalTextRun SpellingErrorV2Themed SCXW45971384 BCX0\">carburant<\/span> <span class=\"NormalTextRun SpellingErrorV2Themed SCXW45971384 BCX0\">suppl\u00e9mentaire<\/span><span class=\"NormalTextRun SCXW45971384 BCX0\">.<\/span><\/span><span class=\"EOP SCXW45971384 BCX0\" data-ccp-props=\"{}\">\u00a0<\/span><\/p><\/div>\n\t\t\t\t<\/div>\n\t\t\t\t\t\t\t<div class=\"elementor-accordion-item\">\n\t\t\t\t\t<div id=\"elementor-tab-title-17918\" class=\"elementor-tab-title\" data-tab=\"18\" role=\"button\" aria-controls=\"elementor-tab-content-17918\" aria-expanded=\"false\">\n\t\t\t\t\t\t\t\t\t\t\t\t<a class=\"elementor-accordion-title\" tabindex=\"0\">18 - La location de voiture Mitjorn dispose-t-elle d'une assistance routi\u00e8re?<\/a>\n\t\t\t\t\t<\/div>\n\t\t\t\t\t<div id=\"elementor-tab-content-17918\" class=\"elementor-tab-content elementor-clearfix\" data-tab=\"18\" role=\"region\" aria-labelledby=\"elementor-tab-title-17918\"><p><span class=\"TextRun SCXW239527725 BCX0\" lang=\"EN-US\" xml:lang=\"EN-US\" data-contrast=\"auto\"><span class=\"NormalTextRun SCXW239527725 BCX0\">Oui, <\/span><span class=\"NormalTextRun SpellingErrorV2Themed SCXW239527725 BCX0\">notre<\/span> <span class=\"NormalTextRun SCXW239527725 BCX0\">assistance<\/span> <span class=\"NormalTextRun SpellingErrorV2Themed SCXW239527725 BCX0\">routi\u00e8re<\/span> <span class=\"NormalTextRun SpellingErrorV2Themed SCXW239527725 BCX0\">est<\/span> <span class=\"NormalTextRun SpellingErrorV2Themed SCXW239527725 BCX0\">gratuite<\/span><span class=\"NormalTextRun SCXW239527725 BCX0\"> (<\/span><span class=\"NormalTextRun SpellingErrorV2Themed SCXW239527725 BCX0\">toujours<\/span><span class=\"NormalTextRun SCXW239527725 BCX0\"> pendant les <\/span><span class=\"NormalTextRun SpellingErrorV2Themed SCXW239527725 BCX0\">heures<\/span><span class=\"NormalTextRun SCXW239527725 BCX0\"> de bureau), <\/span><span class=\"NormalTextRun SpellingErrorV2Themed SCXW239527725 BCX0\">en<\/span> <span class=\"NormalTextRun SpellingErrorV2Themed SCXW239527725 BCX0\">appelant<\/span><span class=\"NormalTextRun SCXW239527725 BCX0\"> le +34 971 32 23 06.<\/span><\/span><span class=\"EOP SCXW239527725 BCX0\" data-ccp-props=\"{}\">\u00a0<\/span><\/p><\/div>\n\t\t\t\t<\/div>\n\t\t\t\t\t\t\t<div class=\"elementor-accordion-item\">\n\t\t\t\t\t<div id=\"elementor-tab-title-17919\" class=\"elementor-tab-title\" data-tab=\"19\" role=\"button\" aria-controls=\"elementor-tab-content-17919\" aria-expanded=\"false\">\n\t\t\t\t\t\t\t\t\t\t\t\t<a class=\"elementor-accordion-title\" tabindex=\"0\">19 - Que dois-je faire si j'ai un probl\u00e8me avec ma moto ou ma r\u00e9servation?<\/a>\n\t\t\t\t\t<\/div>\n\t\t\t\t\t<div id=\"elementor-tab-content-17919\" class=\"elementor-tab-content elementor-clearfix\" data-tab=\"19\" role=\"region\" aria-labelledby=\"elementor-tab-title-17919\"><p><span data-contrast=\"auto\">Vous avez encore des questions ?<\/span><span data-ccp-props=\"{}\">\u00a0<\/span><\/p><p><span data-contrast=\"auto\">Chez Mitjorn, nous avons un service client que vous pouvez contacter via :<\/span><span data-ccp-props=\"{}\">\u00a0<\/span><\/p><ul><li><span data-contrast=\"auto\"> Appelez le +34 971 32 23 06<\/span><\/li><li><span data-contrast=\"auto\"> Envoyez un e-mail \u00e0 info@mitjornmotorent.com<\/span><\/li><\/ul><\/div>\n\t\t\t\t<\/div>\n\t\t\t\t\t\t\t<div class=\"elementor-accordion-item\">\n\t\t\t\t\t<div id=\"elementor-tab-title-17920\" class=\"elementor-tab-title\" data-tab=\"20\" role=\"button\" aria-controls=\"elementor-tab-content-17920\" aria-expanded=\"false\">\n\t\t\t\t\t\t\t\t\t\t\t\t<a class=\"elementor-accordion-title\" tabindex=\"0\">20 - Comment puis-je demander une facture pour ma location?<\/a>\n\t\t\t\t\t<\/div>\n\t\t\t\t\t<div id=\"elementor-tab-content-17920\" class=\"elementor-tab-content elementor-clearfix\" data-tab=\"20\" role=\"region\" aria-labelledby=\"elementor-tab-title-17920\"><p><span class=\"TextRun SCXW87130433 BCX0\" lang=\"ES-ES\" xml:lang=\"ES-ES\" data-contrast=\"auto\"><span class=\"NormalTextRun SpellingErrorV2Themed SCXW87130433 BCX0\">Vous<\/span> <span class=\"NormalTextRun SpellingErrorV2Themed SCXW87130433 BCX0\">pouvez<\/span> <span class=\"NormalTextRun SpellingErrorV2Themed SCXW87130433 BCX0\">demander<\/span><span class=\"NormalTextRun SCXW87130433 BCX0\"> la facture <\/span><span class=\"NormalTextRun SpellingErrorV2Themed SCXW87130433 BCX0\">correspondant<\/span><span class=\"NormalTextRun SCXW87130433 BCX0\"> \u00e0 <\/span><span class=\"NormalTextRun SpellingErrorV2Themed SCXW87130433 BCX0\">votre<\/span> <span class=\"NormalTextRun SpellingErrorV2Themed SCXW87130433 BCX0\">contrat<\/span><span class=\"NormalTextRun SCXW87130433 BCX0\"> \u00e0 <\/span><span class=\"NormalTextRun ContextualSpellingAndGrammarErrorV2Themed SCXW87130433 BCX0\">la fin<\/span><span class=\"NormalTextRun SCXW87130433 BCX0\"> de la <\/span><span class=\"NormalTextRun SpellingErrorV2Themed SCXW87130433 BCX0\">location<\/span> <span class=\"NormalTextRun SpellingErrorV2Themed SCXW87130433 BCX0\">au<\/span><span class=\"NormalTextRun SCXW87130433 BCX0\"> bureau <\/span><span class=\"NormalTextRun SpellingErrorV2Themed SCXW87130433 BCX0\">ou<\/span><span class=\"NormalTextRun SCXW87130433 BCX0\"> en <\/span><span class=\"NormalTextRun SpellingErrorV2Themed SCXW87130433 BCX0\">envoyant<\/span><span class=\"NormalTextRun SCXW87130433 BCX0\"> un email \u00e0 info@mitjornmotorent.com Dans ce <\/span><span class=\"NormalTextRun SpellingErrorV2Themed SCXW87130433 BCX0\">m\u00eame<\/span><span class=\"NormalTextRun SCXW87130433 BCX0\"> email, <\/span><span class=\"NormalTextRun SpellingErrorV2Themed SCXW87130433 BCX0\">vous<\/span> <span class=\"NormalTextRun SpellingErrorV2Themed SCXW87130433 BCX0\">devez<\/span> <span class=\"NormalTextRun SpellingErrorV2Themed SCXW87130433 BCX0\">indiquer<\/span><span class=\"NormalTextRun SCXW87130433 BCX0\"> les <\/span><span class=\"NormalTextRun SpellingErrorV2Themed SCXW87130433 BCX0\">informations<\/span><span class=\"NormalTextRun SCXW87130433 BCX0\"> de <\/span><span class=\"NormalTextRun SpellingErrorV2Themed SCXW87130433 BCX0\">facturation<\/span><span class=\"NormalTextRun SCXW87130433 BCX0\"> et le <\/span><span class=\"NormalTextRun SpellingErrorV2Themed SCXW87130433 BCX0\">num\u00e9ro<\/span><span class=\"NormalTextRun SCXW87130433 BCX0\"> de <\/span><span class=\"NormalTextRun SpellingErrorV2Themed SCXW87130433 BCX0\">contrat<\/span><span class=\"NormalTextRun SCXW87130433 BCX0\">. Nos <\/span><span class=\"NormalTextRun SpellingErrorV2Themed SCXW87130433 BCX0\">coll\u00e8gues<\/span> <span class=\"NormalTextRun SpellingErrorV2Themed SCXW87130433 BCX0\">administratifs<\/span> <span class=\"NormalTextRun SpellingErrorV2Themed SCXW87130433 BCX0\">vous<\/span> <span class=\"NormalTextRun SpellingErrorV2Themed SCXW87130433 BCX0\">enverront<\/span><span class=\"NormalTextRun SCXW87130433 BCX0\"> les <\/span><span class=\"NormalTextRun SpellingErrorV2Themed SCXW87130433 BCX0\">d\u00e9tails<\/span><span class=\"NormalTextRun SCXW87130433 BCX0\"> de <\/span><span class=\"NormalTextRun SpellingErrorV2Themed SCXW87130433 BCX0\">votre<\/span><span class=\"NormalTextRun SCXW87130433 BCX0\"> facture par e-mail.<\/span><\/span><span class=\"EOP SCXW87130433 BCX0\" data-ccp-props=\"{}\">\u00a0<\/span><\/p><\/div>\n\t\t\t\t<\/div>\n\t\t\t\t\t\t\t<div class=\"elementor-accordion-item\">\n\t\t\t\t\t<div id=\"elementor-tab-title-17921\" class=\"elementor-tab-title\" data-tab=\"21\" role=\"button\" aria-controls=\"elementor-tab-content-17921\" aria-expanded=\"false\">\n\t\t\t\t\t\t\t\t\t\t\t\t<a class=\"elementor-accordion-title\" tabindex=\"0\">21 - Combien de temps faut-il pour restituer la caution de location? <\/a>\n\t\t\t\t\t<\/div>\n\t\t\t\t\t<div id=\"elementor-tab-content-17921\" class=\"elementor-tab-content elementor-clearfix\" data-tab=\"21\" role=\"region\" aria-labelledby=\"elementor-tab-title-17921\"><p><span data-contrast=\"auto\">Pr\u00e9-autorisation : Veuillez noter que ce montant n&rsquo;est pas d\u00e9bit\u00e9, il est seulement demand\u00e9 \u00e0 la banque de le bloquer pendant toute la dur\u00e9e de votre location. Une fois la location termin\u00e9e, il est automatiquement d\u00e9bloqu\u00e9. Cela ne g\u00e9n\u00e8re aucun encaissement ni mouvement de cr\u00e9dit sur votre compte. compte.<\/span><span data-ccp-props=\"{}\">\u00a0<\/span><\/p><p><span data-contrast=\"auto\">Caution : Nous effectuons le versement automatiquement apr\u00e8s restitution du v\u00e9hicule. <\/span><span data-contrast=\"auto\">Le remboursement sur le solde de votre carte d\u00e9pend de la banque et peut prendre entre 7 et 15 jours.<\/span><span data-ccp-props=\"{}\">\u00a0<\/span><\/p><p><span data-contrast=\"auto\">Esp\u00e8ces : Les d\u00e9p\u00f4ts en esp\u00e8ces sont restitu\u00e9s directement au bureau de restitution \u00e0 la fin de la location.<\/span><span data-ccp-props=\"{}\">\u00a0<\/span><\/p><p><span data-contrast=\"auto\">Veuillez noter que ce montant est toujours d\u00e9bloqu\u00e9 sur le compte associ\u00e9 \u00e0 la carte de cr\u00e9dit avec laquelle vous avez effectu\u00e9 le d\u00e9p\u00f4t.<\/span><span data-ccp-props=\"{}\">\u00a0<\/span><\/p><\/div>\n\t\t\t\t<\/div>\n\t\t\t\t\t\t\t\t<\/div>\n\t\t\t\t\t\t<\/div>\n\t\t\t\t<\/div>\n\t\t\t\t\t<\/div>\n\t\t\t\t<\/div>\n\t\t<div class=\"elementor-element elementor-element-87a103b e-flex e-con-boxed e-con e-parent\" data-id=\"87a103b\" data-element_type=\"container\" data-e-type=\"container\">\n\t\t\t\t\t<div class=\"e-con-inner\">\n\t\t\t\t<div class=\"elementor-element elementor-element-615c506 elementor-widget elementor-widget-spacer\" data-id=\"615c506\" data-element_type=\"widget\" data-e-type=\"widget\" data-widget_type=\"spacer.default\">\n\t\t\t\t<div class=\"elementor-widget-container\">\n\t\t\t\t\t\t\t<div class=\"elementor-spacer\">\n\t\t\t<div class=\"elementor-spacer-inner\"><\/div>\n\t\t<\/div>\n\t\t\t\t\t\t<\/div>\n\t\t\t\t<\/div>\n\t\t\t\t\t<\/div>\n\t\t\t\t<\/div>\n\t\t\t\t<section class=\"elementor-section elementor-top-section elementor-element elementor-element-739ef58 elementor-section-boxed elementor-section-height-default elementor-section-height-default\" data-id=\"739ef58\" data-element_type=\"section\" data-e-type=\"section\">\n\t\t\t\t\t\t<div class=\"elementor-container elementor-column-gap-default\">\n\t\t\t\t\t<div class=\"elementor-column elementor-col-100 elementor-top-column elementor-element elementor-element-80f73dd\" data-id=\"80f73dd\" data-element_type=\"column\" data-e-type=\"column\">\n\t\t\t<div class=\"elementor-widget-wrap elementor-element-populated\">\n\t\t\t\t\t\t<div class=\"elementor-element elementor-element-88b6d42 texto-rojo espacio-description elementor-widget elementor-widget-tripgo_elementor_heading\" data-id=\"88b6d42\" data-element_type=\"widget\" data-e-type=\"widget\" data-widget_type=\"tripgo_elementor_heading.default\">\n\t\t\t\t<div class=\"elementor-widget-container\">\n\t\t\t\t\t\t\t<div class=\"ova-title\">\n\n\t\t\t\n\t\t\t\t\t\t\t\n\t\t\t\t\t<h2 class=\"title\">Vous avez encore des doutes ?<\/h2>\n\t\t\t\t\t\t\t\n\t\t\t\t\t\t\t<p class=\"description\">Contactez-nous et nous les r\u00e9soudrons pour vous.<\/p>\n\t\t\t\n\t\t<\/div> \n\t\t \t\n\t\t\t\t\t\t<\/div>\n\t\t\t\t<\/div>\n\t\t\t\t<div class=\"elementor-element elementor-element-c7a6b11 elementor-align-center boton textos boton-faqs elementor-widget elementor-widget-button\" data-id=\"c7a6b11\" data-element_type=\"widget\" data-e-type=\"widget\" data-widget_type=\"button.default\">\n\t\t\t\t<div class=\"elementor-widget-container\">\n\t\t\t\t\t\t\t\t\t<div class=\"elementor-button-wrapper\">\n\t\t\t\t\t<a class=\"elementor-button elementor-button-link elementor-size-xl\" href=\"https:\/\/mitjornmotorent.com\/fr\/contact\/\">\n\t\t\t\t\t\t<span class=\"elementor-button-content-wrapper\">\n\t\t\t\t\t\t\t\t\t<span class=\"elementor-button-text\">contact<\/span>\n\t\t\t\t\t<\/span>\n\t\t\t\t\t<\/a>\n\t\t\t\t<\/div>\n\t\t\t\t\t\t\t\t<\/div>\n\t\t\t\t<\/div>\n\t\t\t\t\t<\/div>\n\t\t<\/div>\n\t\t\t\t\t<\/div>\n\t\t<\/section>\n\t\t\t\t<\/div>\n\t\t","protected":false},"excerpt":{"rendered":"<p>Home P\u00e1gina Vous avez des doutes ? nous les r\u00e9solvons pour vous 1 &#8211; O\u00f9 se trouvent les bureaux de Mitjorn? Afin d&#8217;\u00eatre pr\u00e9sent dans le plus grand nombre d&#8217;endroits possible et d&#8217;offrir le meilleur service, Mitjorn dispose de diff\u00e9rents sites de livraison.\u00a0 Nous disposons de bureaux situ\u00e9s dans le principal lieu touristique de l&#8217;\u00eele, [&hellip;]<\/p>\n","protected":false},"author":2,"featured_media":0,"parent":0,"menu_order":0,"comment_status":"closed","ping_status":"closed","template":"elementor_header_footer","meta":{"_acf_changed":false,"footnotes":""},"class_list":["post-15643","page","type-page","status-publish","hentry"],"acf":[],"yoast_head":"<!-- This site is optimized with the Yoast SEO plugin v27.0 - https:\/\/yoast.com\/product\/yoast-seo-wordpress\/ -->\n<title>FAQs - ALQUILER MOTOS, BICICLETAS Y COCHES FORMENTERA<\/title>\n<meta name=\"robots\" content=\"index, follow, max-snippet:-1, max-image-preview:large, max-video-preview:-1\" \/>\n<link rel=\"canonical\" href=\"https:\/\/mitjornmotorent.com\/fr\/faqs\/\" \/>\n<meta property=\"og:locale\" content=\"fr_FR\" \/>\n<meta property=\"og:type\" content=\"article\" \/>\n<meta property=\"og:title\" content=\"FAQs - ALQUILER MOTOS, BICICLETAS Y COCHES FORMENTERA\" \/>\n<meta property=\"og:description\" content=\"Home P\u00e1gina Vous avez des doutes ? nous les r\u00e9solvons pour vous 1 &#8211; O\u00f9 se trouvent les bureaux de Mitjorn? Afin d&#8217;\u00eatre pr\u00e9sent dans le plus grand nombre d&#8217;endroits possible et d&#8217;offrir le meilleur service, Mitjorn dispose de diff\u00e9rents sites de livraison.\u00a0 Nous disposons de bureaux situ\u00e9s dans le principal lieu touristique de l&#8217;\u00eele, [&hellip;]\" \/>\n<meta property=\"og:url\" content=\"https:\/\/mitjornmotorent.com\/fr\/faqs\/\" \/>\n<meta property=\"og:site_name\" content=\"ALQUILER MOTOS, BICICLETAS Y COCHES FORMENTERA\" \/>\n<meta property=\"article:modified_time\" content=\"2025-02-11T08:42:34+00:00\" \/>\n<meta name=\"twitter:card\" content=\"summary_large_image\" \/>\n<meta name=\"twitter:label1\" content=\"Dur\u00e9e de lecture estim\u00e9e\" \/>\n\t<meta name=\"twitter:data1\" content=\"10 minutes\" \/>\n<script type=\"application\/ld+json\" class=\"yoast-schema-graph\">{\"@context\":\"https:\/\/schema.org\",\"@graph\":[{\"@type\":\"WebPage\",\"@id\":\"https:\/\/mitjornmotorent.com\/fr\/faqs\/\",\"url\":\"https:\/\/mitjornmotorent.com\/fr\/faqs\/\",\"name\":\"FAQs - ALQUILER MOTOS, BICICLETAS Y COCHES FORMENTERA\",\"isPartOf\":{\"@id\":\"https:\/\/mitjornmotorent.com\/fr\/#website\"},\"datePublished\":\"2024-02-12T10:25:12+00:00\",\"dateModified\":\"2025-02-11T08:42:34+00:00\",\"breadcrumb\":{\"@id\":\"https:\/\/mitjornmotorent.com\/fr\/faqs\/#breadcrumb\"},\"inLanguage\":\"fr-FR\",\"potentialAction\":[{\"@type\":\"ReadAction\",\"target\":[\"https:\/\/mitjornmotorent.com\/fr\/faqs\/\"]}]},{\"@type\":\"BreadcrumbList\",\"@id\":\"https:\/\/mitjornmotorent.com\/fr\/faqs\/#breadcrumb\",\"itemListElement\":[{\"@type\":\"ListItem\",\"position\":1,\"name\":\"Portada\",\"item\":\"https:\/\/mitjornmotorent.com\/fr\/\"},{\"@type\":\"ListItem\",\"position\":2,\"name\":\"FAQs\"}]},{\"@type\":\"WebSite\",\"@id\":\"https:\/\/mitjornmotorent.com\/fr\/#website\",\"url\":\"https:\/\/mitjornmotorent.com\/fr\/\",\"name\":\"ALQUILER MOTOS, BICICLETAS Y COCHES FORMENTERA\",\"description\":\"N\u00ba1 MITJORN MotoRent\",\"potentialAction\":[{\"@type\":\"SearchAction\",\"target\":{\"@type\":\"EntryPoint\",\"urlTemplate\":\"https:\/\/mitjornmotorent.com\/fr\/?s={search_term_string}\"},\"query-input\":{\"@type\":\"PropertyValueSpecification\",\"valueRequired\":true,\"valueName\":\"search_term_string\"}}],\"inLanguage\":\"fr-FR\"}]}<\/script>\n<!-- \/ Yoast SEO plugin. -->","yoast_head_json":{"title":"FAQs - ALQUILER MOTOS, BICICLETAS Y COCHES FORMENTERA","robots":{"index":"index","follow":"follow","max-snippet":"max-snippet:-1","max-image-preview":"max-image-preview:large","max-video-preview":"max-video-preview:-1"},"canonical":"https:\/\/mitjornmotorent.com\/fr\/faqs\/","og_locale":"fr_FR","og_type":"article","og_title":"FAQs - ALQUILER MOTOS, BICICLETAS Y COCHES FORMENTERA","og_description":"Home P\u00e1gina Vous avez des doutes ? nous les r\u00e9solvons pour vous 1 &#8211; O\u00f9 se trouvent les bureaux de Mitjorn? Afin d&#8217;\u00eatre pr\u00e9sent dans le plus grand nombre d&#8217;endroits possible et d&#8217;offrir le meilleur service, Mitjorn dispose de diff\u00e9rents sites de livraison.\u00a0 Nous disposons de bureaux situ\u00e9s dans le principal lieu touristique de l&#8217;\u00eele, [&hellip;]","og_url":"https:\/\/mitjornmotorent.com\/fr\/faqs\/","og_site_name":"ALQUILER MOTOS, BICICLETAS Y COCHES FORMENTERA","article_modified_time":"2025-02-11T08:42:34+00:00","twitter_card":"summary_large_image","twitter_misc":{"Dur\u00e9e de lecture estim\u00e9e":"10 minutes"},"schema":{"@context":"https:\/\/schema.org","@graph":[{"@type":"WebPage","@id":"https:\/\/mitjornmotorent.com\/fr\/faqs\/","url":"https:\/\/mitjornmotorent.com\/fr\/faqs\/","name":"FAQs - ALQUILER MOTOS, BICICLETAS Y COCHES FORMENTERA","isPartOf":{"@id":"https:\/\/mitjornmotorent.com\/fr\/#website"},"datePublished":"2024-02-12T10:25:12+00:00","dateModified":"2025-02-11T08:42:34+00:00","breadcrumb":{"@id":"https:\/\/mitjornmotorent.com\/fr\/faqs\/#breadcrumb"},"inLanguage":"fr-FR","potentialAction":[{"@type":"ReadAction","target":["https:\/\/mitjornmotorent.com\/fr\/faqs\/"]}]},{"@type":"BreadcrumbList","@id":"https:\/\/mitjornmotorent.com\/fr\/faqs\/#breadcrumb","itemListElement":[{"@type":"ListItem","position":1,"name":"Portada","item":"https:\/\/mitjornmotorent.com\/fr\/"},{"@type":"ListItem","position":2,"name":"FAQs"}]},{"@type":"WebSite","@id":"https:\/\/mitjornmotorent.com\/fr\/#website","url":"https:\/\/mitjornmotorent.com\/fr\/","name":"ALQUILER MOTOS, BICICLETAS Y COCHES FORMENTERA","description":"N\u00ba1 MITJORN MotoRent","potentialAction":[{"@type":"SearchAction","target":{"@type":"EntryPoint","urlTemplate":"https:\/\/mitjornmotorent.com\/fr\/?s={search_term_string}"},"query-input":{"@type":"PropertyValueSpecification","valueRequired":true,"valueName":"search_term_string"}}],"inLanguage":"fr-FR"}]}},"_links":{"self":[{"href":"https:\/\/mitjornmotorent.com\/fr\/wp-json\/wp\/v2\/pages\/15643","targetHints":{"allow":["GET"]}}],"collection":[{"href":"https:\/\/mitjornmotorent.com\/fr\/wp-json\/wp\/v2\/pages"}],"about":[{"href":"https:\/\/mitjornmotorent.com\/fr\/wp-json\/wp\/v2\/types\/page"}],"author":[{"embeddable":true,"href":"https:\/\/mitjornmotorent.com\/fr\/wp-json\/wp\/v2\/users\/2"}],"replies":[{"embeddable":true,"href":"https:\/\/mitjornmotorent.com\/fr\/wp-json\/wp\/v2\/comments?post=15643"}],"version-history":[{"count":20,"href":"https:\/\/mitjornmotorent.com\/fr\/wp-json\/wp\/v2\/pages\/15643\/revisions"}],"predecessor-version":[{"id":18370,"href":"https:\/\/mitjornmotorent.com\/fr\/wp-json\/wp\/v2\/pages\/15643\/revisions\/18370"}],"wp:attachment":[{"href":"https:\/\/mitjornmotorent.com\/fr\/wp-json\/wp\/v2\/media?parent=15643"}],"curies":[{"name":"wp","href":"https:\/\/api.w.org\/{rel}","templated":true}]}}