{"id":15523,"date":"2024-03-11T11:50:33","date_gmt":"2024-03-11T11:50:33","guid":{"rendered":"https:\/\/mitjorn.walaxia.cat\/?page_id=15523"},"modified":"2025-01-23T11:23:10","modified_gmt":"2025-01-23T11:23:10","slug":"motos","status":"publish","type":"page","link":"https:\/\/mitjornmotorent.com\/fr\/motos\/","title":{"rendered":"Motos"},"content":{"rendered":"\t\t<div data-elementor-type=\"wp-page\" data-elementor-id=\"15523\" class=\"elementor elementor-15523 elementor-10396\" data-elementor-post-type=\"page\">\n\t\t\t\t<div class=\"elementor-element elementor-element-6f12994 e-flex e-con-boxed e-con e-parent\" data-id=\"6f12994\" data-element_type=\"container\" data-e-type=\"container\" data-settings=\"{&quot;background_background&quot;:&quot;classic&quot;}\">\n\t\t\t\t\t<div class=\"e-con-inner\">\n\t\t\t\t<div class=\"elementor-element elementor-element-b76ba4d elementor-widget elementor-widget-tripgo_elementor_header_banner\" data-id=\"b76ba4d\" data-element_type=\"widget\" data-e-type=\"widget\" data-widget_type=\"tripgo_elementor_header_banner.default\">\n\t\t\t\t<div class=\"elementor-widget-container\">\n\t\t\t\t\t\t\t \t<!-- Display when you choose background per Post -->\n\t\t \t<div class=\"wrap_header_banner  center \"  >\n\n\t\t \t\t\t\t\t \t\n\t\t\t\t \t<div class=\"cover_color\"><\/div>\n\n\t\t\t\t\t<div class=\"header_banner_el \">\n\t\t\t\t\t\t\n\t\t\t\t\t\t\t\t\t\t\t\t\t\n\t\t\t\t\t\t\t\n\t\t\t\t\t\t\t\t\t\t\t\t\t\t<h1 class=\" header_title\">\n\t\t\t\t\t\t\t\t\t\t\t\t\t\t\t<\/h1>\n\t\t\t\t\t\t\t\t\n\t\t\t\t\t\t\n\n\t\t\t\t\t\t\n\t\t\t\t\t<\/div>\n\n\t\t\t\t\n\t\t\t<\/div>\n\t\t\t\t\t\t<\/div>\n\t\t\t\t<\/div>\n\t\t\t\t<div class=\"elementor-element elementor-element-5b5b9c7 elementor-widget elementor-widget-spacer\" data-id=\"5b5b9c7\" data-element_type=\"widget\" data-e-type=\"widget\" id=\"motor-busqueda\" data-widget_type=\"spacer.default\">\n\t\t\t\t<div class=\"elementor-widget-container\">\n\t\t\t\t\t\t\t<div class=\"elementor-spacer\">\n\t\t\t<div class=\"elementor-spacer-inner\"><\/div>\n\t\t<\/div>\n\t\t\t\t\t\t<\/div>\n\t\t\t\t<\/div>\n\t\t\t\t\t<\/div>\n\t\t\t\t<\/div>\n\t\t<div class=\"elementor-element elementor-element-9580735 e-flex e-con-boxed e-con e-parent\" data-id=\"9580735\" data-element_type=\"container\" data-e-type=\"container\">\n\t\t\t\t\t<div class=\"e-con-inner\">\n\t\t\t\t<div class=\"elementor-element elementor-element-0302417 elementor-widget elementor-widget-shortcode\" data-id=\"0302417\" data-element_type=\"widget\" data-e-type=\"widget\" data-widget_type=\"shortcode.default\">\n\t\t\t\t<div class=\"elementor-widget-container\">\n\t\t\t\t\t\t\t<div class=\"elementor-shortcode\">\n<section class=\"mybooking mybooking-selector widget widget_mybooking_renting_engine_selector reservation-step  \">\n  <form\n    id=\"form-selector\"\n    class=\"mybooking-selector_form\"\n    name=\"widget_search_form\"\n    method=\"get\"\n    enctype=\"application\/x-www-form-urlencoded\">\n\n    \n          <input type=\"hidden\" name=\"family_id\" value=\"28\"\/>\n      <input type=\"hidden\" name=\"engine_fixed_family\" value=\"true\"\/>\n    \n    \n    \n      <\/form>\n<\/section>\n<\/div>\n\t\t\t\t\t\t<\/div>\n\t\t\t\t<\/div>\n\t\t\t\t\t<\/div>\n\t\t\t\t<\/div>\n\t\t<div class=\"elementor-element elementor-element-39bec70 e-flex e-con-boxed e-con e-parent\" data-id=\"39bec70\" data-element_type=\"container\" data-e-type=\"container\">\n\t\t\t\t\t<div class=\"e-con-inner\">\n\t\t<div class=\"elementor-element elementor-element-0886621 e-flex e-con-boxed e-con e-child\" data-id=\"0886621\" data-element_type=\"container\" data-e-type=\"container\">\n\t\t\t\t\t<div class=\"e-con-inner\">\n\t\t\t\t<div class=\"elementor-element elementor-element-ff9d7f9 elementor-widget elementor-widget-spacer\" data-id=\"ff9d7f9\" data-element_type=\"widget\" data-e-type=\"widget\" data-widget_type=\"spacer.default\">\n\t\t\t\t<div class=\"elementor-widget-container\">\n\t\t\t\t\t\t\t<div class=\"elementor-spacer\">\n\t\t\t<div class=\"elementor-spacer-inner\"><\/div>\n\t\t<\/div>\n\t\t\t\t\t\t<\/div>\n\t\t\t\t<\/div>\n\t\t\t\t\t<\/div>\n\t\t\t\t<\/div>\n\t\t\t\t\t<\/div>\n\t\t\t\t<\/div>\n\t\t<div class=\"elementor-element elementor-element-4f0c55e alquila-moto e-flex e-con-boxed e-con e-parent\" data-id=\"4f0c55e\" data-element_type=\"container\" data-e-type=\"container\">\n\t\t\t\t\t<div class=\"e-con-inner\">\n\t\t\t\t<div class=\"elementor-element elementor-element-459a9f6 texto-rojo elementor-widget elementor-widget-tripgo_elementor_heading\" data-id=\"459a9f6\" data-element_type=\"widget\" data-e-type=\"widget\" data-widget_type=\"tripgo_elementor_heading.default\">\n\t\t\t\t<div class=\"elementor-widget-container\">\n\t\t\t\t\t\t\t<div class=\"ova-title\">\n\n\t\t\t\n\t\t\t\t\t\t\t\n\t\t\t\t\t<h1 class=\"title\">Location de motos \u00e0 Formentera<\/h1>\n\t\t\t\t\t\t\t\n\t\t\t\n\t\t<\/div> \n\t\t \t\n\t\t\t\t\t\t<\/div>\n\t\t\t\t<\/div>\n\t\t\t\t<div class=\"elementor-element elementor-element-6c88c59 titulo-h2 espacio-description elementor-widget elementor-widget-tripgo_elementor_heading\" data-id=\"6c88c59\" data-element_type=\"widget\" data-e-type=\"widget\" data-widget_type=\"tripgo_elementor_heading.default\">\n\t\t\t\t<div class=\"elementor-widget-container\">\n\t\t\t\t\t\t\t<div class=\"ova-title\">\n\n\t\t\t\n\t\t\t\t\t\t\t\n\t\t\t\t\t<p class=\"title\">VISITEZ L&#039;\u00ceLE EN TOUTE LIBERT\u00c9 AVEC VOTRE MOTO DE LOCATION<\/p>\n\t\t\t\t\t\t\t\n\t\t\t\t\t\t\t<p class=\"description\">Visiter Formentera est toujours un plaisir, et opter pour la location de motos \u00e0 Formentera rendra votre voyage unique. Sans aucun doute, la moto et le scooter sont les v\u00e9hicules les plus r\u00e9serv\u00e9s en ligne. La location de motos \u00e0 Formentera est pour beaucoup l&#039;option id\u00e9ale. Pourquoi? Notre merveilleuse \u00eele mesure environ 20 kilom\u00e8tres d&#039;un bout \u00e0 l&#039;autre, ce qui fait de la moto un v\u00e9hicule parfait. Plus facile \u00e0 garer qu&#039;une voiture et moins polluante. Elle vous permet d&#039;aller plus loin et plus rapidement qu&#039;un v\u00e9lo.<\/p>\n\t\t\t\n\t\t<\/div> \n\t\t \t\n\t\t\t\t\t\t<\/div>\n\t\t\t\t<\/div>\n\t\t\t\t<div class=\"elementor-element elementor-element-d9cd60a elementor-align-center leer-mas icono-amarillo texto-rojo elementor-button-info elementor-widget elementor-widget-button\" data-id=\"d9cd60a\" data-element_type=\"widget\" data-e-type=\"widget\" data-widget_type=\"button.default\">\n\t\t\t\t<div class=\"elementor-widget-container\">\n\t\t\t\t\t\t\t\t\t<div class=\"elementor-button-wrapper\">\n\t\t\t\t\t<a class=\"elementor-button elementor-size-sm\" role=\"button\">\n\t\t\t\t\t\t<span class=\"elementor-button-content-wrapper\">\n\t\t\t\t\t\t<span class=\"elementor-button-icon\">\n\t\t\t\t<svg aria-hidden=\"true\" class=\"e-font-icon-svg e-fas-chevron-down\" viewBox=\"0 0 448 512\" xmlns=\"http:\/\/www.w3.org\/2000\/svg\"><path d=\"M207.029 381.476L12.686 187.132c-9.373-9.373-9.373-24.569 0-33.941l22.667-22.667c9.357-9.357 24.522-9.375 33.901-.04L224 284.505l154.745-154.021c9.379-9.335 24.544-9.317 33.901.04l22.667 22.667c9.373 9.373 9.373 24.569 0 33.941L240.971 381.476c-9.373 9.372-24.569 9.372-33.942 0z\"><\/path><\/svg>\t\t\t<\/span>\n\t\t\t\t\t\t\t\t\t<span class=\"elementor-button-text\">en savoir plus<\/span>\n\t\t\t\t\t<\/span>\n\t\t\t\t\t<\/a>\n\t\t\t\t<\/div>\n\t\t\t\t\t\t\t\t<\/div>\n\t\t\t\t<\/div>\n\t\t\t\t<div class=\"elementor-element elementor-element-1d95086 texto-rojo titulo-h2 objeto-oculto elementor-widget elementor-widget-tripgo_elementor_heading\" data-id=\"1d95086\" data-element_type=\"widget\" data-e-type=\"widget\" data-widget_type=\"tripgo_elementor_heading.default\">\n\t\t\t\t<div class=\"elementor-widget-container\">\n\t\t\t\t\t\t\t<div class=\"ova-title\">\n\n\t\t\t\n\t\t\t\t\t\t\t\n\t\t\t\t\t<h2 class=\"title\">Location de moto \u00e0 Formentera, prix et offres imbattables<\/h2>\n\t\t\t\t\t\t\t\n\t\t\t\t\t\t\t<p class=\"description\">Entre mars et octobre, c&#039;est le moyen de transport le plus demand\u00e9. N&#039;attendez plus pour r\u00e9server et choisissez \u00e0 l&#039;avance la moto de location qui correspond le mieux \u00e0 vos besoins. Chez MOTO RENT MITJORN, nous avons l&#039;une des flottes les plus fantastiques de toute l&#039;\u00eele... Un confort maximal, au meilleur prix garanti dans une entreprise 100% fiable!\n\nChoisissez d\u00e8s maintenant parmi l&#039;une des motos de notre catalogue et profitez de la beaut\u00e9 unique de Formentera, une \u00eele avec un environnement naturel enviable o\u00f9 vous pourrez profiter de la paix et de la tranquillit\u00e9. Et pour votre s\u00e9curit\u00e9, b\u00e9n\u00e9ficiez de la garantie d&#039;une entreprise leader dans le secteur de la location de v\u00e9hicules \u00e0 Formentera. N&#039;attendez plus et venez nous rendre visite, nous avons le mod\u00e8le id\u00e9al qui correspond \u00e0 vos pr\u00e9f\u00e9rences.<\/p>\n\t\t\t\n\t\t<\/div> \n\t\t \t\n\t\t\t\t\t\t<\/div>\n\t\t\t\t<\/div>\n\t\t\t\t<div class=\"elementor-element elementor-element-6a9f1a3 elementor-align-center texto-rojo leer-menos objeto-oculto elementor-button-info elementor-widget__width-initial elementor-widget-mobile__width-inherit elementor-widget elementor-widget-button\" data-id=\"6a9f1a3\" data-element_type=\"widget\" data-e-type=\"widget\" data-widget_type=\"button.default\">\n\t\t\t\t<div class=\"elementor-widget-container\">\n\t\t\t\t\t\t\t\t\t<div class=\"elementor-button-wrapper\">\n\t\t\t\t\t<a class=\"elementor-button elementor-size-sm\" role=\"button\">\n\t\t\t\t\t\t<span class=\"elementor-button-content-wrapper\">\n\t\t\t\t\t\t<span class=\"elementor-button-icon\">\n\t\t\t\t<svg aria-hidden=\"true\" class=\"e-font-icon-svg e-fas-chevron-up\" viewBox=\"0 0 448 512\" xmlns=\"http:\/\/www.w3.org\/2000\/svg\"><path d=\"M240.971 130.524l194.343 194.343c9.373 9.373 9.373 24.569 0 33.941l-22.667 22.667c-9.357 9.357-24.522 9.375-33.901.04L224 227.495 69.255 381.516c-9.379 9.335-24.544 9.317-33.901-.04l-22.667-22.667c-9.373-9.373-9.373-24.569 0-33.941L207.03 130.525c9.372-9.373 24.568-9.373 33.941-.001z\"><\/path><\/svg>\t\t\t<\/span>\n\t\t\t\t\t\t\t\t\t<span class=\"elementor-button-text\">en savoir moins<\/span>\n\t\t\t\t\t<\/span>\n\t\t\t\t\t<\/a>\n\t\t\t\t<\/div>\n\t\t\t\t\t\t\t\t<\/div>\n\t\t\t\t<\/div>\n\t\t\t\t\t<\/div>\n\t\t\t\t<\/div>\n\t\t<div class=\"elementor-element elementor-element-a9b5e7a e-flex e-con-boxed e-con e-parent\" data-id=\"a9b5e7a\" data-element_type=\"container\" data-e-type=\"container\">\n\t\t\t\t\t<div class=\"e-con-inner\">\n\t\t\t\t<div class=\"woocommerce elementor-element elementor-element-7eaf61c elementor-grid-3 elementor-grid-tablet-2 elementor-grid-mobile-1 elementor-widget elementor-widget-loop-grid\" data-id=\"7eaf61c\" data-element_type=\"widget\" data-e-type=\"widget\" data-settings=\"{&quot;_skin&quot;:&quot;product&quot;,&quot;template_id&quot;:17911,&quot;columns&quot;:&quot;3&quot;,&quot;columns_tablet&quot;:&quot;2&quot;,&quot;columns_mobile&quot;:&quot;1&quot;,&quot;edit_handle_selector&quot;:&quot;[data-elementor-type=\\&quot;loop-item\\&quot;]&quot;,&quot;row_gap&quot;:{&quot;unit&quot;:&quot;px&quot;,&quot;size&quot;:&quot;&quot;,&quot;sizes&quot;:[]},&quot;row_gap_tablet&quot;:{&quot;unit&quot;:&quot;px&quot;,&quot;size&quot;:&quot;&quot;,&quot;sizes&quot;:[]},&quot;row_gap_mobile&quot;:{&quot;unit&quot;:&quot;px&quot;,&quot;size&quot;:&quot;&quot;,&quot;sizes&quot;:[]}}\" data-widget_type=\"loop-grid.product\">\n\t\t\t\t<div class=\"elementor-widget-container\">\n\t\t\t\t\t\t\t<div class=\"e-loop-nothing-found-message\">\n\t\t<\/div>\n\t\t\t\t\t\t<\/div>\n\t\t\t\t<\/div>\n\t\t\t\t\t<\/div>\n\t\t\t\t<\/div>\n\t\t<div class=\"elementor-element elementor-element-648e48e listado-productos-vehiculos e-flex e-con-boxed e-con e-parent\" data-id=\"648e48e\" data-element_type=\"container\" data-e-type=\"container\">\n\t\t\t\t\t<div class=\"e-con-inner\">\n\t\t\t\t<div class=\"elementor-element elementor-element-50bae14 elementor-widget elementor-widget-spacer\" data-id=\"50bae14\" data-element_type=\"widget\" data-e-type=\"widget\" data-widget_type=\"spacer.default\">\n\t\t\t\t<div class=\"elementor-widget-container\">\n\t\t\t\t\t\t\t<div class=\"elementor-spacer\">\n\t\t\t<div class=\"elementor-spacer-inner\"><\/div>\n\t\t<\/div>\n\t\t\t\t\t\t<\/div>\n\t\t\t\t<\/div>\n\t\t\t\t\t<\/div>\n\t\t\t\t<\/div>\n\t\t\t\t<section class=\"elementor-section elementor-top-section elementor-element elementor-element-dc840e4 video-home elementor-section-boxed elementor-section-height-default elementor-section-height-default\" data-id=\"dc840e4\" data-element_type=\"section\" data-e-type=\"section\" data-settings=\"{&quot;background_background&quot;:&quot;classic&quot;}\">\n\t\t\t\t\t\t\t<div class=\"elementor-background-overlay\"><\/div>\n\t\t\t\t\t\t\t<div class=\"elementor-container elementor-column-gap-default\">\n\t\t\t\t\t<div class=\"elementor-column elementor-col-100 elementor-top-column elementor-element elementor-element-778c15b\" data-id=\"778c15b\" data-element_type=\"column\" data-e-type=\"column\">\n\t\t\t<div class=\"elementor-widget-wrap elementor-element-populated\">\n\t\t\t\t\t\t<div class=\"elementor-element elementor-element-d4dc6b2 elementor-widget elementor-widget-tripgo_elementor_heading\" data-id=\"d4dc6b2\" data-element_type=\"widget\" data-e-type=\"widget\" data-widget_type=\"tripgo_elementor_heading.default\">\n\t\t\t\t<div class=\"elementor-widget-container\">\n\t\t\t\t\t\t\t<div class=\"ova-title\">\n\n\t\t\t\n\t\t\t\t\t\t\t\n\t\t\t\t\t<h2 class=\"title\">Location de moto\ndans le port de Formentera<\/h2>\n\t\t\t\t\t\t\t\n\t\t\t\t\t\t\t<p class=\"description\">Louez votre moto et r\u00e9cup\u00e9rez-la \u00e0 votre arriv\u00e9e au Port de la Savina de Formentera. Profitez d&#039;une balade paisible en couple en moto, tout en admirant le paysage naturel de l&#039;\u00eele. Votre trajet sera un r\u00e9gal pour tous vos sens. De plus, vous n&#039;aurez pas \u00e0 vous soucier de quoi que ce soit, il suffit de remplir le formulaire et nous vous livrerons la moto \u00e0 votre lieu de s\u00e9jour. Et en cas de probl\u00e8me avec la moto, appelez-nous et nous vous enverrons imm\u00e9diatement un technicien.<\/p>\n\t\t\t\n\t\t<\/div> \n\t\t \t\n\t\t\t\t\t\t<\/div>\n\t\t\t\t<\/div>\n\t\t\t\t\t<\/div>\n\t\t<\/div>\n\t\t\t\t\t<\/div>\n\t\t<\/section>\n\t\t\t\t<section class=\"elementor-section elementor-top-section elementor-element elementor-element-dcd27ef elementor-section-boxed elementor-section-height-default elementor-section-height-default\" data-id=\"dcd27ef\" data-element_type=\"section\" data-e-type=\"section\" data-settings=\"{&quot;background_background&quot;:&quot;classic&quot;}\">\n\t\t\t\t\t\t<div class=\"elementor-container elementor-column-gap-default\">\n\t\t\t\t\t<div class=\"elementor-column elementor-col-100 elementor-top-column elementor-element elementor-element-0fbd0f0\" data-id=\"0fbd0f0\" data-element_type=\"column\" data-e-type=\"column\">\n\t\t\t<div class=\"elementor-widget-wrap elementor-element-populated\">\n\t\t\t\t\t\t<div class=\"elementor-element elementor-element-001fb7a elementor-widget__width-initial texto-rojo elementor-widget elementor-widget-tripgo_elementor_heading\" data-id=\"001fb7a\" data-element_type=\"widget\" data-e-type=\"widget\" data-widget_type=\"tripgo_elementor_heading.default\">\n\t\t\t\t<div class=\"elementor-widget-container\">\n\t\t\t\t\t\t\t<div class=\"ova-title\">\n\n\t\t\t\n\t\t\t\t\t\t\t\n\t\t\t\t\t<h3 class=\"title\">Nos Bureaux<\/h3>\n\t\t\t\t\t\t\t\n\t\t\t\t\t\t\t<p class=\"description\">Nous mettons \u00e0 votre disposition la meilleure s\u00e9lection de v\u00e9hicules directement au Port de La Savina de Formentera.<\/p>\n\t\t\t\n\t\t<\/div> \n\t\t \t\n\t\t\t\t\t\t<\/div>\n\t\t\t\t<\/div>\n\t\t\t\t<div class=\"elementor-element elementor-element-4331cc9 elementor-align-center elementor-widget__width-initial boton icono-amarillo boton-tel-home elementor-widget elementor-widget-button\" data-id=\"4331cc9\" data-element_type=\"widget\" data-e-type=\"widget\" data-widget_type=\"button.default\">\n\t\t\t\t<div class=\"elementor-widget-container\">\n\t\t\t\t\t\t\t\t\t<div class=\"elementor-button-wrapper\">\n\t\t\t\t\t<a class=\"elementor-button elementor-button-link elementor-size-md\" href=\"tel:+34971322306\">\n\t\t\t\t\t\t<span class=\"elementor-button-content-wrapper\">\n\t\t\t\t\t\t<span class=\"elementor-button-icon\">\n\t\t\t\t<svg xmlns=\"http:\/\/www.w3.org\/2000\/svg\" viewBox=\"0 0 22.08 22.08\"><defs><style>.cls-1{fill:#ffbc00;}<\/style><\/defs><g id=\"Capa_2\" data-name=\"Capa 2\"><g id=\"Capa_1-2\" data-name=\"Capa 1\"><path class=\"cls-1\" d=\"M.21,19.05a.75.75,0,0,1,0-1l3.1-3.1a.73.73,0,0,1,1,0l.52.51L.72,19.57Zm20-8.57-9.71,9.7a6.44,6.44,0,0,1-8.69.4l4.13-4.12a3.13,3.13,0,0,0,4.28-.14l6.12-6.12h0a3.13,3.13,0,0,0,.13-4.28l4.13-4.13A6.44,6.44,0,0,1,20.18,10.48ZM19.05.21l.51.52L15.42,4.88l-.52-.52a.75.75,0,0,1,0-1L18,.21A.75.75,0,0,1,19.05.21Z\"><\/path><\/g><\/g><\/svg>\t\t\t<\/span>\n\t\t\t\t\t\t\t\t\t<span class=\"elementor-button-text\">Tel. 971 32 23 06<\/span>\n\t\t\t\t\t<\/span>\n\t\t\t\t\t<\/a>\n\t\t\t\t<\/div>\n\t\t\t\t\t\t\t\t<\/div>\n\t\t\t\t<\/div>\n\t\t<div class=\"elementor-element elementor-element-d374912 e-con-full oficinas texto-rojo e-flex e-con e-parent\" data-id=\"d374912\" data-element_type=\"container\" data-e-type=\"container\">\n\t\t<div class=\"elementor-element elementor-element-94f7540 e-con-full e-flex e-con e-child\" data-id=\"94f7540\" data-element_type=\"container\" data-e-type=\"container\">\n\t\t\t\t<div class=\"elementor-element elementor-element-dd77353 elementor-widget elementor-widget-image\" data-id=\"dd77353\" data-element_type=\"widget\" data-e-type=\"widget\" data-widget_type=\"image.default\">\n\t\t\t\t<div class=\"elementor-widget-container\">\n\t\t\t\t\t\t\t\t\t\t\t\t\t\t\t<img fetchpriority=\"high\" decoding=\"async\" width=\"296\" height=\"181\" src=\"https:\/\/mitjornmotorent.com\/wp-content\/uploads\/2024\/05\/oficina-Mitjorn-Puerto-1.jpg\" class=\"attachment-full size-full wp-image-15086\" alt=\"\" \/>\t\t\t\t\t\t\t\t\t\t\t\t\t\t\t<\/div>\n\t\t\t\t<\/div>\n\t\t\t\t<div class=\"elementor-element elementor-element-ae4d43c elementor-widget elementor-widget-heading\" data-id=\"ae4d43c\" data-element_type=\"widget\" data-e-type=\"widget\" data-widget_type=\"heading.default\">\n\t\t\t\t<div class=\"elementor-widget-container\">\n\t\t\t\t\t<div class=\"elementor-heading-title elementor-size-default\"><span class=\"title\">Mitjorn Puerto 1<\/span><\/div>\t\t\t\t<\/div>\n\t\t\t\t<\/div>\n\t\t\t\t<div class=\"elementor-element elementor-element-8f04e1f texto-negro texto-15 elementor-widget elementor-widget-text-editor\" data-id=\"8f04e1f\" data-element_type=\"widget\" data-e-type=\"widget\" data-widget_type=\"text-editor.default\">\n\t\t\t\t<div class=\"elementor-widget-container\">\n\t\t\t\t\t\t\t\t\t<p>Edificio de Aparcamientos \u2013<br \/>Puerto de la Savina<br \/>Calle Vapor Manolito, S\/N &#8211; Local N\u00ba12 07870 La Savina (Formentera)<br \/><a class=\"texto-rojo\" href=\"tel:+34971322306\">Tlf. (+34) 971 322 306<\/a><\/p>\t\t\t\t\t\t\t\t<\/div>\n\t\t\t\t<\/div>\n\t\t\t\t<\/div>\n\t\t<div class=\"elementor-element elementor-element-213eea0 e-con-full e-flex e-con e-child\" data-id=\"213eea0\" data-element_type=\"container\" data-e-type=\"container\">\n\t\t\t\t<div class=\"elementor-element elementor-element-c4dc4cd elementor-widget elementor-widget-image\" data-id=\"c4dc4cd\" data-element_type=\"widget\" data-e-type=\"widget\" data-widget_type=\"image.default\">\n\t\t\t\t<div class=\"elementor-widget-container\">\n\t\t\t\t\t\t\t\t\t\t\t\t\t\t\t<img decoding=\"async\" width=\"296\" height=\"181\" src=\"https:\/\/mitjornmotorent.com\/wp-content\/uploads\/2024\/05\/oficina-Mitjorn-Puerto-2.jpg\" class=\"attachment-full size-full wp-image-15090\" alt=\"\" \/>\t\t\t\t\t\t\t\t\t\t\t\t\t\t\t<\/div>\n\t\t\t\t<\/div>\n\t\t\t\t<div class=\"elementor-element elementor-element-c9e7105 title elementor-widget elementor-widget-heading\" data-id=\"c9e7105\" data-element_type=\"widget\" data-e-type=\"widget\" data-widget_type=\"heading.default\">\n\t\t\t\t<div class=\"elementor-widget-container\">\n\t\t\t\t\t<div class=\"elementor-heading-title elementor-size-default\"><span class=\"title\">Mitjorn Puerto 2<\/span><\/div>\t\t\t\t<\/div>\n\t\t\t\t<\/div>\n\t\t\t\t<div class=\"elementor-element elementor-element-6178e4d texto-negro texto-15 elementor-widget elementor-widget-text-editor\" data-id=\"6178e4d\" data-element_type=\"widget\" data-e-type=\"widget\" data-widget_type=\"text-editor.default\">\n\t\t\t\t<div class=\"elementor-widget-container\">\n\t\t\t\t\t\t\t\t\t<p>Marina La Savina &#8211; Puerto de la Savina Calle Calpe, S\/N &#8211; Local N\u00ba5 07870 La Savina (Formentera)<br \/><a class=\"texto-rojo\" href=\"tel:+34971322306\">Tlf. (+34) 971 322 306<\/a><\/p>\t\t\t\t\t\t\t\t<\/div>\n\t\t\t\t<\/div>\n\t\t\t\t<\/div>\n\t\t<div class=\"elementor-element elementor-element-3532733 e-con-full e-flex e-con e-child\" data-id=\"3532733\" data-element_type=\"container\" data-e-type=\"container\">\n\t\t\t\t<div class=\"elementor-element elementor-element-70aaac4 elementor-widget elementor-widget-image\" data-id=\"70aaac4\" data-element_type=\"widget\" data-e-type=\"widget\" data-widget_type=\"image.default\">\n\t\t\t\t<div class=\"elementor-widget-container\">\n\t\t\t\t\t\t\t\t\t\t\t\t\t\t\t<img decoding=\"async\" width=\"296\" height=\"181\" src=\"https:\/\/mitjornmotorent.com\/wp-content\/uploads\/2024\/05\/oficina-Mitjorn-Central.jpg\" class=\"attachment-large size-large wp-image-15094\" alt=\"\" \/>\t\t\t\t\t\t\t\t\t\t\t\t\t\t\t<\/div>\n\t\t\t\t<\/div>\n\t\t\t\t<div class=\"elementor-element elementor-element-3eb702f title elementor-widget elementor-widget-heading\" data-id=\"3eb702f\" data-element_type=\"widget\" data-e-type=\"widget\" data-widget_type=\"heading.default\">\n\t\t\t\t<div class=\"elementor-widget-container\">\n\t\t\t\t\t<div class=\"elementor-heading-title elementor-size-default\"><span class=\"title\">Mitjorn Central<\/span><\/div>\t\t\t\t<\/div>\n\t\t\t\t<\/div>\n\t\t\t\t<div class=\"elementor-element elementor-element-0b94288 texto-negro texto-15 elementor-widget elementor-widget-text-editor\" data-id=\"0b94288\" data-element_type=\"widget\" data-e-type=\"widget\" data-widget_type=\"text-editor.default\">\n\t\t\t\t<div class=\"elementor-widget-container\">\n\t\t\t\t\t\t\t\t\t<p>Mitjorn Central<br \/>Edificio Sabina Playa<br \/>Avinguda Mediterr\u00e0nia, 2 <br \/>07870 La Savina (Formentera) <br \/><a class=\"texto-rojo\" href=\"tel:+34971322306\">Tlf. (+34) 971 322 306<\/a><\/p>\t\t\t\t\t\t\t\t<\/div>\n\t\t\t\t<\/div>\n\t\t\t\t<\/div>\n\t\t<div class=\"elementor-element elementor-element-3c08101 e-con-full e-flex e-con e-child\" data-id=\"3c08101\" data-element_type=\"container\" data-e-type=\"container\">\n\t\t\t\t<div class=\"elementor-element elementor-element-7486768 elementor-widget elementor-widget-image\" data-id=\"7486768\" data-element_type=\"widget\" data-e-type=\"widget\" data-widget_type=\"image.default\">\n\t\t\t\t<div class=\"elementor-widget-container\">\n\t\t\t\t\t\t\t\t\t\t\t\t\t\t\t<img loading=\"lazy\" decoding=\"async\" width=\"296\" height=\"181\" src=\"https:\/\/mitjornmotorent.com\/wp-content\/uploads\/2024\/05\/oficina-Blue-Autos.jpg\" class=\"attachment-large size-large wp-image-15098\" alt=\"\" \/>\t\t\t\t\t\t\t\t\t\t\t\t\t\t\t<\/div>\n\t\t\t\t<\/div>\n\t\t\t\t<div class=\"elementor-element elementor-element-1a9ccaa title elementor-widget elementor-widget-heading\" data-id=\"1a9ccaa\" data-element_type=\"widget\" data-e-type=\"widget\" data-widget_type=\"heading.default\">\n\t\t\t\t<div class=\"elementor-widget-container\">\n\t\t\t\t\t<div class=\"elementor-heading-title elementor-size-default\"><span class=\"title\">Blue Autos Puerto<\/span><\/div>\t\t\t\t<\/div>\n\t\t\t\t<\/div>\n\t\t\t\t<div class=\"elementor-element elementor-element-b4d045b texto-negro texto-15 elementor-widget elementor-widget-text-editor\" data-id=\"b4d045b\" data-element_type=\"widget\" data-e-type=\"widget\" data-widget_type=\"text-editor.default\">\n\t\t\t\t<div class=\"elementor-widget-container\">\n\t\t\t\t\t\t\t\t\t<p>Edificio de Aparacamientos \u2013 <br \/>Puerto de la Savina<br \/>Calle Vapor Manolito, S\/N &#8211; Local N\u00ba13 07870 La Savina (Formentera)<br \/><a class=\"texto-rojo\" href=\"tel:+34971322306\">Tlf. (+34) 971 322 306<\/a><\/p>\t\t\t\t\t\t\t\t<\/div>\n\t\t\t\t<\/div>\n\t\t\t\t<\/div>\n\t\t\t\t<\/div>\n\t\t\t\t\t<\/div>\n\t\t<\/div>\n\t\t\t\t\t<\/div>\n\t\t<\/section>\n\t\t\t\t<\/div>\n\t\t","protected":false},"excerpt":{"rendered":"<p>Location de motos \u00e0 Formentera VISITEZ L&#039;\u00ceLE EN TOUTE LIBERT\u00c9 AVEC VOTRE MOTO DE LOCATION Visiter Formentera est toujours un plaisir, et opter pour la location de motos \u00e0 Formentera rendra votre voyage unique. Sans aucun doute, la moto et le scooter sont les v\u00e9hicules les plus r\u00e9serv\u00e9s en ligne. La location de motos \u00e0 [&hellip;]<\/p>\n","protected":false},"author":2,"featured_media":0,"parent":0,"menu_order":0,"comment_status":"closed","ping_status":"closed","template":"elementor_header_footer","meta":{"_acf_changed":false,"footnotes":""},"class_list":["post-15523","page","type-page","status-publish","hentry"],"acf":[],"yoast_head":"<!-- This site is optimized with the Yoast SEO plugin v27.0 - https:\/\/yoast.com\/product\/yoast-seo-wordpress\/ -->\n<title>Motos - ALQUILER MOTOS, BICICLETAS Y COCHES FORMENTERA<\/title>\n<meta name=\"robots\" content=\"index, follow, max-snippet:-1, max-image-preview:large, max-video-preview:-1\" \/>\n<link rel=\"canonical\" href=\"https:\/\/mitjornmotorent.com\/fr\/motos\/\" \/>\n<meta property=\"og:locale\" content=\"fr_FR\" \/>\n<meta property=\"og:type\" content=\"article\" \/>\n<meta property=\"og:title\" content=\"Motos - ALQUILER MOTOS, BICICLETAS Y COCHES FORMENTERA\" \/>\n<meta property=\"og:description\" content=\"Location de motos \u00e0 Formentera VISITEZ L&#039;\u00ceLE EN TOUTE LIBERT\u00c9 AVEC VOTRE MOTO DE LOCATION Visiter Formentera est toujours un plaisir, et opter pour la location de motos \u00e0 Formentera rendra votre voyage unique. Sans aucun doute, la moto et le scooter sont les v\u00e9hicules les plus r\u00e9serv\u00e9s en ligne. La location de motos \u00e0 [&hellip;]\" \/>\n<meta property=\"og:url\" content=\"https:\/\/mitjornmotorent.com\/fr\/motos\/\" \/>\n<meta property=\"og:site_name\" content=\"ALQUILER MOTOS, BICICLETAS Y COCHES FORMENTERA\" \/>\n<meta property=\"article:modified_time\" content=\"2025-01-23T11:23:10+00:00\" \/>\n<meta property=\"og:image\" content=\"https:\/\/mitjornmotorent.com\/wp-content\/uploads\/2024\/05\/oficina-Mitjorn-Puerto-1.jpg\" \/>\n<meta name=\"twitter:card\" content=\"summary_large_image\" \/>\n<meta name=\"twitter:label1\" content=\"Dur\u00e9e de lecture estim\u00e9e\" \/>\n\t<meta name=\"twitter:data1\" content=\"2 minutes\" \/>\n<script type=\"application\/ld+json\" class=\"yoast-schema-graph\">{\"@context\":\"https:\/\/schema.org\",\"@graph\":[{\"@type\":\"WebPage\",\"@id\":\"https:\/\/mitjornmotorent.com\/fr\/motos\/\",\"url\":\"https:\/\/mitjornmotorent.com\/fr\/motos\/\",\"name\":\"Motos - ALQUILER MOTOS, BICICLETAS Y COCHES FORMENTERA\",\"isPartOf\":{\"@id\":\"https:\/\/mitjornmotorent.com\/fr\/#website\"},\"primaryImageOfPage\":{\"@id\":\"https:\/\/mitjornmotorent.com\/fr\/motos\/#primaryimage\"},\"image\":{\"@id\":\"https:\/\/mitjornmotorent.com\/fr\/motos\/#primaryimage\"},\"thumbnailUrl\":\"https:\/\/mitjornmotorent.com\/wp-content\/uploads\/2024\/05\/oficina-Mitjorn-Puerto-1.jpg\",\"datePublished\":\"2024-03-11T11:50:33+00:00\",\"dateModified\":\"2025-01-23T11:23:10+00:00\",\"breadcrumb\":{\"@id\":\"https:\/\/mitjornmotorent.com\/fr\/motos\/#breadcrumb\"},\"inLanguage\":\"fr-FR\",\"potentialAction\":[{\"@type\":\"ReadAction\",\"target\":[\"https:\/\/mitjornmotorent.com\/fr\/motos\/\"]}]},{\"@type\":\"ImageObject\",\"inLanguage\":\"fr-FR\",\"@id\":\"https:\/\/mitjornmotorent.com\/fr\/motos\/#primaryimage\",\"url\":\"https:\/\/mitjornmotorent.com\/wp-content\/uploads\/2024\/05\/oficina-Mitjorn-Puerto-1.jpg\",\"contentUrl\":\"https:\/\/mitjornmotorent.com\/wp-content\/uploads\/2024\/05\/oficina-Mitjorn-Puerto-1.jpg\"},{\"@type\":\"BreadcrumbList\",\"@id\":\"https:\/\/mitjornmotorent.com\/fr\/motos\/#breadcrumb\",\"itemListElement\":[{\"@type\":\"ListItem\",\"position\":1,\"name\":\"Portada\",\"item\":\"https:\/\/mitjornmotorent.com\/fr\/\"},{\"@type\":\"ListItem\",\"position\":2,\"name\":\"Motos\"}]},{\"@type\":\"WebSite\",\"@id\":\"https:\/\/mitjornmotorent.com\/fr\/#website\",\"url\":\"https:\/\/mitjornmotorent.com\/fr\/\",\"name\":\"ALQUILER MOTOS, BICICLETAS Y COCHES FORMENTERA\",\"description\":\"N\u00ba1 MITJORN MotoRent\",\"potentialAction\":[{\"@type\":\"SearchAction\",\"target\":{\"@type\":\"EntryPoint\",\"urlTemplate\":\"https:\/\/mitjornmotorent.com\/fr\/?s={search_term_string}\"},\"query-input\":{\"@type\":\"PropertyValueSpecification\",\"valueRequired\":true,\"valueName\":\"search_term_string\"}}],\"inLanguage\":\"fr-FR\"}]}<\/script>\n<!-- \/ Yoast SEO plugin. -->","yoast_head_json":{"title":"Motos - ALQUILER MOTOS, BICICLETAS Y COCHES FORMENTERA","robots":{"index":"index","follow":"follow","max-snippet":"max-snippet:-1","max-image-preview":"max-image-preview:large","max-video-preview":"max-video-preview:-1"},"canonical":"https:\/\/mitjornmotorent.com\/fr\/motos\/","og_locale":"fr_FR","og_type":"article","og_title":"Motos - ALQUILER MOTOS, BICICLETAS Y COCHES FORMENTERA","og_description":"Location de motos \u00e0 Formentera VISITEZ L&#039;\u00ceLE EN TOUTE LIBERT\u00c9 AVEC VOTRE MOTO DE LOCATION Visiter Formentera est toujours un plaisir, et opter pour la location de motos \u00e0 Formentera rendra votre voyage unique. Sans aucun doute, la moto et le scooter sont les v\u00e9hicules les plus r\u00e9serv\u00e9s en ligne. La location de motos \u00e0 [&hellip;]","og_url":"https:\/\/mitjornmotorent.com\/fr\/motos\/","og_site_name":"ALQUILER MOTOS, BICICLETAS Y COCHES FORMENTERA","article_modified_time":"2025-01-23T11:23:10+00:00","og_image":[{"url":"https:\/\/mitjornmotorent.com\/wp-content\/uploads\/2024\/05\/oficina-Mitjorn-Puerto-1.jpg","type":"","width":"","height":""}],"twitter_card":"summary_large_image","twitter_misc":{"Dur\u00e9e de lecture estim\u00e9e":"2 minutes"},"schema":{"@context":"https:\/\/schema.org","@graph":[{"@type":"WebPage","@id":"https:\/\/mitjornmotorent.com\/fr\/motos\/","url":"https:\/\/mitjornmotorent.com\/fr\/motos\/","name":"Motos - ALQUILER MOTOS, BICICLETAS Y COCHES FORMENTERA","isPartOf":{"@id":"https:\/\/mitjornmotorent.com\/fr\/#website"},"primaryImageOfPage":{"@id":"https:\/\/mitjornmotorent.com\/fr\/motos\/#primaryimage"},"image":{"@id":"https:\/\/mitjornmotorent.com\/fr\/motos\/#primaryimage"},"thumbnailUrl":"https:\/\/mitjornmotorent.com\/wp-content\/uploads\/2024\/05\/oficina-Mitjorn-Puerto-1.jpg","datePublished":"2024-03-11T11:50:33+00:00","dateModified":"2025-01-23T11:23:10+00:00","breadcrumb":{"@id":"https:\/\/mitjornmotorent.com\/fr\/motos\/#breadcrumb"},"inLanguage":"fr-FR","potentialAction":[{"@type":"ReadAction","target":["https:\/\/mitjornmotorent.com\/fr\/motos\/"]}]},{"@type":"ImageObject","inLanguage":"fr-FR","@id":"https:\/\/mitjornmotorent.com\/fr\/motos\/#primaryimage","url":"https:\/\/mitjornmotorent.com\/wp-content\/uploads\/2024\/05\/oficina-Mitjorn-Puerto-1.jpg","contentUrl":"https:\/\/mitjornmotorent.com\/wp-content\/uploads\/2024\/05\/oficina-Mitjorn-Puerto-1.jpg"},{"@type":"BreadcrumbList","@id":"https:\/\/mitjornmotorent.com\/fr\/motos\/#breadcrumb","itemListElement":[{"@type":"ListItem","position":1,"name":"Portada","item":"https:\/\/mitjornmotorent.com\/fr\/"},{"@type":"ListItem","position":2,"name":"Motos"}]},{"@type":"WebSite","@id":"https:\/\/mitjornmotorent.com\/fr\/#website","url":"https:\/\/mitjornmotorent.com\/fr\/","name":"ALQUILER MOTOS, BICICLETAS Y COCHES FORMENTERA","description":"N\u00ba1 MITJORN MotoRent","potentialAction":[{"@type":"SearchAction","target":{"@type":"EntryPoint","urlTemplate":"https:\/\/mitjornmotorent.com\/fr\/?s={search_term_string}"},"query-input":{"@type":"PropertyValueSpecification","valueRequired":true,"valueName":"search_term_string"}}],"inLanguage":"fr-FR"}]}},"_links":{"self":[{"href":"https:\/\/mitjornmotorent.com\/fr\/wp-json\/wp\/v2\/pages\/15523","targetHints":{"allow":["GET"]}}],"collection":[{"href":"https:\/\/mitjornmotorent.com\/fr\/wp-json\/wp\/v2\/pages"}],"about":[{"href":"https:\/\/mitjornmotorent.com\/fr\/wp-json\/wp\/v2\/types\/page"}],"author":[{"embeddable":true,"href":"https:\/\/mitjornmotorent.com\/fr\/wp-json\/wp\/v2\/users\/2"}],"replies":[{"embeddable":true,"href":"https:\/\/mitjornmotorent.com\/fr\/wp-json\/wp\/v2\/comments?post=15523"}],"version-history":[{"count":21,"href":"https:\/\/mitjornmotorent.com\/fr\/wp-json\/wp\/v2\/pages\/15523\/revisions"}],"predecessor-version":[{"id":18311,"href":"https:\/\/mitjornmotorent.com\/fr\/wp-json\/wp\/v2\/pages\/15523\/revisions\/18311"}],"wp:attachment":[{"href":"https:\/\/mitjornmotorent.com\/fr\/wp-json\/wp\/v2\/media?parent=15523"}],"curies":[{"name":"wp","href":"https:\/\/api.w.org\/{rel}","templated":true}]}}