{"version":"1.0","provider_name":"ALQUILER MOTOS, BICICLETAS Y COCHES FORMENTERA","provider_url":"https:\/\/mitjornmotorent.com\/fr\/","author_name":"javi.martin.montes@gmail.com","author_url":"https:\/\/mitjornmotorent.com\/fr\/author\/javi-martin-montesgmail-com\/","title":"V\u00e9hicules - ALQUILER MOTOS, BICICLETAS Y COCHES FORMENTERA","type":"rich","width":600,"height":338,"html":"<blockquote class=\"wp-embedded-content\" data-secret=\"vr6xjJM2nP\"><a href=\"https:\/\/mitjornmotorent.com\/fr\/vehicules\/\">V\u00e9hicules<\/a><\/blockquote><iframe sandbox=\"allow-scripts\" security=\"restricted\" src=\"https:\/\/mitjornmotorent.com\/fr\/vehicules\/embed\/#?secret=vr6xjJM2nP\" width=\"600\" height=\"338\" title=\"\u00ab\u00a0V\u00e9hicules\u00a0\u00bb &#8212; ALQUILER MOTOS, BICICLETAS Y COCHES FORMENTERA\" data-secret=\"vr6xjJM2nP\" frameborder=\"0\" marginwidth=\"0\" marginheight=\"0\" scrolling=\"no\" class=\"wp-embedded-content\"><\/iframe><script type=\"text\/javascript\">\n\/* <![CDATA[ *\/\n\/*! This file is auto-generated *\/\n!function(d,l){\"use strict\";l.querySelector&&d.addEventListener&&\"undefined\"!=typeof URL&&(d.wp=d.wp||{},d.wp.receiveEmbedMessage||(d.wp.receiveEmbedMessage=function(e){var t=e.data;if((t||t.secret||t.message||t.value)&&!\/[^a-zA-Z0-9]\/.test(t.secret)){for(var s,r,n,a=l.querySelectorAll('iframe[data-secret=\"'+t.secret+'\"]'),o=l.querySelectorAll('blockquote[data-secret=\"'+t.secret+'\"]'),c=new RegExp(\"^https?:$\",\"i\"),i=0;i<o.length;i++)o[i].style.display=\"none\";for(i=0;i<a.length;i++)s=a[i],e.source===s.contentWindow&&(s.removeAttribute(\"style\"),\"height\"===t.message?(1e3<(r=parseInt(t.value,10))?r=1e3:~~r<200&&(r=200),s.height=r):\"link\"===t.message&&(r=new URL(s.getAttribute(\"src\")),n=new URL(t.value),c.test(n.protocol))&&n.host===r.host&&l.activeElement===s&&(d.top.location.href=t.value))}},d.addEventListener(\"message\",d.wp.receiveEmbedMessage,!1),l.addEventListener(\"DOMContentLoaded\",function(){for(var e,t,s=l.querySelectorAll(\"iframe.wp-embedded-content\"),r=0;r<s.length;r++)(t=(e=s[r]).getAttribute(\"data-secret\"))||(t=Math.random().toString(36).substring(2,12),e.src+=\"#?secret=\"+t,e.setAttribute(\"data-secret\",t)),e.contentWindow.postMessage({message:\"ready\",secret:t},\"*\")},!1)))}(window,document);\n\/\/# sourceURL=https:\/\/mitjornmotorent.com\/wp-includes\/js\/wp-embed.min.js\n\/* ]]> *\/\n<\/script>\n","description":"Ton voyage commence ici Effectuez votre r\u00e9servation en ligne et profitez de nos meilleurs tarifs de location de voitures, motos et v\u00e9los. V\u00e9hicules pour tous les go\u00fbts V\u00c9LOS, SCOOTERS OU VOITURES DE LOCATION AU MEILLEUR PRIX Visiter Formentera est toujours un plaisir, mais choisir le v\u00e9hicule de location id\u00e9al est parfois un dilemme. Les chiffres [&hellip;]"}