{"id":19819,"date":"2026-03-10T09:00:53","date_gmt":"2026-03-10T09:00:53","guid":{"rendered":"https:\/\/mitjornmotorent.com\/?page_id=19819"},"modified":"2026-04-17T11:58:58","modified_gmt":"2026-04-17T11:58:58","slug":"elektrofahrraeder","status":"publish","type":"page","link":"https:\/\/mitjornmotorent.com\/de\/elektrofahrraeder\/","title":{"rendered":"Elektrofahrr\u00e4der"},"content":{"rendered":"\t\t<div data-elementor-type=\"wp-page\" data-elementor-id=\"19819\" class=\"elementor elementor-19819 elementor-19712\" data-elementor-post-type=\"page\">\n\t\t\t\t<div class=\"elementor-element elementor-element-6f12994 e-flex e-con-boxed e-con e-parent\" data-id=\"6f12994\" data-element_type=\"container\" data-e-type=\"container\" data-settings=\"{&quot;background_background&quot;:&quot;classic&quot;}\">\n\t\t\t\t\t<div class=\"e-con-inner\">\n\t\t\t\t<div class=\"elementor-element elementor-element-b76ba4d elementor-widget elementor-widget-tripgo_elementor_header_banner\" data-id=\"b76ba4d\" data-element_type=\"widget\" data-e-type=\"widget\" data-widget_type=\"tripgo_elementor_header_banner.default\">\n\t\t\t\t<div class=\"elementor-widget-container\">\n\t\t\t\t\t\t\t \t<!-- Display when you choose background per Post -->\n\t\t \t<div class=\"wrap_header_banner  center \"  >\n\n\t\t \t\t\t\t\t \t\n\t\t\t\t \t<div class=\"cover_color\"><\/div>\n\n\t\t\t\t\t<div class=\"header_banner_el \">\n\t\t\t\t\t\t\n\t\t\t\t\t\t\t\t\t\t\t\t\t\n\t\t\t\t\t\t\t\n\t\t\t\t\t\t\t\t\t\t\t\t\t\t<h1 class=\" header_title\">\n\t\t\t\t\t\t\t\t\t\t\t\t\t\t\t<\/h1>\n\t\t\t\t\t\t\t\t\n\t\t\t\t\t\t\n\n\t\t\t\t\t\t\n\t\t\t\t\t<\/div>\n\n\t\t\t\t\n\t\t\t<\/div>\n\t\t\t\t\t\t<\/div>\n\t\t\t\t<\/div>\n\t\t\t\t<div class=\"elementor-element elementor-element-2e380e3 elementor-widget elementor-widget-spacer\" data-id=\"2e380e3\" data-element_type=\"widget\" data-e-type=\"widget\" id=\"motor-busqueda\" data-widget_type=\"spacer.default\">\n\t\t\t\t<div class=\"elementor-widget-container\">\n\t\t\t\t\t\t\t<div class=\"elementor-spacer\">\n\t\t\t<div class=\"elementor-spacer-inner\"><\/div>\n\t\t<\/div>\n\t\t\t\t\t\t<\/div>\n\t\t\t\t<\/div>\n\t\t\t\t\t<\/div>\n\t\t\t\t<\/div>\n\t\t<div class=\"elementor-element elementor-element-cdbb52f e-flex e-con-boxed e-con e-parent\" data-id=\"cdbb52f\" data-element_type=\"container\" data-e-type=\"container\">\n\t\t\t\t\t<div class=\"e-con-inner\">\n\t\t\t\t<div class=\"elementor-element elementor-element-f8845c1 elementor-widget elementor-widget-shortcode\" data-id=\"f8845c1\" data-element_type=\"widget\" data-e-type=\"widget\" data-widget_type=\"shortcode.default\">\n\t\t\t\t<div class=\"elementor-widget-container\">\n\t\t\t\t\t\t\t<div class=\"elementor-shortcode\">\n<section class=\"mybooking mybooking-selector widget widget_mybooking_renting_engine_selector reservation-step  \">\n  <form\n    id=\"form-selector\"\n    class=\"mybooking-selector_form\"\n    name=\"widget_search_form\"\n    method=\"get\"\n    enctype=\"application\/x-www-form-urlencoded\">\n\n    \n          <input type=\"hidden\" name=\"family_id\" value=\"34\"\/>\n      <input type=\"hidden\" name=\"engine_fixed_family\" value=\"true\"\/>\n    \n    \n    \n      <\/form>\n<\/section>\n<\/div>\n\t\t\t\t\t\t<\/div>\n\t\t\t\t<\/div>\n\t\t\t\t\t<\/div>\n\t\t\t\t<\/div>\n\t\t<div class=\"elementor-element elementor-element-a01cbc5 e-flex e-con-boxed e-con e-parent\" data-id=\"a01cbc5\" data-element_type=\"container\" data-e-type=\"container\">\n\t\t\t\t\t<div class=\"e-con-inner\">\n\t\t\t\t<div class=\"elementor-element elementor-element-779977f elementor-widget elementor-widget-spacer\" data-id=\"779977f\" data-element_type=\"widget\" data-e-type=\"widget\" data-widget_type=\"spacer.default\">\n\t\t\t\t<div class=\"elementor-widget-container\">\n\t\t\t\t\t\t\t<div class=\"elementor-spacer\">\n\t\t\t<div class=\"elementor-spacer-inner\"><\/div>\n\t\t<\/div>\n\t\t\t\t\t\t<\/div>\n\t\t\t\t<\/div>\n\t\t\t\t\t<\/div>\n\t\t\t\t<\/div>\n\t\t<div class=\"elementor-element elementor-element-4f0c55e alquila-moto e-flex e-con-boxed e-con e-parent\" data-id=\"4f0c55e\" data-element_type=\"container\" data-e-type=\"container\">\n\t\t\t\t\t<div class=\"e-con-inner\">\n\t\t\t\t<div class=\"elementor-element elementor-element-459a9f6 texto-rojo elementor-widget elementor-widget-tripgo_elementor_heading\" data-id=\"459a9f6\" data-element_type=\"widget\" data-e-type=\"widget\" data-widget_type=\"tripgo_elementor_heading.default\">\n\t\t\t\t<div class=\"elementor-widget-container\">\n\t\t\t\t\t\t\t<div class=\"ova-title\">\n\n\t\t\t\n\t\t\t\t\t\t\t\n\t\t\t\t\t<h1 class=\"title\">Elektrofahrrad-Verleih auf Formentera<\/h1>\n\t\t\t\t\t\t\t\n\t\t\t\n\t\t<\/div> \n\t\t \t\n\t\t\t\t\t\t<\/div>\n\t\t\t\t<\/div>\n\t\t\t\t<div class=\"elementor-element elementor-element-6d0fb59 titulo-h2 espacio-description elementor-widget elementor-widget-tripgo_elementor_heading\" data-id=\"6d0fb59\" data-element_type=\"widget\" data-e-type=\"widget\" data-widget_type=\"tripgo_elementor_heading.default\">\n\t\t\t\t<div class=\"elementor-widget-container\">\n\t\t\t\t\t\t\t<div class=\"ova-title\">\n\n\t\t\t\n\t\t\t\t\t\t\t\n\t\t\t\t\t<p class=\"title\">ELEKTROFAHRR\u00c4DER, IDEAL UM DIE INSEL ZU ERKUNDEN<\/p>\n\t\t\t\t\t\t\t\n\t\t\t\t\t\t\t<p class=\"description\">Wenn Sie die Insel auf eine komfortable, leise und nachhaltigere Weise erkunden m\u00f6chten, ist das Mieten eines Elektrofahrrads auf Formentera eine ausgezeichnete Wahl. Elektrofahrr\u00e4der sind perfekt, um sich entspannt fortzubewegen, die Landschaft zu genie\u00dfen und sich dem nat\u00fcrlichen Rhythmus einer Insel anzupassen, die f\u00fcr kurze und angenehme Strecken gemacht ist.\n\nAuf einer Insel mit kurzen Entfernungen erm\u00f6glicht Ihnen ein Elektrofahrrad, sich problemlos zwischen Str\u00e4nden, Restaurants, M\u00e4rkten und D\u00f6rfern zu bewegen, ohne sich um lange Strecken sorgen zu m\u00fcssen. Von La Savina bis Migjorn, Es Pujols oder El Pilar erreichen Sie jeden Ort ganz bequem.<\/p>\n\t\t\t\n\t\t<\/div> \n\t\t \t\n\t\t\t\t\t\t<\/div>\n\t\t\t\t<\/div>\n\t\t\t\t<div class=\"elementor-element elementor-element-d9cd60a elementor-align-center leer-mas icono-amarillo texto-rojo elementor-button-info elementor-widget elementor-widget-button\" data-id=\"d9cd60a\" data-element_type=\"widget\" data-e-type=\"widget\" data-widget_type=\"button.default\">\n\t\t\t\t<div class=\"elementor-widget-container\">\n\t\t\t\t\t\t\t\t\t<div class=\"elementor-button-wrapper\">\n\t\t\t\t\t<a class=\"elementor-button elementor-size-sm\" role=\"button\">\n\t\t\t\t\t\t<span class=\"elementor-button-content-wrapper\">\n\t\t\t\t\t\t<span class=\"elementor-button-icon\">\n\t\t\t\t<svg aria-hidden=\"true\" class=\"e-font-icon-svg e-fas-chevron-down\" viewBox=\"0 0 448 512\" xmlns=\"http:\/\/www.w3.org\/2000\/svg\"><path d=\"M207.029 381.476L12.686 187.132c-9.373-9.373-9.373-24.569 0-33.941l22.667-22.667c9.357-9.357 24.522-9.375 33.901-.04L224 284.505l154.745-154.021c9.379-9.335 24.544-9.317 33.901.04l22.667 22.667c9.373 9.373 9.373 24.569 0 33.941L240.971 381.476c-9.373 9.372-24.569 9.372-33.942 0z\"><\/path><\/svg>\t\t\t<\/span>\n\t\t\t\t\t\t\t\t\t<span class=\"elementor-button-text\">mehr lesen<\/span>\n\t\t\t\t\t<\/span>\n\t\t\t\t\t<\/a>\n\t\t\t\t<\/div>\n\t\t\t\t\t\t\t\t<\/div>\n\t\t\t\t<\/div>\n\t\t\t\t<div class=\"elementor-element elementor-element-784b91d texto-rojo titulo-h2 objeto-oculto elementor-widget elementor-widget-tripgo_elementor_heading\" data-id=\"784b91d\" data-element_type=\"widget\" data-e-type=\"widget\" data-widget_type=\"tripgo_elementor_heading.default\">\n\t\t\t\t<div class=\"elementor-widget-container\">\n\t\t\t\t\t\t\t<div class=\"ova-title\">\n\n\t\t\t\n\t\t\t\t\t\t\t\n\t\t\t\t\t<h2 class=\"title\">Elektrofahrr\u00e4der zur Miete, um Formentera komfortabel zu entdecken<\/h2>\n\t\t\t\t\t\t\t\n\t\t\t\t\t\t\t<p class=\"description\">Bei MOTO RENT MITJORN bieten wir Elektrofahrr\u00e4der f\u00fcr alle, die eine praktische, moderne und effiziente Fortbewegung suchen. Sie sind einfach zu bedienen, leicht zu parken und ideal, um Formentera in v\u00f6lliger Freiheit zu genie\u00dfen.\n\nNeben einer umweltbewussteren Mobilit\u00e4t bieten sie ein besonders angenehmes Fahrerlebnis, vor allem auf ruhigen Stra\u00dfen oder Wegen in der N\u00e4he der sch\u00f6nsten Buchten der Insel.\n\nMit Pannenhilfe und der M\u00f6glichkeit, eine Versicherung abzuschlie\u00dfen, m\u00fcssen Sie sich nur noch darauf konzentrieren, Ihre Reise zu genie\u00dfen. Buchen Sie Ihr Elektrofahrrad online und profitieren Sie von unseren besten Angeboten mit einer auf Ihre Bed\u00fcrfnisse abgestimmten Reichweite.<\/p>\n\t\t\t\n\t\t<\/div> \n\t\t \t\n\t\t\t\t\t\t<\/div>\n\t\t\t\t<\/div>\n\t\t\t\t<div class=\"elementor-element elementor-element-62ccd93 elementor-align-center texto-rojo leer-menos objeto-oculto elementor-button-info elementor-widget__width-initial elementor-widget-mobile__width-inherit elementor-widget elementor-widget-button\" data-id=\"62ccd93\" data-element_type=\"widget\" data-e-type=\"widget\" data-widget_type=\"button.default\">\n\t\t\t\t<div class=\"elementor-widget-container\">\n\t\t\t\t\t\t\t\t\t<div class=\"elementor-button-wrapper\">\n\t\t\t\t\t<a class=\"elementor-button elementor-size-sm\" role=\"button\">\n\t\t\t\t\t\t<span class=\"elementor-button-content-wrapper\">\n\t\t\t\t\t\t<span class=\"elementor-button-icon\">\n\t\t\t\t<svg aria-hidden=\"true\" class=\"e-font-icon-svg e-fas-chevron-up\" viewBox=\"0 0 448 512\" xmlns=\"http:\/\/www.w3.org\/2000\/svg\"><path d=\"M240.971 130.524l194.343 194.343c9.373 9.373 9.373 24.569 0 33.941l-22.667 22.667c-9.357 9.357-24.522 9.375-33.901.04L224 227.495 69.255 381.516c-9.379 9.335-24.544 9.317-33.901-.04l-22.667-22.667c-9.373-9.373-9.373-24.569 0-33.941L207.03 130.525c9.372-9.373 24.568-9.373 33.941-.001z\"><\/path><\/svg>\t\t\t<\/span>\n\t\t\t\t\t\t\t\t\t<span class=\"elementor-button-text\">weniger lesen<\/span>\n\t\t\t\t\t<\/span>\n\t\t\t\t\t<\/a>\n\t\t\t\t<\/div>\n\t\t\t\t\t\t\t\t<\/div>\n\t\t\t\t<\/div>\n\t\t\t\t\t<\/div>\n\t\t\t\t<\/div>\n\t\t<div class=\"elementor-element elementor-element-9562042 e-flex e-con-boxed e-con e-parent\" data-id=\"9562042\" data-element_type=\"container\" data-e-type=\"container\">\n\t\t\t\t\t<div class=\"e-con-inner\">\n\t\t\t\t<div class=\"woocommerce elementor-element elementor-element-fcb28e2 elementor-grid-3 elementor-grid-tablet-2 elementor-grid-mobile-1 elementor-widget elementor-widget-loop-grid\" data-id=\"fcb28e2\" data-element_type=\"widget\" data-e-type=\"widget\" data-settings=\"{&quot;_skin&quot;:&quot;product&quot;,&quot;template_id&quot;:17911,&quot;columns&quot;:&quot;3&quot;,&quot;columns_tablet&quot;:&quot;2&quot;,&quot;columns_mobile&quot;:&quot;1&quot;,&quot;edit_handle_selector&quot;:&quot;[data-elementor-type=\\&quot;loop-item\\&quot;]&quot;,&quot;row_gap&quot;:{&quot;unit&quot;:&quot;px&quot;,&quot;size&quot;:&quot;&quot;,&quot;sizes&quot;:[]},&quot;row_gap_tablet&quot;:{&quot;unit&quot;:&quot;px&quot;,&quot;size&quot;:&quot;&quot;,&quot;sizes&quot;:[]},&quot;row_gap_mobile&quot;:{&quot;unit&quot;:&quot;px&quot;,&quot;size&quot;:&quot;&quot;,&quot;sizes&quot;:[]}}\" data-widget_type=\"loop-grid.product\">\n\t\t\t\t<div class=\"elementor-widget-container\">\n\t\t\t\t\t\t\t<div class=\"e-loop-nothing-found-message\">\n\t\t<\/div>\n\t\t\t\t\t\t<\/div>\n\t\t\t\t<\/div>\n\t\t\t\t\t<\/div>\n\t\t\t\t<\/div>\n\t\t<div class=\"elementor-element elementor-element-648e48e listado-productos-vehiculos e-flex e-con-boxed e-con e-parent\" data-id=\"648e48e\" data-element_type=\"container\" data-e-type=\"container\">\n\t\t\t\t\t<div class=\"e-con-inner\">\n\t\t\t\t<div class=\"elementor-element elementor-element-50bae14 elementor-widget elementor-widget-spacer\" data-id=\"50bae14\" data-element_type=\"widget\" data-e-type=\"widget\" data-widget_type=\"spacer.default\">\n\t\t\t\t<div class=\"elementor-widget-container\">\n\t\t\t\t\t\t\t<div class=\"elementor-spacer\">\n\t\t\t<div class=\"elementor-spacer-inner\"><\/div>\n\t\t<\/div>\n\t\t\t\t\t\t<\/div>\n\t\t\t\t<\/div>\n\t\t\t\t\t<\/div>\n\t\t\t\t<\/div>\n\t\t\t\t<section class=\"elementor-section elementor-top-section elementor-element elementor-element-dc840e4 video-home elementor-section-boxed elementor-section-height-default elementor-section-height-default\" data-id=\"dc840e4\" data-element_type=\"section\" data-e-type=\"section\" data-settings=\"{&quot;background_background&quot;:&quot;classic&quot;}\">\n\t\t\t\t\t\t\t<div class=\"elementor-background-overlay\"><\/div>\n\t\t\t\t\t\t\t<div class=\"elementor-container elementor-column-gap-default\">\n\t\t\t\t\t<div class=\"elementor-column elementor-col-100 elementor-top-column elementor-element elementor-element-778c15b\" data-id=\"778c15b\" data-element_type=\"column\" data-e-type=\"column\">\n\t\t\t<div class=\"elementor-widget-wrap elementor-element-populated\">\n\t\t\t\t\t\t<div class=\"elementor-element elementor-element-7a4cfef elementor-widget elementor-widget-tripgo_elementor_heading\" data-id=\"7a4cfef\" data-element_type=\"widget\" data-e-type=\"widget\" data-widget_type=\"tripgo_elementor_heading.default\">\n\t\t\t\t<div class=\"elementor-widget-container\">\n\t\t\t\t\t\t\t<div class=\"ova-title\">\n\n\t\t\t\n\t\t\t\t\t\t\t\n\t\t\t\t\t<h2 class=\"title\">Elektrofahrrad-Verleih\nam Hafen von Formentera<\/h2>\n\t\t\t\t\t\t\t\n\t\t\t\t\t\t\t<p class=\"description\">Reservieren Sie online und holen Sie Ihr Elektrofahrrad direkt nach Ihrer Ankunft am Hafen von La Savina ab. Eine praktische, schnelle und ideale Option, um die Insel vom ersten Moment an zu erkunden.\n\nWenn Sie Formentera f\u00fcr einen oder mehrere Tage besuchen, erm\u00f6glicht Ihnen ein Elektrofahrrad, sich flexibel fortzubewegen, mehr Orte zu erreichen, problemlos zu parken und jeden Winkel mit einer leisen, komfortablen und nachhaltigen Fahrt zu genie\u00dfen.<\/p>\n\t\t\t\n\t\t<\/div> \n\t\t \t\n\t\t\t\t\t\t<\/div>\n\t\t\t\t<\/div>\n\t\t\t\t\t<\/div>\n\t\t<\/div>\n\t\t\t\t\t<\/div>\n\t\t<\/section>\n\t\t\t\t<section class=\"elementor-section elementor-top-section elementor-element elementor-element-7ef69cc elementor-section-boxed elementor-section-height-default elementor-section-height-default\" data-id=\"7ef69cc\" data-element_type=\"section\" data-e-type=\"section\" data-settings=\"{&quot;background_background&quot;:&quot;classic&quot;}\">\n\t\t\t\t\t\t<div class=\"elementor-container elementor-column-gap-default\">\n\t\t\t\t\t<div class=\"elementor-column elementor-col-100 elementor-top-column elementor-element elementor-element-b6985e0\" data-id=\"b6985e0\" data-element_type=\"column\" data-e-type=\"column\">\n\t\t\t<div class=\"elementor-widget-wrap elementor-element-populated\">\n\t\t\t\t\t\t<div class=\"elementor-element elementor-element-03e8e58 elementor-widget__width-initial texto-rojo elementor-widget elementor-widget-tripgo_elementor_heading\" data-id=\"03e8e58\" data-element_type=\"widget\" data-e-type=\"widget\" data-widget_type=\"tripgo_elementor_heading.default\">\n\t\t\t\t<div class=\"elementor-widget-container\">\n\t\t\t\t\t\t\t<div class=\"ova-title\">\n\n\t\t\t\n\t\t\t\t\t\t\t\n\t\t\t\t\t<h3 class=\"title\">Unsere B\u00fcros<\/h3>\n\t\t\t\t\t\t\t\n\t\t\t\t\t\t\t<p class=\"description\">Wir bieten Ihnen die beste Auswahl an Fahrzeugen direkt im Hafen von La Savina auf Formentera an.<\/p>\n\t\t\t\n\t\t<\/div> \n\t\t \t\n\t\t\t\t\t\t<\/div>\n\t\t\t\t<\/div>\n\t\t\t\t<div class=\"elementor-element elementor-element-b68a8b1 elementor-align-center elementor-widget__width-initial boton icono-amarillo boton-tel-home elementor-widget elementor-widget-button\" data-id=\"b68a8b1\" data-element_type=\"widget\" data-e-type=\"widget\" data-widget_type=\"button.default\">\n\t\t\t\t<div class=\"elementor-widget-container\">\n\t\t\t\t\t\t\t\t\t<div class=\"elementor-button-wrapper\">\n\t\t\t\t\t<a class=\"elementor-button elementor-button-link elementor-size-md\" href=\"tel:+34971322306\">\n\t\t\t\t\t\t<span class=\"elementor-button-content-wrapper\">\n\t\t\t\t\t\t<span class=\"elementor-button-icon\">\n\t\t\t\t<svg xmlns=\"http:\/\/www.w3.org\/2000\/svg\" viewBox=\"0 0 22.08 22.08\"><defs><style>.cls-1{fill:#ffbc00;}<\/style><\/defs><g id=\"Capa_2\" data-name=\"Capa 2\"><g id=\"Capa_1-2\" data-name=\"Capa 1\"><path class=\"cls-1\" d=\"M.21,19.05a.75.75,0,0,1,0-1l3.1-3.1a.73.73,0,0,1,1,0l.52.51L.72,19.57Zm20-8.57-9.71,9.7a6.44,6.44,0,0,1-8.69.4l4.13-4.12a3.13,3.13,0,0,0,4.28-.14l6.12-6.12h0a3.13,3.13,0,0,0,.13-4.28l4.13-4.13A6.44,6.44,0,0,1,20.18,10.48ZM19.05.21l.51.52L15.42,4.88l-.52-.52a.75.75,0,0,1,0-1L18,.21A.75.75,0,0,1,19.05.21Z\"><\/path><\/g><\/g><\/svg>\t\t\t<\/span>\n\t\t\t\t\t\t\t\t\t<span class=\"elementor-button-text\">Tel. 971 32 23 06<\/span>\n\t\t\t\t\t<\/span>\n\t\t\t\t\t<\/a>\n\t\t\t\t<\/div>\n\t\t\t\t\t\t\t\t<\/div>\n\t\t\t\t<\/div>\n\t\t<div class=\"elementor-element elementor-element-5eec1fc e-con-full oficinas texto-rojo e-flex e-con e-parent\" data-id=\"5eec1fc\" data-element_type=\"container\" data-e-type=\"container\">\n\t\t<div class=\"elementor-element elementor-element-fba6a35 e-con-full e-flex e-con e-child\" data-id=\"fba6a35\" data-element_type=\"container\" data-e-type=\"container\">\n\t\t\t\t<div class=\"elementor-element elementor-element-6feec5a elementor-widget elementor-widget-image\" data-id=\"6feec5a\" data-element_type=\"widget\" data-e-type=\"widget\" data-widget_type=\"image.default\">\n\t\t\t\t<div class=\"elementor-widget-container\">\n\t\t\t\t\t\t\t\t\t\t\t\t\t\t\t<img fetchpriority=\"high\" decoding=\"async\" width=\"296\" height=\"181\" src=\"https:\/\/mitjornmotorent.com\/wp-content\/uploads\/2024\/05\/oficina-Mitjorn-Puerto-1.jpg\" class=\"attachment-full size-full wp-image-15087\" alt=\"\" \/>\t\t\t\t\t\t\t\t\t\t\t\t\t\t\t<\/div>\n\t\t\t\t<\/div>\n\t\t\t\t<div class=\"elementor-element elementor-element-bbea117 elementor-widget elementor-widget-heading\" data-id=\"bbea117\" data-element_type=\"widget\" data-e-type=\"widget\" data-widget_type=\"heading.default\">\n\t\t\t\t<div class=\"elementor-widget-container\">\n\t\t\t\t\t<div class=\"elementor-heading-title elementor-size-default\"><span class=\"title\">Mitjorn Puerto 1<\/span><\/div>\t\t\t\t<\/div>\n\t\t\t\t<\/div>\n\t\t\t\t<div class=\"elementor-element elementor-element-5b0275e texto-negro texto-15 elementor-widget elementor-widget-text-editor\" data-id=\"5b0275e\" data-element_type=\"widget\" data-e-type=\"widget\" data-widget_type=\"text-editor.default\">\n\t\t\t\t<div class=\"elementor-widget-container\">\n\t\t\t\t\t\t\t\t\t<p>Edificio de Aparcamientos \u2013<br \/>Puerto de la Savina<br \/>Calle Vapor Manolito, S\/N &#8211; Local N\u00ba12 07870 La Savina (Formentera)<br \/><a class=\"texto-rojo\" href=\"tel:+34971322306\">Tlf. (+34) 971 322 306<\/a><\/p>\t\t\t\t\t\t\t\t<\/div>\n\t\t\t\t<\/div>\n\t\t\t\t<\/div>\n\t\t<div class=\"elementor-element elementor-element-fcb486b e-con-full e-flex e-con e-child\" data-id=\"fcb486b\" data-element_type=\"container\" data-e-type=\"container\">\n\t\t\t\t<div class=\"elementor-element elementor-element-f0e84d5 elementor-widget elementor-widget-image\" data-id=\"f0e84d5\" data-element_type=\"widget\" data-e-type=\"widget\" data-widget_type=\"image.default\">\n\t\t\t\t<div class=\"elementor-widget-container\">\n\t\t\t\t\t\t\t\t\t\t\t\t\t\t\t<img decoding=\"async\" width=\"296\" height=\"181\" src=\"https:\/\/mitjornmotorent.com\/wp-content\/uploads\/2024\/05\/oficina-Mitjorn-Puerto-2.jpg\" class=\"attachment-full size-full wp-image-15091\" alt=\"\" \/>\t\t\t\t\t\t\t\t\t\t\t\t\t\t\t<\/div>\n\t\t\t\t<\/div>\n\t\t\t\t<div class=\"elementor-element elementor-element-036f761 title elementor-widget elementor-widget-heading\" data-id=\"036f761\" data-element_type=\"widget\" data-e-type=\"widget\" data-widget_type=\"heading.default\">\n\t\t\t\t<div class=\"elementor-widget-container\">\n\t\t\t\t\t<div class=\"elementor-heading-title elementor-size-default\"><span class=\"title\">Mitjorn Puerto 2<\/span><\/div>\t\t\t\t<\/div>\n\t\t\t\t<\/div>\n\t\t\t\t<div class=\"elementor-element elementor-element-ff00761 texto-negro texto-15 elementor-widget elementor-widget-text-editor\" data-id=\"ff00761\" data-element_type=\"widget\" data-e-type=\"widget\" data-widget_type=\"text-editor.default\">\n\t\t\t\t<div class=\"elementor-widget-container\">\n\t\t\t\t\t\t\t\t\t<p>Marina La Savina &#8211; Puerto de la Savina Calle Calpe, S\/N &#8211; Local N\u00ba5 07870 La Savina (Formentera)<br \/><a class=\"texto-rojo\" href=\"tel:+34971322306\">Tlf. (+34) 971 322 306<\/a><\/p>\t\t\t\t\t\t\t\t<\/div>\n\t\t\t\t<\/div>\n\t\t\t\t<\/div>\n\t\t<div class=\"elementor-element elementor-element-47089b6 e-con-full e-flex e-con e-child\" data-id=\"47089b6\" data-element_type=\"container\" data-e-type=\"container\">\n\t\t\t\t<div class=\"elementor-element elementor-element-c50762e elementor-widget elementor-widget-image\" data-id=\"c50762e\" data-element_type=\"widget\" data-e-type=\"widget\" data-widget_type=\"image.default\">\n\t\t\t\t<div class=\"elementor-widget-container\">\n\t\t\t\t\t\t\t\t\t\t\t\t\t\t\t<img decoding=\"async\" width=\"296\" height=\"181\" src=\"https:\/\/mitjornmotorent.com\/wp-content\/uploads\/2024\/05\/oficina-Mitjorn-Central.jpg\" class=\"attachment-large size-large wp-image-15095\" alt=\"\" \/>\t\t\t\t\t\t\t\t\t\t\t\t\t\t\t<\/div>\n\t\t\t\t<\/div>\n\t\t\t\t<div class=\"elementor-element elementor-element-2eeaa5a title elementor-widget elementor-widget-heading\" data-id=\"2eeaa5a\" data-element_type=\"widget\" data-e-type=\"widget\" data-widget_type=\"heading.default\">\n\t\t\t\t<div class=\"elementor-widget-container\">\n\t\t\t\t\t<div class=\"elementor-heading-title elementor-size-default\"><span class=\"title\">Mitjorn Central<\/span><\/div>\t\t\t\t<\/div>\n\t\t\t\t<\/div>\n\t\t\t\t<div class=\"elementor-element elementor-element-114a459 texto-negro texto-15 elementor-widget elementor-widget-text-editor\" data-id=\"114a459\" data-element_type=\"widget\" data-e-type=\"widget\" data-widget_type=\"text-editor.default\">\n\t\t\t\t<div class=\"elementor-widget-container\">\n\t\t\t\t\t\t\t\t\t<p>Mitjorn Central<br \/>Edificio Sabina Playa<br \/>Avinguda Mediterr\u00e0nia, 2 <br \/>07870 La Savina (Formentera) <br \/><a class=\"texto-rojo\" href=\"tel:+34971322306\">Tlf. (+34) 971 322 306<\/a><\/p>\t\t\t\t\t\t\t\t<\/div>\n\t\t\t\t<\/div>\n\t\t\t\t<\/div>\n\t\t<div class=\"elementor-element elementor-element-9402b95 e-con-full e-flex e-con e-child\" data-id=\"9402b95\" data-element_type=\"container\" data-e-type=\"container\">\n\t\t\t\t<div class=\"elementor-element elementor-element-8c28640 elementor-widget elementor-widget-image\" data-id=\"8c28640\" data-element_type=\"widget\" data-e-type=\"widget\" data-widget_type=\"image.default\">\n\t\t\t\t<div class=\"elementor-widget-container\">\n\t\t\t\t\t\t\t\t\t\t\t\t\t\t\t<img loading=\"lazy\" decoding=\"async\" width=\"296\" height=\"181\" src=\"https:\/\/mitjornmotorent.com\/wp-content\/uploads\/2024\/05\/oficina-Blue-Autos.jpg\" class=\"attachment-large size-large wp-image-15099\" alt=\"\" \/>\t\t\t\t\t\t\t\t\t\t\t\t\t\t\t<\/div>\n\t\t\t\t<\/div>\n\t\t\t\t<div class=\"elementor-element elementor-element-7fc982b title elementor-widget elementor-widget-heading\" data-id=\"7fc982b\" data-element_type=\"widget\" data-e-type=\"widget\" data-widget_type=\"heading.default\">\n\t\t\t\t<div class=\"elementor-widget-container\">\n\t\t\t\t\t<div class=\"elementor-heading-title elementor-size-default\"><span class=\"title\">Blue Autos Puerto<\/span><\/div>\t\t\t\t<\/div>\n\t\t\t\t<\/div>\n\t\t\t\t<div class=\"elementor-element elementor-element-71d61b0 texto-negro texto-15 elementor-widget elementor-widget-text-editor\" data-id=\"71d61b0\" data-element_type=\"widget\" data-e-type=\"widget\" data-widget_type=\"text-editor.default\">\n\t\t\t\t<div class=\"elementor-widget-container\">\n\t\t\t\t\t\t\t\t\t<p>Edificio de Aparacamientos \u2013 <br \/>Puerto de la Savina<br \/>Calle Vapor Manolito, S\/N &#8211; Local N\u00ba13 07870 La Savina (Formentera)<br \/><a class=\"texto-rojo\" href=\"tel:+34971322306\">Tlf. (+34) 971 322 306<\/a><\/p>\t\t\t\t\t\t\t\t<\/div>\n\t\t\t\t<\/div>\n\t\t\t\t<\/div>\n\t\t\t\t<\/div>\n\t\t\t\t\t<\/div>\n\t\t<\/div>\n\t\t\t\t\t<\/div>\n\t\t<\/section>\n\t\t\t\t<\/div>\n\t\t","protected":false},"excerpt":{"rendered":"<p>Elektrofahrrad-Verleih auf Formentera ELEKTROFAHRR\u00c4DER, IDEAL UM DIE INSEL ZU ERKUNDEN Wenn Sie die Insel auf eine komfortable, leise und nachhaltigere Weise erkunden m\u00f6chten, ist das Mieten eines Elektrofahrrads auf Formentera eine ausgezeichnete Wahl. Elektrofahrr\u00e4der sind perfekt, um sich entspannt fortzubewegen, die Landschaft zu genie\u00dfen und sich dem nat\u00fcrlichen Rhythmus einer Insel anzupassen, die f\u00fcr kurze [&hellip;]<\/p>\n","protected":false},"author":2,"featured_media":0,"parent":0,"menu_order":0,"comment_status":"closed","ping_status":"closed","template":"elementor_header_footer","meta":{"_acf_changed":false,"footnotes":""},"class_list":["post-19819","page","type-page","status-publish","hentry"],"acf":[],"yoast_head":"<!-- This site is optimized with the Yoast SEO plugin v27.0 - https:\/\/yoast.com\/product\/yoast-seo-wordpress\/ -->\n<title>Elektrofahrr\u00e4der - ALQUILER MOTOS, BICICLETAS Y COCHES FORMENTERA<\/title>\n<meta name=\"robots\" content=\"index, follow, max-snippet:-1, max-image-preview:large, max-video-preview:-1\" \/>\n<link rel=\"canonical\" href=\"https:\/\/mitjornmotorent.com\/de\/elektrofahrraeder\/\" \/>\n<meta property=\"og:locale\" content=\"de_DE\" \/>\n<meta property=\"og:type\" content=\"article\" \/>\n<meta property=\"og:title\" content=\"Elektrofahrr\u00e4der - ALQUILER MOTOS, BICICLETAS Y COCHES FORMENTERA\" \/>\n<meta property=\"og:description\" content=\"Elektrofahrrad-Verleih auf Formentera ELEKTROFAHRR\u00c4DER, IDEAL UM DIE INSEL ZU ERKUNDEN Wenn Sie die Insel auf eine komfortable, leise und nachhaltigere Weise erkunden m\u00f6chten, ist das Mieten eines Elektrofahrrads auf Formentera eine ausgezeichnete Wahl. Elektrofahrr\u00e4der sind perfekt, um sich entspannt fortzubewegen, die Landschaft zu genie\u00dfen und sich dem nat\u00fcrlichen Rhythmus einer Insel anzupassen, die f\u00fcr kurze [&hellip;]\" \/>\n<meta property=\"og:url\" content=\"https:\/\/mitjornmotorent.com\/de\/elektrofahrraeder\/\" \/>\n<meta property=\"og:site_name\" content=\"ALQUILER MOTOS, BICICLETAS Y COCHES FORMENTERA\" \/>\n<meta property=\"article:modified_time\" content=\"2026-04-17T11:58:58+00:00\" \/>\n<meta property=\"og:image\" content=\"https:\/\/mitjornmotorent.com\/wp-content\/uploads\/2024\/05\/oficina-Mitjorn-Puerto-1.jpg\" \/>\n\t<meta property=\"og:image:width\" content=\"296\" \/>\n\t<meta property=\"og:image:height\" content=\"181\" \/>\n\t<meta property=\"og:image:type\" content=\"image\/jpeg\" \/>\n<meta name=\"twitter:card\" content=\"summary_large_image\" \/>\n<meta name=\"twitter:label1\" content=\"Gesch\u00e4tzte Lesezeit\" \/>\n\t<meta name=\"twitter:data1\" content=\"3\u00a0Minuten\" \/>\n<script type=\"application\/ld+json\" class=\"yoast-schema-graph\">{\"@context\":\"https:\/\/schema.org\",\"@graph\":[{\"@type\":\"WebPage\",\"@id\":\"https:\/\/mitjornmotorent.com\/de\/elektrofahrraeder\/\",\"url\":\"https:\/\/mitjornmotorent.com\/de\/elektrofahrraeder\/\",\"name\":\"Elektrofahrr\u00e4der - ALQUILER MOTOS, BICICLETAS Y COCHES FORMENTERA\",\"isPartOf\":{\"@id\":\"https:\/\/mitjornmotorent.com\/de\/#website\"},\"primaryImageOfPage\":{\"@id\":\"https:\/\/mitjornmotorent.com\/de\/elektrofahrraeder\/#primaryimage\"},\"image\":{\"@id\":\"https:\/\/mitjornmotorent.com\/de\/elektrofahrraeder\/#primaryimage\"},\"thumbnailUrl\":\"https:\/\/mitjornmotorent.com\/wp-content\/uploads\/2024\/05\/oficina-Mitjorn-Puerto-1.jpg\",\"datePublished\":\"2026-03-10T09:00:53+00:00\",\"dateModified\":\"2026-04-17T11:58:58+00:00\",\"breadcrumb\":{\"@id\":\"https:\/\/mitjornmotorent.com\/de\/elektrofahrraeder\/#breadcrumb\"},\"inLanguage\":\"de\",\"potentialAction\":[{\"@type\":\"ReadAction\",\"target\":[\"https:\/\/mitjornmotorent.com\/de\/elektrofahrraeder\/\"]}]},{\"@type\":\"ImageObject\",\"inLanguage\":\"de\",\"@id\":\"https:\/\/mitjornmotorent.com\/de\/elektrofahrraeder\/#primaryimage\",\"url\":\"https:\/\/mitjornmotorent.com\/wp-content\/uploads\/2024\/05\/oficina-Mitjorn-Puerto-1.jpg\",\"contentUrl\":\"https:\/\/mitjornmotorent.com\/wp-content\/uploads\/2024\/05\/oficina-Mitjorn-Puerto-1.jpg\"},{\"@type\":\"BreadcrumbList\",\"@id\":\"https:\/\/mitjornmotorent.com\/de\/elektrofahrraeder\/#breadcrumb\",\"itemListElement\":[{\"@type\":\"ListItem\",\"position\":1,\"name\":\"Portada\",\"item\":\"https:\/\/mitjornmotorent.com\/de\/\"},{\"@type\":\"ListItem\",\"position\":2,\"name\":\"Elektrofahrr\u00e4der\"}]},{\"@type\":\"WebSite\",\"@id\":\"https:\/\/mitjornmotorent.com\/de\/#website\",\"url\":\"https:\/\/mitjornmotorent.com\/de\/\",\"name\":\"ALQUILER MOTOS, BICICLETAS Y COCHES FORMENTERA\",\"description\":\"N\u00ba1 MITJORN MotoRent\",\"potentialAction\":[{\"@type\":\"SearchAction\",\"target\":{\"@type\":\"EntryPoint\",\"urlTemplate\":\"https:\/\/mitjornmotorent.com\/de\/?s={search_term_string}\"},\"query-input\":{\"@type\":\"PropertyValueSpecification\",\"valueRequired\":true,\"valueName\":\"search_term_string\"}}],\"inLanguage\":\"de\"}]}<\/script>\n<!-- \/ Yoast SEO plugin. -->","yoast_head_json":{"title":"Elektrofahrr\u00e4der - ALQUILER MOTOS, BICICLETAS Y COCHES FORMENTERA","robots":{"index":"index","follow":"follow","max-snippet":"max-snippet:-1","max-image-preview":"max-image-preview:large","max-video-preview":"max-video-preview:-1"},"canonical":"https:\/\/mitjornmotorent.com\/de\/elektrofahrraeder\/","og_locale":"de_DE","og_type":"article","og_title":"Elektrofahrr\u00e4der - ALQUILER MOTOS, BICICLETAS Y COCHES FORMENTERA","og_description":"Elektrofahrrad-Verleih auf Formentera ELEKTROFAHRR\u00c4DER, IDEAL UM DIE INSEL ZU ERKUNDEN Wenn Sie die Insel auf eine komfortable, leise und nachhaltigere Weise erkunden m\u00f6chten, ist das Mieten eines Elektrofahrrads auf Formentera eine ausgezeichnete Wahl. Elektrofahrr\u00e4der sind perfekt, um sich entspannt fortzubewegen, die Landschaft zu genie\u00dfen und sich dem nat\u00fcrlichen Rhythmus einer Insel anzupassen, die f\u00fcr kurze [&hellip;]","og_url":"https:\/\/mitjornmotorent.com\/de\/elektrofahrraeder\/","og_site_name":"ALQUILER MOTOS, BICICLETAS Y COCHES FORMENTERA","article_modified_time":"2026-04-17T11:58:58+00:00","og_image":[{"width":296,"height":181,"url":"https:\/\/mitjornmotorent.com\/wp-content\/uploads\/2024\/05\/oficina-Mitjorn-Puerto-1.jpg","type":"image\/jpeg"}],"twitter_card":"summary_large_image","twitter_misc":{"Gesch\u00e4tzte Lesezeit":"3\u00a0Minuten"},"schema":{"@context":"https:\/\/schema.org","@graph":[{"@type":"WebPage","@id":"https:\/\/mitjornmotorent.com\/de\/elektrofahrraeder\/","url":"https:\/\/mitjornmotorent.com\/de\/elektrofahrraeder\/","name":"Elektrofahrr\u00e4der - ALQUILER MOTOS, BICICLETAS Y COCHES FORMENTERA","isPartOf":{"@id":"https:\/\/mitjornmotorent.com\/de\/#website"},"primaryImageOfPage":{"@id":"https:\/\/mitjornmotorent.com\/de\/elektrofahrraeder\/#primaryimage"},"image":{"@id":"https:\/\/mitjornmotorent.com\/de\/elektrofahrraeder\/#primaryimage"},"thumbnailUrl":"https:\/\/mitjornmotorent.com\/wp-content\/uploads\/2024\/05\/oficina-Mitjorn-Puerto-1.jpg","datePublished":"2026-03-10T09:00:53+00:00","dateModified":"2026-04-17T11:58:58+00:00","breadcrumb":{"@id":"https:\/\/mitjornmotorent.com\/de\/elektrofahrraeder\/#breadcrumb"},"inLanguage":"de","potentialAction":[{"@type":"ReadAction","target":["https:\/\/mitjornmotorent.com\/de\/elektrofahrraeder\/"]}]},{"@type":"ImageObject","inLanguage":"de","@id":"https:\/\/mitjornmotorent.com\/de\/elektrofahrraeder\/#primaryimage","url":"https:\/\/mitjornmotorent.com\/wp-content\/uploads\/2024\/05\/oficina-Mitjorn-Puerto-1.jpg","contentUrl":"https:\/\/mitjornmotorent.com\/wp-content\/uploads\/2024\/05\/oficina-Mitjorn-Puerto-1.jpg"},{"@type":"BreadcrumbList","@id":"https:\/\/mitjornmotorent.com\/de\/elektrofahrraeder\/#breadcrumb","itemListElement":[{"@type":"ListItem","position":1,"name":"Portada","item":"https:\/\/mitjornmotorent.com\/de\/"},{"@type":"ListItem","position":2,"name":"Elektrofahrr\u00e4der"}]},{"@type":"WebSite","@id":"https:\/\/mitjornmotorent.com\/de\/#website","url":"https:\/\/mitjornmotorent.com\/de\/","name":"ALQUILER MOTOS, BICICLETAS Y COCHES FORMENTERA","description":"N\u00ba1 MITJORN MotoRent","potentialAction":[{"@type":"SearchAction","target":{"@type":"EntryPoint","urlTemplate":"https:\/\/mitjornmotorent.com\/de\/?s={search_term_string}"},"query-input":{"@type":"PropertyValueSpecification","valueRequired":true,"valueName":"search_term_string"}}],"inLanguage":"de"}]}},"_links":{"self":[{"href":"https:\/\/mitjornmotorent.com\/de\/wp-json\/wp\/v2\/pages\/19819","targetHints":{"allow":["GET"]}}],"collection":[{"href":"https:\/\/mitjornmotorent.com\/de\/wp-json\/wp\/v2\/pages"}],"about":[{"href":"https:\/\/mitjornmotorent.com\/de\/wp-json\/wp\/v2\/types\/page"}],"author":[{"embeddable":true,"href":"https:\/\/mitjornmotorent.com\/de\/wp-json\/wp\/v2\/users\/2"}],"replies":[{"embeddable":true,"href":"https:\/\/mitjornmotorent.com\/de\/wp-json\/wp\/v2\/comments?post=19819"}],"version-history":[{"count":14,"href":"https:\/\/mitjornmotorent.com\/de\/wp-json\/wp\/v2\/pages\/19819\/revisions"}],"predecessor-version":[{"id":19909,"href":"https:\/\/mitjornmotorent.com\/de\/wp-json\/wp\/v2\/pages\/19819\/revisions\/19909"}],"wp:attachment":[{"href":"https:\/\/mitjornmotorent.com\/de\/wp-json\/wp\/v2\/media?parent=19819"}],"curies":[{"name":"wp","href":"https:\/\/api.w.org\/{rel}","templated":true}]}}