{"id":15549,"date":"2024-03-11T11:51:13","date_gmt":"2024-03-11T11:51:13","guid":{"rendered":"https:\/\/mitjorn.walaxia.cat\/?page_id=15549"},"modified":"2024-06-18T10:39:36","modified_gmt":"2024-06-18T10:39:36","slug":"roller","status":"publish","type":"page","link":"https:\/\/mitjornmotorent.com\/de\/roller\/","title":{"rendered":"Roller"},"content":{"rendered":"\t\t<div data-elementor-type=\"wp-page\" data-elementor-id=\"15549\" class=\"elementor elementor-15549 elementor-10400\" data-elementor-post-type=\"page\">\n\t\t\t\t<div class=\"elementor-element elementor-element-6f12994 e-flex e-con-boxed e-con e-parent\" data-id=\"6f12994\" data-element_type=\"container\" data-e-type=\"container\" data-settings=\"{&quot;background_background&quot;:&quot;classic&quot;}\">\n\t\t\t\t\t<div class=\"e-con-inner\">\n\t\t\t\t<div class=\"elementor-element elementor-element-b76ba4d elementor-widget elementor-widget-tripgo_elementor_header_banner\" data-id=\"b76ba4d\" data-element_type=\"widget\" data-e-type=\"widget\" data-widget_type=\"tripgo_elementor_header_banner.default\">\n\t\t\t\t<div class=\"elementor-widget-container\">\n\t\t\t\t\t\t\t \t<!-- Display when you choose background per Post -->\n\t\t \t<div class=\"wrap_header_banner  center \"  >\n\n\t\t \t\t\t\t\t \t\n\t\t\t\t \t<div class=\"cover_color\"><\/div>\n\n\t\t\t\t\t<div class=\"header_banner_el \">\n\t\t\t\t\t\t\n\t\t\t\t\t\t\t\t\t\t\t\t\t\n\t\t\t\t\t\t\t\n\t\t\t\t\t\t\t\t\t\t\t\t\t\t<h1 class=\" header_title\">\n\t\t\t\t\t\t\t\t\t\t\t\t\t\t\t<\/h1>\n\t\t\t\t\t\t\t\t\n\t\t\t\t\t\t\n\n\t\t\t\t\t\t\n\t\t\t\t\t<\/div>\n\n\t\t\t\t\n\t\t\t<\/div>\n\t\t\t\t\t\t<\/div>\n\t\t\t\t<\/div>\n\t\t\t\t<div class=\"elementor-element elementor-element-131650c elementor-widget elementor-widget-spacer\" data-id=\"131650c\" data-element_type=\"widget\" data-e-type=\"widget\" id=\"motor-busqueda\" data-widget_type=\"spacer.default\">\n\t\t\t\t<div class=\"elementor-widget-container\">\n\t\t\t\t\t\t\t<div class=\"elementor-spacer\">\n\t\t\t<div class=\"elementor-spacer-inner\"><\/div>\n\t\t<\/div>\n\t\t\t\t\t\t<\/div>\n\t\t\t\t<\/div>\n\t\t\t\t\t<\/div>\n\t\t\t\t<\/div>\n\t\t<div class=\"elementor-element elementor-element-ada4bbb e-flex e-con-boxed e-con e-parent\" data-id=\"ada4bbb\" data-element_type=\"container\" data-e-type=\"container\">\n\t\t\t\t\t<div class=\"e-con-inner\">\n\t\t\t\t<div class=\"elementor-element elementor-element-1458b9f elementor-widget elementor-widget-shortcode\" data-id=\"1458b9f\" data-element_type=\"widget\" data-e-type=\"widget\" data-widget_type=\"shortcode.default\">\n\t\t\t\t<div class=\"elementor-widget-container\">\n\t\t\t\t\t\t\t<div class=\"elementor-shortcode\">\n<section class=\"mybooking mybooking-selector widget widget_mybooking_renting_engine_selector reservation-step  \">\n  <form\n    id=\"form-selector\"\n    class=\"mybooking-selector_form\"\n    name=\"widget_search_form\"\n    method=\"get\"\n    enctype=\"application\/x-www-form-urlencoded\">\n\n    \n          <input type=\"hidden\" name=\"family_id\" value=\"28\"\/>\n      <input type=\"hidden\" name=\"engine_fixed_family\" value=\"true\"\/>\n    \n    \n    \n      <\/form>\n<\/section>\n<\/div>\n\t\t\t\t\t\t<\/div>\n\t\t\t\t<\/div>\n\t\t\t\t\t<\/div>\n\t\t\t\t<\/div>\n\t\t<div class=\"elementor-element elementor-element-0ebc3de e-flex e-con-boxed e-con e-parent\" data-id=\"0ebc3de\" data-element_type=\"container\" data-e-type=\"container\">\n\t\t\t\t\t<div class=\"e-con-inner\">\n\t\t\t\t<div class=\"elementor-element elementor-element-d8a014f elementor-widget elementor-widget-spacer\" data-id=\"d8a014f\" data-element_type=\"widget\" data-e-type=\"widget\" data-widget_type=\"spacer.default\">\n\t\t\t\t<div class=\"elementor-widget-container\">\n\t\t\t\t\t\t\t<div class=\"elementor-spacer\">\n\t\t\t<div class=\"elementor-spacer-inner\"><\/div>\n\t\t<\/div>\n\t\t\t\t\t\t<\/div>\n\t\t\t\t<\/div>\n\t\t\t\t\t<\/div>\n\t\t\t\t<\/div>\n\t\t<div class=\"elementor-element elementor-element-4f0c55e alquila-moto e-flex e-con-boxed e-con e-parent\" data-id=\"4f0c55e\" data-element_type=\"container\" data-e-type=\"container\">\n\t\t\t\t\t<div class=\"e-con-inner\">\n\t\t\t\t<div class=\"elementor-element elementor-element-459a9f6 texto-rojo elementor-widget elementor-widget-tripgo_elementor_heading\" data-id=\"459a9f6\" data-element_type=\"widget\" data-e-type=\"widget\" data-widget_type=\"tripgo_elementor_heading.default\">\n\t\t\t\t<div class=\"elementor-widget-container\">\n\t\t\t\t\t\t\t<div class=\"ova-title\">\n\n\t\t\t\n\t\t\t\t\t\t\t\n\t\t\t\t\t<h1 class=\"title\">Roller Vermietung auf Formentera<\/h1>\n\t\t\t\t\t\t\t\n\t\t\t\n\t\t<\/div> \n\t\t \t\n\t\t\t\t\t\t<\/div>\n\t\t\t\t<\/div>\n\t\t\t\t<div class=\"elementor-element elementor-element-31a6eb3 titulo-h2 espacio-description elementor-widget elementor-widget-tripgo_elementor_heading\" data-id=\"31a6eb3\" data-element_type=\"widget\" data-e-type=\"widget\" data-widget_type=\"tripgo_elementor_heading.default\">\n\t\t\t\t<div class=\"elementor-widget-container\">\n\t\t\t\t\t\t\t<div class=\"ova-title\">\n\n\t\t\t\n\t\t\t\t\t\t\t\n\t\t\t\t\t<p class=\"title\">BEWEGUNGSFREIHEIT MIT DEINEM MIETROLLER<\/p>\n\t\t\t\t\t\t\t\n\t\t\t\t\t\t\t<p class=\"description\">Ein Besuch auf Formentera ist immer ein Vergn\u00fcgen, und die Erkundung mit einem Roller gilt oft als die ideale Option. Warum? Du wei\u00dft bereits, dass unsere wundervolle Insel von einer Spitze zur anderen etwa 20 Kilometer misst, und mit einem Roller ist es leicht zu bew\u00e4ltigen. Praktisch wie ein Fahrrad und schnell wie ein Auto erm\u00f6glicht es dir, dich ohne Einschr\u00e4nkungen zu bewegen. Kein Wunder, dass es f\u00fchrend bei Buchungen ist.<\/p>\n\t\t\t\n\t\t<\/div> \n\t\t \t\n\t\t\t\t\t\t<\/div>\n\t\t\t\t<\/div>\n\t\t\t\t<div class=\"elementor-element elementor-element-d9cd60a elementor-align-center leer-mas icono-amarillo texto-rojo elementor-button-info elementor-widget elementor-widget-button\" data-id=\"d9cd60a\" data-element_type=\"widget\" data-e-type=\"widget\" data-widget_type=\"button.default\">\n\t\t\t\t<div class=\"elementor-widget-container\">\n\t\t\t\t\t\t\t\t\t<div class=\"elementor-button-wrapper\">\n\t\t\t\t\t<a class=\"elementor-button elementor-size-sm\" role=\"button\">\n\t\t\t\t\t\t<span class=\"elementor-button-content-wrapper\">\n\t\t\t\t\t\t<span class=\"elementor-button-icon\">\n\t\t\t\t<svg aria-hidden=\"true\" class=\"e-font-icon-svg e-fas-chevron-down\" viewBox=\"0 0 448 512\" xmlns=\"http:\/\/www.w3.org\/2000\/svg\"><path d=\"M207.029 381.476L12.686 187.132c-9.373-9.373-9.373-24.569 0-33.941l22.667-22.667c9.357-9.357 24.522-9.375 33.901-.04L224 284.505l154.745-154.021c9.379-9.335 24.544-9.317 33.901.04l22.667 22.667c9.373 9.373 9.373 24.569 0 33.941L240.971 381.476c-9.373 9.372-24.569 9.372-33.942 0z\"><\/path><\/svg>\t\t\t<\/span>\n\t\t\t\t\t\t\t\t\t<span class=\"elementor-button-text\">Mehr lesen<\/span>\n\t\t\t\t\t<\/span>\n\t\t\t\t\t<\/a>\n\t\t\t\t<\/div>\n\t\t\t\t\t\t\t\t<\/div>\n\t\t\t\t<\/div>\n\t\t\t\t<div class=\"elementor-element elementor-element-9e31963 texto-rojo titulo-h2 objeto-oculto elementor-widget elementor-widget-tripgo_elementor_heading\" data-id=\"9e31963\" data-element_type=\"widget\" data-e-type=\"widget\" data-widget_type=\"tripgo_elementor_heading.default\">\n\t\t\t\t<div class=\"elementor-widget-container\">\n\t\t\t\t\t\t\t<div class=\"ova-title\">\n\n\t\t\t\n\t\t\t\t\t\t\t\n\t\t\t\t\t<h2 class=\"title\">Roller-Vermietung auf Formentera, alle Modelle zum besten Preis<\/h2>\n\t\t\t\t\t\t\t\n\t\t\t\t\t\t\t<p class=\"description\">Worauf wartest du, um einen der unterhaltsamen Roller zu mieten, die wir bei MOTO RENT MITJORN anbieten? Ruhig mit einem Roller durch Formentera zu fahren und dabei die nat\u00fcrliche Landschaft der Insel zu genie\u00dfen, wird zu einem Genuss f\u00fcr deine Sinne. F\u00fclle das Reservierungsformular aus und mach dir keine Sorgen, wir bringen den Roller dorthin, wo du bist. Und wenn es irgendwelche Probleme gibt, schicken wir sofort einen Techniker... Miete bei einem lokalen Unternehmen und genie\u00dfe den besten Preis und maximalen Komfort!\n\nW\u00e4hle jetzt zwischen allen Modellen in unserem Katalog oder miete andere Fahrzeuge wie Motorr\u00e4der, Autos oder Fahrr\u00e4der. Genie\u00dfe die einzigartige Sch\u00f6nheit von Formentera, einer Insel mit paradiesischen Str\u00e4nden und einer beneidenswerten nat\u00fcrlichen Umgebung. Hier kannst du Ruhe und Frieden genie\u00dfen. Mit MOTO RENT MITJORN kannst du auf die Garantie eines f\u00fchrenden Unternehmens im Bereich der Motorrad- oder Roller-Vermietung auf Formentera z\u00e4hlen. Warte nicht l\u00e4nger und w\u00e4hle jetzt dein Modell aus.<\/p>\n\t\t\t\n\t\t<\/div> \n\t\t \t\n\t\t\t\t\t\t<\/div>\n\t\t\t\t<\/div>\n\t\t\t\t<div class=\"elementor-element elementor-element-2e38ed6 elementor-align-center texto-rojo leer-menos objeto-oculto elementor-button-info elementor-widget__width-initial elementor-widget-mobile__width-inherit elementor-widget elementor-widget-button\" data-id=\"2e38ed6\" data-element_type=\"widget\" data-e-type=\"widget\" data-widget_type=\"button.default\">\n\t\t\t\t<div class=\"elementor-widget-container\">\n\t\t\t\t\t\t\t\t\t<div class=\"elementor-button-wrapper\">\n\t\t\t\t\t<a class=\"elementor-button elementor-size-sm\" role=\"button\">\n\t\t\t\t\t\t<span class=\"elementor-button-content-wrapper\">\n\t\t\t\t\t\t<span class=\"elementor-button-icon\">\n\t\t\t\t<svg aria-hidden=\"true\" class=\"e-font-icon-svg e-fas-chevron-up\" viewBox=\"0 0 448 512\" xmlns=\"http:\/\/www.w3.org\/2000\/svg\"><path d=\"M240.971 130.524l194.343 194.343c9.373 9.373 9.373 24.569 0 33.941l-22.667 22.667c-9.357 9.357-24.522 9.375-33.901.04L224 227.495 69.255 381.516c-9.379 9.335-24.544 9.317-33.901-.04l-22.667-22.667c-9.373-9.373-9.373-24.569 0-33.941L207.03 130.525c9.372-9.373 24.568-9.373 33.941-.001z\"><\/path><\/svg>\t\t\t<\/span>\n\t\t\t\t\t\t\t\t\t<span class=\"elementor-button-text\">Weniger lesen<\/span>\n\t\t\t\t\t<\/span>\n\t\t\t\t\t<\/a>\n\t\t\t\t<\/div>\n\t\t\t\t\t\t\t\t<\/div>\n\t\t\t\t<\/div>\n\t\t\t\t\t<\/div>\n\t\t\t\t<\/div>\n\t\t<div class=\"elementor-element elementor-element-c48f767 e-flex e-con-boxed e-con e-parent\" data-id=\"c48f767\" data-element_type=\"container\" data-e-type=\"container\">\n\t\t\t\t\t<div class=\"e-con-inner\">\n\t\t\t\t<div class=\"woocommerce elementor-element elementor-element-ee376d6 elementor-grid-3 elementor-grid-tablet-2 elementor-grid-mobile-1 elementor-widget elementor-widget-loop-grid\" data-id=\"ee376d6\" data-element_type=\"widget\" data-e-type=\"widget\" data-settings=\"{&quot;_skin&quot;:&quot;product&quot;,&quot;template_id&quot;:17911,&quot;columns&quot;:&quot;3&quot;,&quot;columns_tablet&quot;:&quot;2&quot;,&quot;columns_mobile&quot;:&quot;1&quot;,&quot;edit_handle_selector&quot;:&quot;[data-elementor-type=\\&quot;loop-item\\&quot;]&quot;,&quot;row_gap&quot;:{&quot;unit&quot;:&quot;px&quot;,&quot;size&quot;:&quot;&quot;,&quot;sizes&quot;:[]},&quot;row_gap_tablet&quot;:{&quot;unit&quot;:&quot;px&quot;,&quot;size&quot;:&quot;&quot;,&quot;sizes&quot;:[]},&quot;row_gap_mobile&quot;:{&quot;unit&quot;:&quot;px&quot;,&quot;size&quot;:&quot;&quot;,&quot;sizes&quot;:[]}}\" data-widget_type=\"loop-grid.product\">\n\t\t\t\t<div class=\"elementor-widget-container\">\n\t\t\t\t\t\t\t<div class=\"e-loop-nothing-found-message\">\n\t\t<\/div>\n\t\t\t\t\t\t<\/div>\n\t\t\t\t<\/div>\n\t\t\t\t\t<\/div>\n\t\t\t\t<\/div>\n\t\t<div class=\"elementor-element elementor-element-648e48e listado-productos-vehiculos e-flex e-con-boxed e-con e-parent\" data-id=\"648e48e\" data-element_type=\"container\" data-e-type=\"container\">\n\t\t\t\t\t<div class=\"e-con-inner\">\n\t\t\t\t<div class=\"elementor-element elementor-element-50bae14 elementor-widget elementor-widget-spacer\" data-id=\"50bae14\" data-element_type=\"widget\" data-e-type=\"widget\" data-widget_type=\"spacer.default\">\n\t\t\t\t<div class=\"elementor-widget-container\">\n\t\t\t\t\t\t\t<div class=\"elementor-spacer\">\n\t\t\t<div class=\"elementor-spacer-inner\"><\/div>\n\t\t<\/div>\n\t\t\t\t\t\t<\/div>\n\t\t\t\t<\/div>\n\t\t\t\t\t<\/div>\n\t\t\t\t<\/div>\n\t\t\t\t<section class=\"elementor-section elementor-top-section elementor-element elementor-element-dc840e4 video-home elementor-section-boxed elementor-section-height-default elementor-section-height-default\" data-id=\"dc840e4\" data-element_type=\"section\" data-e-type=\"section\" data-settings=\"{&quot;background_background&quot;:&quot;classic&quot;}\">\n\t\t\t\t\t\t\t<div class=\"elementor-background-overlay\"><\/div>\n\t\t\t\t\t\t\t<div class=\"elementor-container elementor-column-gap-default\">\n\t\t\t\t\t<div class=\"elementor-column elementor-col-100 elementor-top-column elementor-element elementor-element-778c15b\" data-id=\"778c15b\" data-element_type=\"column\" data-e-type=\"column\">\n\t\t\t<div class=\"elementor-widget-wrap elementor-element-populated\">\n\t\t\t\t\t\t<div class=\"elementor-element elementor-element-f83fa92 elementor-widget elementor-widget-tripgo_elementor_heading\" data-id=\"f83fa92\" data-element_type=\"widget\" data-e-type=\"widget\" data-widget_type=\"tripgo_elementor_heading.default\">\n\t\t\t\t<div class=\"elementor-widget-container\">\n\t\t\t\t\t\t\t<div class=\"ova-title\">\n\n\t\t\t\n\t\t\t\t\t\t\t\n\t\t\t\t\t<h2 class=\"title\">Rollerverleih\nim Hafen von Formentera<\/h2>\n\t\t\t\t\t\t\t\n\t\t\t\t\t\t\t<p class=\"description\">Buche online und hole deinen Roller im Hafen von La Savina auf Formentera ab, sobald du von der F\u00e4hre gestiegen bist. Wege und Routen in Gruppen von Freunden, umgeben von einer atemberaubenden nat\u00fcrlichen Umgebung. Einfach und schnell, f\u00fclle das Formular aus und beginne sofort, die Insel zu erkunden, ohne zu warten. Wir verf\u00fcgen \u00fcber spezialisierte Techniker und Stra\u00dfenhilfe.<\/p>\n\t\t\t\n\t\t<\/div> \n\t\t \t\n\t\t\t\t\t\t<\/div>\n\t\t\t\t<\/div>\n\t\t\t\t\t<\/div>\n\t\t<\/div>\n\t\t\t\t\t<\/div>\n\t\t<\/section>\n\t\t\t\t<section class=\"elementor-section elementor-top-section elementor-element elementor-element-1818c22 elementor-section-boxed elementor-section-height-default elementor-section-height-default\" data-id=\"1818c22\" data-element_type=\"section\" data-e-type=\"section\" data-settings=\"{&quot;background_background&quot;:&quot;classic&quot;}\">\n\t\t\t\t\t\t<div class=\"elementor-container elementor-column-gap-default\">\n\t\t\t\t\t<div class=\"elementor-column elementor-col-100 elementor-top-column elementor-element elementor-element-17ee0f3\" data-id=\"17ee0f3\" data-element_type=\"column\" data-e-type=\"column\">\n\t\t\t<div class=\"elementor-widget-wrap elementor-element-populated\">\n\t\t\t\t\t\t<div class=\"elementor-element elementor-element-5c6ae6a elementor-widget__width-initial texto-rojo elementor-widget elementor-widget-tripgo_elementor_heading\" data-id=\"5c6ae6a\" data-element_type=\"widget\" data-e-type=\"widget\" data-widget_type=\"tripgo_elementor_heading.default\">\n\t\t\t\t<div class=\"elementor-widget-container\">\n\t\t\t\t\t\t\t<div class=\"ova-title\">\n\n\t\t\t\n\t\t\t\t\t\t\t\n\t\t\t\t\t<h3 class=\"title\">Unsere B\u00fcros<\/h3>\n\t\t\t\t\t\t\t\n\t\t\t\t\t\t\t<p class=\"description\">Wir bieten Ihnen die beste Auswahl an Fahrzeugen direkt im Hafen von La Savina auf Formentera an.<\/p>\n\t\t\t\n\t\t<\/div> \n\t\t \t\n\t\t\t\t\t\t<\/div>\n\t\t\t\t<\/div>\n\t\t\t\t<div class=\"elementor-element elementor-element-ce32970 elementor-align-center elementor-widget__width-initial boton icono-amarillo boton-tel-home elementor-widget elementor-widget-button\" data-id=\"ce32970\" data-element_type=\"widget\" data-e-type=\"widget\" data-widget_type=\"button.default\">\n\t\t\t\t<div class=\"elementor-widget-container\">\n\t\t\t\t\t\t\t\t\t<div class=\"elementor-button-wrapper\">\n\t\t\t\t\t<a class=\"elementor-button elementor-button-link elementor-size-md\" href=\"tel:+34971322306\">\n\t\t\t\t\t\t<span class=\"elementor-button-content-wrapper\">\n\t\t\t\t\t\t<span class=\"elementor-button-icon\">\n\t\t\t\t<svg xmlns=\"http:\/\/www.w3.org\/2000\/svg\" viewBox=\"0 0 22.08 22.08\"><defs><style>.cls-1{fill:#ffbc00;}<\/style><\/defs><g id=\"Capa_2\" data-name=\"Capa 2\"><g id=\"Capa_1-2\" data-name=\"Capa 1\"><path class=\"cls-1\" d=\"M.21,19.05a.75.75,0,0,1,0-1l3.1-3.1a.73.73,0,0,1,1,0l.52.51L.72,19.57Zm20-8.57-9.71,9.7a6.44,6.44,0,0,1-8.69.4l4.13-4.12a3.13,3.13,0,0,0,4.28-.14l6.12-6.12h0a3.13,3.13,0,0,0,.13-4.28l4.13-4.13A6.44,6.44,0,0,1,20.18,10.48ZM19.05.21l.51.52L15.42,4.88l-.52-.52a.75.75,0,0,1,0-1L18,.21A.75.75,0,0,1,19.05.21Z\"><\/path><\/g><\/g><\/svg>\t\t\t<\/span>\n\t\t\t\t\t\t\t\t\t<span class=\"elementor-button-text\">Tel. 971 32 23 06<\/span>\n\t\t\t\t\t<\/span>\n\t\t\t\t\t<\/a>\n\t\t\t\t<\/div>\n\t\t\t\t\t\t\t\t<\/div>\n\t\t\t\t<\/div>\n\t\t<div class=\"elementor-element elementor-element-411831a e-con-full oficinas texto-rojo e-flex e-con e-parent\" data-id=\"411831a\" data-element_type=\"container\" data-e-type=\"container\">\n\t\t<div class=\"elementor-element elementor-element-31463f7 e-con-full e-flex e-con e-child\" data-id=\"31463f7\" data-element_type=\"container\" data-e-type=\"container\">\n\t\t\t\t<div class=\"elementor-element elementor-element-79d2581 elementor-widget elementor-widget-image\" data-id=\"79d2581\" data-element_type=\"widget\" data-e-type=\"widget\" data-widget_type=\"image.default\">\n\t\t\t\t<div class=\"elementor-widget-container\">\n\t\t\t\t\t\t\t\t\t\t\t\t\t\t\t<img fetchpriority=\"high\" decoding=\"async\" width=\"296\" height=\"181\" src=\"https:\/\/mitjornmotorent.com\/wp-content\/uploads\/2024\/05\/oficina-Mitjorn-Puerto-1.jpg\" class=\"attachment-full size-full wp-image-15087\" alt=\"\" \/>\t\t\t\t\t\t\t\t\t\t\t\t\t\t\t<\/div>\n\t\t\t\t<\/div>\n\t\t\t\t<div class=\"elementor-element elementor-element-79e6b66 elementor-widget elementor-widget-heading\" data-id=\"79e6b66\" data-element_type=\"widget\" data-e-type=\"widget\" data-widget_type=\"heading.default\">\n\t\t\t\t<div class=\"elementor-widget-container\">\n\t\t\t\t\t<div class=\"elementor-heading-title elementor-size-default\"><span class=\"title\">Mitjorn Puerto 1<\/span><\/div>\t\t\t\t<\/div>\n\t\t\t\t<\/div>\n\t\t\t\t<div class=\"elementor-element elementor-element-3b2a7e7 texto-negro texto-15 elementor-widget elementor-widget-text-editor\" data-id=\"3b2a7e7\" data-element_type=\"widget\" data-e-type=\"widget\" data-widget_type=\"text-editor.default\">\n\t\t\t\t<div class=\"elementor-widget-container\">\n\t\t\t\t\t\t\t\t\t<p>Edificio de Aparcamientos \u2013<br \/>Puerto de la Savina<br \/>Calle Vapor Manolito, S\/N &#8211; Local N\u00ba12 07870 La Savina (Formentera)<br \/><a class=\"texto-rojo\" href=\"tel:+34971322306\">Tlf. (+34) 971 322 306<\/a><\/p>\t\t\t\t\t\t\t\t<\/div>\n\t\t\t\t<\/div>\n\t\t\t\t<\/div>\n\t\t<div class=\"elementor-element elementor-element-3a1e9cf e-con-full e-flex e-con e-child\" data-id=\"3a1e9cf\" data-element_type=\"container\" data-e-type=\"container\">\n\t\t\t\t<div class=\"elementor-element elementor-element-6d73d0d elementor-widget elementor-widget-image\" data-id=\"6d73d0d\" data-element_type=\"widget\" data-e-type=\"widget\" data-widget_type=\"image.default\">\n\t\t\t\t<div class=\"elementor-widget-container\">\n\t\t\t\t\t\t\t\t\t\t\t\t\t\t\t<img decoding=\"async\" width=\"296\" height=\"181\" src=\"https:\/\/mitjornmotorent.com\/wp-content\/uploads\/2024\/05\/oficina-Mitjorn-Puerto-2.jpg\" class=\"attachment-full size-full wp-image-15091\" alt=\"\" \/>\t\t\t\t\t\t\t\t\t\t\t\t\t\t\t<\/div>\n\t\t\t\t<\/div>\n\t\t\t\t<div class=\"elementor-element elementor-element-a321fbe title elementor-widget elementor-widget-heading\" data-id=\"a321fbe\" data-element_type=\"widget\" data-e-type=\"widget\" data-widget_type=\"heading.default\">\n\t\t\t\t<div class=\"elementor-widget-container\">\n\t\t\t\t\t<div class=\"elementor-heading-title elementor-size-default\"><span class=\"title\">Mitjorn Puerto 2<\/span><\/div>\t\t\t\t<\/div>\n\t\t\t\t<\/div>\n\t\t\t\t<div class=\"elementor-element elementor-element-04ded19 texto-negro texto-15 elementor-widget elementor-widget-text-editor\" data-id=\"04ded19\" data-element_type=\"widget\" data-e-type=\"widget\" data-widget_type=\"text-editor.default\">\n\t\t\t\t<div class=\"elementor-widget-container\">\n\t\t\t\t\t\t\t\t\t<p>Marina La Savina &#8211; Puerto de la Savina Calle Calpe, S\/N &#8211; Local N\u00ba5 07870 La Savina (Formentera)<br \/><a class=\"texto-rojo\" href=\"tel:+34971322306\">Tlf. (+34) 971 322 306<\/a><\/p>\t\t\t\t\t\t\t\t<\/div>\n\t\t\t\t<\/div>\n\t\t\t\t<\/div>\n\t\t<div class=\"elementor-element elementor-element-fa1bc2b e-con-full e-flex e-con e-child\" data-id=\"fa1bc2b\" data-element_type=\"container\" data-e-type=\"container\">\n\t\t\t\t<div class=\"elementor-element elementor-element-fe082e0 elementor-widget elementor-widget-image\" data-id=\"fe082e0\" data-element_type=\"widget\" data-e-type=\"widget\" data-widget_type=\"image.default\">\n\t\t\t\t<div class=\"elementor-widget-container\">\n\t\t\t\t\t\t\t\t\t\t\t\t\t\t\t<img decoding=\"async\" width=\"296\" height=\"181\" src=\"https:\/\/mitjornmotorent.com\/wp-content\/uploads\/2024\/05\/oficina-Mitjorn-Central.jpg\" class=\"attachment-large size-large wp-image-15095\" alt=\"\" \/>\t\t\t\t\t\t\t\t\t\t\t\t\t\t\t<\/div>\n\t\t\t\t<\/div>\n\t\t\t\t<div class=\"elementor-element elementor-element-8312f10 title elementor-widget elementor-widget-heading\" data-id=\"8312f10\" data-element_type=\"widget\" data-e-type=\"widget\" data-widget_type=\"heading.default\">\n\t\t\t\t<div class=\"elementor-widget-container\">\n\t\t\t\t\t<div class=\"elementor-heading-title elementor-size-default\"><span class=\"title\">Mitjorn Central<\/span><\/div>\t\t\t\t<\/div>\n\t\t\t\t<\/div>\n\t\t\t\t<div class=\"elementor-element elementor-element-01d90af texto-negro texto-15 elementor-widget elementor-widget-text-editor\" data-id=\"01d90af\" data-element_type=\"widget\" data-e-type=\"widget\" data-widget_type=\"text-editor.default\">\n\t\t\t\t<div class=\"elementor-widget-container\">\n\t\t\t\t\t\t\t\t\t<p>Mitjorn Central<br \/>Edificio Sabina Playa<br \/>Avinguda Mediterr\u00e0nia, 2 <br \/>07870 La Savina (Formentera) <br \/><a class=\"texto-rojo\" href=\"tel:+34971322306\">Tlf. (+34) 971 322 306<\/a><\/p>\t\t\t\t\t\t\t\t<\/div>\n\t\t\t\t<\/div>\n\t\t\t\t<\/div>\n\t\t<div class=\"elementor-element elementor-element-4d5f0b9 e-con-full e-flex e-con e-child\" data-id=\"4d5f0b9\" data-element_type=\"container\" data-e-type=\"container\">\n\t\t\t\t<div class=\"elementor-element elementor-element-980a11a elementor-widget elementor-widget-image\" data-id=\"980a11a\" data-element_type=\"widget\" data-e-type=\"widget\" data-widget_type=\"image.default\">\n\t\t\t\t<div class=\"elementor-widget-container\">\n\t\t\t\t\t\t\t\t\t\t\t\t\t\t\t<img loading=\"lazy\" decoding=\"async\" width=\"296\" height=\"181\" src=\"https:\/\/mitjornmotorent.com\/wp-content\/uploads\/2024\/05\/oficina-Blue-Autos.jpg\" class=\"attachment-large size-large wp-image-15099\" alt=\"\" \/>\t\t\t\t\t\t\t\t\t\t\t\t\t\t\t<\/div>\n\t\t\t\t<\/div>\n\t\t\t\t<div class=\"elementor-element elementor-element-0a815bb title elementor-widget elementor-widget-heading\" data-id=\"0a815bb\" data-element_type=\"widget\" data-e-type=\"widget\" data-widget_type=\"heading.default\">\n\t\t\t\t<div class=\"elementor-widget-container\">\n\t\t\t\t\t<div class=\"elementor-heading-title elementor-size-default\"><span class=\"title\">Blue Autos Puerto<\/span><\/div>\t\t\t\t<\/div>\n\t\t\t\t<\/div>\n\t\t\t\t<div class=\"elementor-element elementor-element-7ee961d texto-negro texto-15 elementor-widget elementor-widget-text-editor\" data-id=\"7ee961d\" data-element_type=\"widget\" data-e-type=\"widget\" data-widget_type=\"text-editor.default\">\n\t\t\t\t<div class=\"elementor-widget-container\">\n\t\t\t\t\t\t\t\t\t<p>Edificio de Aparacamientos \u2013 <br \/>Puerto de la Savina<br \/>Calle Vapor Manolito, S\/N &#8211; Local N\u00ba13 07870 La Savina (Formentera)<br \/><a class=\"texto-rojo\" href=\"tel:+34971322306\">Tlf. (+34) 971 322 306<\/a><\/p>\t\t\t\t\t\t\t\t<\/div>\n\t\t\t\t<\/div>\n\t\t\t\t<\/div>\n\t\t\t\t<\/div>\n\t\t\t\t\t<\/div>\n\t\t<\/div>\n\t\t\t\t\t<\/div>\n\t\t<\/section>\n\t\t\t\t<\/div>\n\t\t","protected":false},"excerpt":{"rendered":"<p>Roller Vermietung auf Formentera BEWEGUNGSFREIHEIT MIT DEINEM MIETROLLER Ein Besuch auf Formentera ist immer ein Vergn\u00fcgen, und die Erkundung mit einem Roller gilt oft als die ideale Option. Warum? Du wei\u00dft bereits, dass unsere wundervolle Insel von einer Spitze zur anderen etwa 20 Kilometer misst, und mit einem Roller ist es leicht zu bew\u00e4ltigen. Praktisch [&hellip;]<\/p>\n","protected":false},"author":2,"featured_media":0,"parent":0,"menu_order":0,"comment_status":"closed","ping_status":"closed","template":"elementor_header_footer","meta":{"_acf_changed":false,"footnotes":""},"class_list":["post-15549","page","type-page","status-publish","hentry"],"acf":[],"yoast_head":"<!-- This site is optimized with the Yoast SEO plugin v27.0 - https:\/\/yoast.com\/product\/yoast-seo-wordpress\/ -->\n<title>Roller - ALQUILER MOTOS, BICICLETAS Y COCHES FORMENTERA<\/title>\n<meta name=\"robots\" content=\"index, follow, max-snippet:-1, max-image-preview:large, max-video-preview:-1\" \/>\n<link rel=\"canonical\" href=\"https:\/\/mitjornmotorent.com\/de\/roller\/\" \/>\n<meta property=\"og:locale\" content=\"de_DE\" \/>\n<meta property=\"og:type\" content=\"article\" \/>\n<meta property=\"og:title\" content=\"Roller - ALQUILER MOTOS, BICICLETAS Y COCHES FORMENTERA\" \/>\n<meta property=\"og:description\" content=\"Roller Vermietung auf Formentera BEWEGUNGSFREIHEIT MIT DEINEM MIETROLLER Ein Besuch auf Formentera ist immer ein Vergn\u00fcgen, und die Erkundung mit einem Roller gilt oft als die ideale Option. Warum? Du wei\u00dft bereits, dass unsere wundervolle Insel von einer Spitze zur anderen etwa 20 Kilometer misst, und mit einem Roller ist es leicht zu bew\u00e4ltigen. Praktisch [&hellip;]\" \/>\n<meta property=\"og:url\" content=\"https:\/\/mitjornmotorent.com\/de\/roller\/\" \/>\n<meta property=\"og:site_name\" content=\"ALQUILER MOTOS, BICICLETAS Y COCHES FORMENTERA\" \/>\n<meta property=\"article:modified_time\" content=\"2024-06-18T10:39:36+00:00\" \/>\n<meta property=\"og:image\" content=\"https:\/\/mitjornmotorent.com\/wp-content\/uploads\/2024\/05\/oficina-Mitjorn-Puerto-1.jpg\" \/>\n<meta name=\"twitter:card\" content=\"summary_large_image\" \/>\n<meta name=\"twitter:label1\" content=\"Gesch\u00e4tzte Lesezeit\" \/>\n\t<meta name=\"twitter:data1\" content=\"2\u00a0Minuten\" \/>\n<script type=\"application\/ld+json\" class=\"yoast-schema-graph\">{\"@context\":\"https:\/\/schema.org\",\"@graph\":[{\"@type\":\"WebPage\",\"@id\":\"https:\/\/mitjornmotorent.com\/de\/roller\/\",\"url\":\"https:\/\/mitjornmotorent.com\/de\/roller\/\",\"name\":\"Roller - ALQUILER MOTOS, BICICLETAS Y COCHES FORMENTERA\",\"isPartOf\":{\"@id\":\"https:\/\/mitjornmotorent.com\/de\/#website\"},\"primaryImageOfPage\":{\"@id\":\"https:\/\/mitjornmotorent.com\/de\/roller\/#primaryimage\"},\"image\":{\"@id\":\"https:\/\/mitjornmotorent.com\/de\/roller\/#primaryimage\"},\"thumbnailUrl\":\"https:\/\/mitjornmotorent.com\/wp-content\/uploads\/2024\/05\/oficina-Mitjorn-Puerto-1.jpg\",\"datePublished\":\"2024-03-11T11:51:13+00:00\",\"dateModified\":\"2024-06-18T10:39:36+00:00\",\"breadcrumb\":{\"@id\":\"https:\/\/mitjornmotorent.com\/de\/roller\/#breadcrumb\"},\"inLanguage\":\"de\",\"potentialAction\":[{\"@type\":\"ReadAction\",\"target\":[\"https:\/\/mitjornmotorent.com\/de\/roller\/\"]}]},{\"@type\":\"ImageObject\",\"inLanguage\":\"de\",\"@id\":\"https:\/\/mitjornmotorent.com\/de\/roller\/#primaryimage\",\"url\":\"https:\/\/mitjornmotorent.com\/wp-content\/uploads\/2024\/05\/oficina-Mitjorn-Puerto-1.jpg\",\"contentUrl\":\"https:\/\/mitjornmotorent.com\/wp-content\/uploads\/2024\/05\/oficina-Mitjorn-Puerto-1.jpg\"},{\"@type\":\"BreadcrumbList\",\"@id\":\"https:\/\/mitjornmotorent.com\/de\/roller\/#breadcrumb\",\"itemListElement\":[{\"@type\":\"ListItem\",\"position\":1,\"name\":\"Portada\",\"item\":\"https:\/\/mitjornmotorent.com\/de\/\"},{\"@type\":\"ListItem\",\"position\":2,\"name\":\"Roller\"}]},{\"@type\":\"WebSite\",\"@id\":\"https:\/\/mitjornmotorent.com\/de\/#website\",\"url\":\"https:\/\/mitjornmotorent.com\/de\/\",\"name\":\"ALQUILER MOTOS, BICICLETAS Y COCHES FORMENTERA\",\"description\":\"N\u00ba1 MITJORN MotoRent\",\"potentialAction\":[{\"@type\":\"SearchAction\",\"target\":{\"@type\":\"EntryPoint\",\"urlTemplate\":\"https:\/\/mitjornmotorent.com\/de\/?s={search_term_string}\"},\"query-input\":{\"@type\":\"PropertyValueSpecification\",\"valueRequired\":true,\"valueName\":\"search_term_string\"}}],\"inLanguage\":\"de\"}]}<\/script>\n<!-- \/ Yoast SEO plugin. -->","yoast_head_json":{"title":"Roller - ALQUILER MOTOS, BICICLETAS Y COCHES FORMENTERA","robots":{"index":"index","follow":"follow","max-snippet":"max-snippet:-1","max-image-preview":"max-image-preview:large","max-video-preview":"max-video-preview:-1"},"canonical":"https:\/\/mitjornmotorent.com\/de\/roller\/","og_locale":"de_DE","og_type":"article","og_title":"Roller - ALQUILER MOTOS, BICICLETAS Y COCHES FORMENTERA","og_description":"Roller Vermietung auf Formentera BEWEGUNGSFREIHEIT MIT DEINEM MIETROLLER Ein Besuch auf Formentera ist immer ein Vergn\u00fcgen, und die Erkundung mit einem Roller gilt oft als die ideale Option. Warum? Du wei\u00dft bereits, dass unsere wundervolle Insel von einer Spitze zur anderen etwa 20 Kilometer misst, und mit einem Roller ist es leicht zu bew\u00e4ltigen. Praktisch [&hellip;]","og_url":"https:\/\/mitjornmotorent.com\/de\/roller\/","og_site_name":"ALQUILER MOTOS, BICICLETAS Y COCHES FORMENTERA","article_modified_time":"2024-06-18T10:39:36+00:00","og_image":[{"url":"https:\/\/mitjornmotorent.com\/wp-content\/uploads\/2024\/05\/oficina-Mitjorn-Puerto-1.jpg","type":"","width":"","height":""}],"twitter_card":"summary_large_image","twitter_misc":{"Gesch\u00e4tzte Lesezeit":"2\u00a0Minuten"},"schema":{"@context":"https:\/\/schema.org","@graph":[{"@type":"WebPage","@id":"https:\/\/mitjornmotorent.com\/de\/roller\/","url":"https:\/\/mitjornmotorent.com\/de\/roller\/","name":"Roller - ALQUILER MOTOS, BICICLETAS Y COCHES FORMENTERA","isPartOf":{"@id":"https:\/\/mitjornmotorent.com\/de\/#website"},"primaryImageOfPage":{"@id":"https:\/\/mitjornmotorent.com\/de\/roller\/#primaryimage"},"image":{"@id":"https:\/\/mitjornmotorent.com\/de\/roller\/#primaryimage"},"thumbnailUrl":"https:\/\/mitjornmotorent.com\/wp-content\/uploads\/2024\/05\/oficina-Mitjorn-Puerto-1.jpg","datePublished":"2024-03-11T11:51:13+00:00","dateModified":"2024-06-18T10:39:36+00:00","breadcrumb":{"@id":"https:\/\/mitjornmotorent.com\/de\/roller\/#breadcrumb"},"inLanguage":"de","potentialAction":[{"@type":"ReadAction","target":["https:\/\/mitjornmotorent.com\/de\/roller\/"]}]},{"@type":"ImageObject","inLanguage":"de","@id":"https:\/\/mitjornmotorent.com\/de\/roller\/#primaryimage","url":"https:\/\/mitjornmotorent.com\/wp-content\/uploads\/2024\/05\/oficina-Mitjorn-Puerto-1.jpg","contentUrl":"https:\/\/mitjornmotorent.com\/wp-content\/uploads\/2024\/05\/oficina-Mitjorn-Puerto-1.jpg"},{"@type":"BreadcrumbList","@id":"https:\/\/mitjornmotorent.com\/de\/roller\/#breadcrumb","itemListElement":[{"@type":"ListItem","position":1,"name":"Portada","item":"https:\/\/mitjornmotorent.com\/de\/"},{"@type":"ListItem","position":2,"name":"Roller"}]},{"@type":"WebSite","@id":"https:\/\/mitjornmotorent.com\/de\/#website","url":"https:\/\/mitjornmotorent.com\/de\/","name":"ALQUILER MOTOS, BICICLETAS Y COCHES FORMENTERA","description":"N\u00ba1 MITJORN MotoRent","potentialAction":[{"@type":"SearchAction","target":{"@type":"EntryPoint","urlTemplate":"https:\/\/mitjornmotorent.com\/de\/?s={search_term_string}"},"query-input":{"@type":"PropertyValueSpecification","valueRequired":true,"valueName":"search_term_string"}}],"inLanguage":"de"}]}},"_links":{"self":[{"href":"https:\/\/mitjornmotorent.com\/de\/wp-json\/wp\/v2\/pages\/15549","targetHints":{"allow":["GET"]}}],"collection":[{"href":"https:\/\/mitjornmotorent.com\/de\/wp-json\/wp\/v2\/pages"}],"about":[{"href":"https:\/\/mitjornmotorent.com\/de\/wp-json\/wp\/v2\/types\/page"}],"author":[{"embeddable":true,"href":"https:\/\/mitjornmotorent.com\/de\/wp-json\/wp\/v2\/users\/2"}],"replies":[{"embeddable":true,"href":"https:\/\/mitjornmotorent.com\/de\/wp-json\/wp\/v2\/comments?post=15549"}],"version-history":[{"count":20,"href":"https:\/\/mitjornmotorent.com\/de\/wp-json\/wp\/v2\/pages\/15549\/revisions"}],"predecessor-version":[{"id":17970,"href":"https:\/\/mitjornmotorent.com\/de\/wp-json\/wp\/v2\/pages\/15549\/revisions\/17970"}],"wp:attachment":[{"href":"https:\/\/mitjornmotorent.com\/de\/wp-json\/wp\/v2\/media?parent=15549"}],"curies":[{"name":"wp","href":"https:\/\/api.w.org\/{rel}","templated":true}]}}